{"version":"1.0","provider_name":"USMV","provider_url":"https:\/\/orsolinesmvarallo.org\/es","author_name":"admin","author_url":"https:\/\/orsolinesmvarallo.org\/es\/author\/admin\/","title":"\u201cLa tierra era caos, vac\u00edo y oscuridad. Dijo Dios: \u2018Haya luz\u2019, y hubo luz.\u201d (Gn. 1, 2-3) - OSMV","type":"rich","width":600,"height":338,"html":"<blockquote class=\"wp-embedded-content\" data-secret=\"oyrfHJwNlG\"><a href=\"https:\/\/orsolinesmvarallo.org\/es\/la-tierra-era-caos-y-oscuridad\/\">\u201cLa tierra era caos, vac\u00edo y oscuridad. Dijo Dios: \u2018Haya luz\u2019, y hubo luz.\u201d (Gn. 1, 2-3)<\/a><\/blockquote><iframe sandbox=\"allow-scripts\" security=\"restricted\" src=\"https:\/\/orsolinesmvarallo.org\/es\/la-tierra-era-caos-y-oscuridad\/embed\/#?secret=oyrfHJwNlG\" width=\"600\" height=\"338\" title=\"\u00ab\u201cLa tierra era caos, vac\u00edo y oscuridad. Dijo Dios: \u2018Haya luz\u2019, y hubo luz.\u201d (Gn. 1, 2-3)\u00bb \u2014 OSMV\" data-secret=\"oyrfHJwNlG\" frameborder=\"0\" marginwidth=\"0\" marginheight=\"0\" scrolling=\"no\" class=\"wp-embedded-content\"><\/iframe><script>\n\/*! This file is auto-generated *\/\n!function(d,l){\"use strict\";l.querySelector&&d.addEventListener&&\"undefined\"!=typeof URL&&(d.wp=d.wp||{},d.wp.receiveEmbedMessage||(d.wp.receiveEmbedMessage=function(e){var t=e.data;if((t||t.secret||t.message||t.value)&&!\/[^a-zA-Z0-9]\/.test(t.secret)){for(var s,r,n,a=l.querySelectorAll('iframe[data-secret=\"'+t.secret+'\"]'),o=l.querySelectorAll('blockquote[data-secret=\"'+t.secret+'\"]'),c=new RegExp(\"^https?:$\",\"i\"),i=0;i<o.length;i++)o[i].style.display=\"none\";for(i=0;i<a.length;i++)s=a[i],e.source===s.contentWindow&&(s.removeAttribute(\"style\"),\"height\"===t.message?(1e3<(r=parseInt(t.value,10))?r=1e3:~~r<200&&(r=200),s.height=r):\"link\"===t.message&&(r=new URL(s.getAttribute(\"src\")),n=new URL(t.value),c.test(n.protocol))&&n.host===r.host&&l.activeElement===s&&(d.top.location.href=t.value))}},d.addEventListener(\"message\",d.wp.receiveEmbedMessage,!1),l.addEventListener(\"DOMContentLoaded\",function(){for(var e,t,s=l.querySelectorAll(\"iframe.wp-embedded-content\"),r=0;r<s.length;r++)(t=(e=s[r]).getAttribute(\"data-secret\"))||(t=Math.random().toString(36).substring(2,12),e.src+=\"#?secret=\"+t,e.setAttribute(\"data-secret\",t)),e.contentWindow.postMessage({message:\"ready\",secret:t},\"*\")},!1)))}(window,document);\n<\/script>","description":"Mi vida tambi\u00e9n era oscuridad, pero un d\u00eda, a trav\u00e9s de la confesi\u00f3n, Dios la ilumin\u00f3. \u00a1Qu\u00e9 gran regalo es la confesi\u00f3n! Como dice la Madre Clotilde (ahora ya sab\u00e9is qui\u00e9n es):\u201c\u00a1Qu\u00e9 gran bien es la confesi\u00f3n! Sin ella me hubiera perdido\u2026 \u00a1Qu\u00e9 gran beneficio es, pues, la confesi\u00f3n! \u00a1Demos gracias a Dios para que..."}