{"version":"1.0","provider_name":"USMV","provider_url":"https:\/\/orsolinesmvarallo.org\/es","author_name":"Stephanie Chiu","author_url":"https:\/\/orsolinesmvarallo.org\/es\/author\/stephanie\/","title":"\"La Transfiguraci\u00f3n y nuestro camino hacia la Gloria\" - OSMV","type":"rich","width":600,"height":338,"html":"<blockquote class=\"wp-embedded-content\" data-secret=\"ZVB4K8Yh2K\"><a href=\"https:\/\/orsolinesmvarallo.org\/es\/la-transfiguracion-y-nuestro-camino-hacia-la-gloria\/\">&#8220;La Transfiguraci\u00f3n y nuestro camino hacia la Gloria&#8221;<\/a><\/blockquote><iframe sandbox=\"allow-scripts\" security=\"restricted\" src=\"https:\/\/orsolinesmvarallo.org\/es\/la-transfiguracion-y-nuestro-camino-hacia-la-gloria\/embed\/#?secret=ZVB4K8Yh2K\" width=\"600\" height=\"338\" title=\"\u00ab&#8220;La Transfiguraci\u00f3n y nuestro camino hacia la Gloria&#8221;\u00bb \u2014 OSMV\" data-secret=\"ZVB4K8Yh2K\" frameborder=\"0\" marginwidth=\"0\" marginheight=\"0\" scrolling=\"no\" class=\"wp-embedded-content\"><\/iframe><script>\n\/*! This file is auto-generated *\/\n!function(d,l){\"use strict\";l.querySelector&&d.addEventListener&&\"undefined\"!=typeof URL&&(d.wp=d.wp||{},d.wp.receiveEmbedMessage||(d.wp.receiveEmbedMessage=function(e){var t=e.data;if((t||t.secret||t.message||t.value)&&!\/[^a-zA-Z0-9]\/.test(t.secret)){for(var s,r,n,a=l.querySelectorAll('iframe[data-secret=\"'+t.secret+'\"]'),o=l.querySelectorAll('blockquote[data-secret=\"'+t.secret+'\"]'),c=new RegExp(\"^https?:$\",\"i\"),i=0;i<o.length;i++)o[i].style.display=\"none\";for(i=0;i<a.length;i++)s=a[i],e.source===s.contentWindow&&(s.removeAttribute(\"style\"),\"height\"===t.message?(1e3<(r=parseInt(t.value,10))?r=1e3:~~r<200&&(r=200),s.height=r):\"link\"===t.message&&(r=new URL(s.getAttribute(\"src\")),n=new URL(t.value),c.test(n.protocol))&&n.host===r.host&&l.activeElement===s&&(d.top.location.href=t.value))}},d.addEventListener(\"message\",d.wp.receiveEmbedMessage,!1),l.addEventListener(\"DOMContentLoaded\",function(){for(var e,t,s=l.querySelectorAll(\"iframe.wp-embedded-content\"),r=0;r<s.length;r++)(t=(e=s[r]).getAttribute(\"data-secret\"))||(t=Math.random().toString(36).substring(2,12),e.src+=\"#?secret=\"+t,e.setAttribute(\"data-secret\",t)),e.contentWindow.postMessage({message:\"ready\",secret:t},\"*\")},!1)))}(window,document);\n<\/script>","description":"&#8220;Este es mi Hijo, el Amado, escuchadlo.&#8221; (Marcos 9, 7) &#8220;Maestro, \u00a1qu\u00e9 bueno es que estemos aqu\u00ed!&#8221;. Qu\u00e9 bien se est\u00e1 en tu presencia, Se\u00f1or. Cu\u00e1ntos de nosotros hemos vivido esa experiencia de plenitud al entrar en la presencia del Se\u00f1or, de gozo inabarcable en el coraz\u00f3n al terminar unos ejercicios espirituales, una convivencia, un..."}