{"id":1258,"date":"2024-12-29T17:56:59","date_gmt":"2024-12-29T16:56:59","guid":{"rendered":"https:\/\/prueba2024.orsolinesmvarallo.org\/?page_id=1258"},"modified":"2025-03-22T15:29:32","modified_gmt":"2025-03-22T14:29:32","slug":"vita-fraterna","status":"publish","type":"page","link":"https:\/\/orsolinesmvarallo.org\/es\/vita-fraterna\/","title":{"rendered":"(nostra vita) Fraterna"},"content":{"rendered":"<div data-elementor-type=\"wp-page\" data-elementor-id=\"1258\" class=\"elementor elementor-1258\" data-elementor-post-type=\"page\">\n\t\t\t\t<div class=\"elementor-element elementor-element-3cd495b e-flex e-con-boxed e-con e-parent\" data-id=\"3cd495b\" data-element_type=\"container\" data-settings=\"{&quot;background_background&quot;:&quot;classic&quot;}\">\n\t\t\t\t\t<div class=\"e-con-inner\">\n\t\t\t\t\t<\/div>\n\t\t\t\t<\/div>\n\t\t<div class=\"elementor-element elementor-element-161890a e-flex e-con-boxed e-con e-parent\" data-id=\"161890a\" data-element_type=\"container\" data-settings=\"{&quot;background_background&quot;:&quot;classic&quot;}\">\n\t\t\t\t\t<div class=\"e-con-inner\">\n\t\t<div class=\"elementor-element elementor-element-85f96a7 e-con-full e-flex e-con e-child\" data-id=\"85f96a7\" data-element_type=\"container\">\n\t\t\t\t<div class=\"elementor-element elementor-element-03126e5 animated-slow elementor-invisible elementor-widget elementor-widget-heading\" data-id=\"03126e5\" data-element_type=\"widget\" data-settings=\"{&quot;_animation&quot;:&quot;fadeInUp&quot;}\" data-widget_type=\"heading.default\">\n\t\t\t\t<div class=\"elementor-widget-container\">\n\t\t\t\t\t<h2 class=\"elementor-heading-title elementor-size-default\">Comuni\u00f3n de vida<\/h2>\t\t\t\t<\/div>\n\t\t\t\t<\/div>\n\t\t\t\t<\/div>\n\t\t\t\t\t<\/div>\n\t\t\t\t<\/div>\n\t\t<div class=\"elementor-element elementor-element-0ac8377 e-flex e-con-boxed e-con e-parent\" data-id=\"0ac8377\" data-element_type=\"container\" data-settings=\"{&quot;background_background&quot;:&quot;classic&quot;,&quot;shape_divider_bottom&quot;:&quot;wave-brush&quot;}\">\n\t\t\t\t\t<div class=\"e-con-inner\">\n\t\t\t\t<div class=\"elementor-shape elementor-shape-bottom\" data-negative=\"false\">\n\t\t\t<svg xmlns=\"http:\/\/www.w3.org\/2000\/svg\" viewbox=\"0 0 283.5 27.8\" preserveaspectratio=\"none\">\n\t<path class=\"elementor-shape-fill\" d=\"M283.5,9.7c0,0-7.3,4.3-14,4.6c-6.8,0.3-12.6,0-20.9-1.5c-11.3-2-33.1-10.1-44.7-5.7\ts-12.1,4.6-18,7.4c-6.6,3.2-20,9.6-36.6,9.3C131.6,23.5,99.5,7.2,86.3,8c-1.4,0.1-6.6,0.8-10.5,2c-3.8,1.2-9.4,3.8-17,4.7\tc-3.2,0.4-8.3,1.1-14.2,0.9c-1.5-0.1-6.3-0.4-12-1.6c-5.7-1.2-11-3.1-15.8-3.7C6.5,9.2,0,10.8,0,10.8V0h283.5V9.7z M260.8,11.3\tc-0.7-1-2-0.4-4.3-0.4c-2.3,0-6.1-1.2-5.8-1.1c0.3,0.1,3.1,1.5,6,1.9C259.7,12.2,261.4,12.3,260.8,11.3z M242.4,8.6\tc0,0-2.4-0.2-5.6-0.9c-3.2-0.8-10.3-2.8-15.1-3.5c-8.2-1.1-15.8,0-15.1,0.1c0.8,0.1,9.6-0.6,17.6,1.1c3.3,0.7,9.3,2.2,12.4,2.7\tC239.9,8.7,242.4,8.6,242.4,8.6z M185.2,8.5c1.7-0.7-13.3,4.7-18.5,6.1c-2.1,0.6-6.2,1.6-10,2c-3.9,0.4-8.9,0.4-8.8,0.5\tc0,0.2,5.8,0.8,11.2,0c5.4-0.8,5.2-1.1,7.6-1.6C170.5,14.7,183.5,9.2,185.2,8.5z M199.1,6.9c0.2,0-0.8-0.4-4.8,1.1\tc-4,1.5-6.7,3.5-6.9,3.7c-0.2,0.1,3.5-1.8,6.6-3C197,7.5,199,6.9,199.1,6.9z M283,6c-0.1,0.1-1.9,1.1-4.8,2.5s-6.9,2.8-6.7,2.7\tc0.2,0,3.5-0.6,7.4-2.5C282.8,6.8,283.1,5.9,283,6z M31.3,11.6c0.1-0.2-1.9-0.2-4.5-1.2s-5.4-1.6-7.8-2C15,7.6,7.3,8.5,7.7,8.6\tC8,8.7,15.9,8.3,20.2,9.3c2.2,0.5,2.4,0.5,5.7,1.6S31.2,11.9,31.3,11.6z M73,9.2c0.4-0.1,3.5-1.6,8.4-2.6c4.9-1.1,8.9-0.5,8.9-0.8\tc0-0.3-1-0.9-6.2-0.3S72.6,9.3,73,9.2z M71.6,6.7C71.8,6.8,75,5.4,77.3,5c2.3-0.3,1.9-0.5,1.9-0.6c0-0.1-1.1-0.2-2.7,0.2\tC74.8,5.1,71.4,6.6,71.6,6.7z M93.6,4.4c0.1,0.2,3.5,0.8,5.6,1.8c2.1,1,1.8,0.6,1.9,0.5c0.1-0.1-0.8-0.8-2.4-1.3\tC97.1,4.8,93.5,4.2,93.6,4.4z M65.4,11.1c-0.1,0.3,0.3,0.5,1.9-0.2s2.6-1.3,2.2-1.2s-0.9,0.4-2.5,0.8C65.3,10.9,65.5,10.8,65.4,11.1\tz M34.5,12.4c-0.2,0,2.1,0.8,3.3,0.9c1.2,0.1,2,0.1,2-0.2c0-0.3-0.1-0.5-1.6-0.4C36.6,12.8,34.7,12.4,34.5,12.4z M152.2,21.1\tc-0.1,0.1-2.4-0.3-7.5-0.3c-5,0-13.6-2.4-17.2-3.5c-3.6-1.1,10,3.9,16.5,4.1C150.5,21.6,152.3,21,152.2,21.1z\"\/>\n\t<path class=\"elementor-shape-fill\" d=\"M269.6,18c-0.1-0.1-4.6,0.3-7.2,0c-7.3-0.7-17-3.2-16.6-2.9c0.4,0.3,13.7,3.1,17,3.3\tC267.7,18.8,269.7,18,269.6,18z\"\/>\n\t<path class=\"elementor-shape-fill\" d=\"M227.4,9.8c-0.2-0.1-4.5-1-9.5-1.2c-5-0.2-12.7,0.6-12.3,0.5c0.3-0.1,5.9-1.8,13.3-1.2\tS227.6,9.9,227.4,9.8z\"\/>\n\t<path class=\"elementor-shape-fill\" d=\"M204.5,13.4c-0.1-0.1,2-1,3.2-1.1c1.2-0.1,2,0,2,0.3c0,0.3-0.1,0.5-1.6,0.4\tC206.4,12.9,204.6,13.5,204.5,13.4z\"\/>\n\t<path class=\"elementor-shape-fill\" d=\"M201,10.6c0-0.1-4.4,1.2-6.3,2.2c-1.9,0.9-6.2,3.1-6.1,3.1c0.1,0.1,4.2-1.6,6.3-2.6\tS201,10.7,201,10.6z\"\/>\n\t<path class=\"elementor-shape-fill\" d=\"M154.5,26.7c-0.1-0.1-4.6,0.3-7.2,0c-7.3-0.7-17-3.2-16.6-2.9c0.4,0.3,13.7,3.1,17,3.3\tC152.6,27.5,154.6,26.8,154.5,26.7z\"\/>\n\t<path class=\"elementor-shape-fill\" d=\"M41.9,19.3c0,0,1.2-0.3,2.9-0.1c1.7,0.2,5.8,0.9,8.2,0.7c4.2-0.4,7.4-2.7,7-2.6\tc-0.4,0-4.3,2.2-8.6,1.9c-1.8-0.1-5.1-0.5-6.7-0.4S41.9,19.3,41.9,19.3z\"\/>\n\t<path class=\"elementor-shape-fill\" d=\"M75.5,12.6c0.2,0.1,2-0.8,4.3-1.1c2.3-0.2,2.1-0.3,2.1-0.5c0-0.1-1.8-0.4-3.4,0\tC76.9,11.5,75.3,12.5,75.5,12.6z\"\/>\n\t<path class=\"elementor-shape-fill\" d=\"M15.6,13.2c0-0.1,4.3,0,6.7,0.5c2.4,0.5,5,1.9,5,2c0,0.1-2.7-0.8-5.1-1.4\tC19.9,13.7,15.7,13.3,15.6,13.2z\"\/>\n<\/svg>\t\t<\/div>\n\t\t<div class=\"elementor-element elementor-element-6b14515 e-con-full e-flex e-con e-child\" data-id=\"6b14515\" data-element_type=\"container\">\n\t\t\t\t<div class=\"elementor-element elementor-element-5966522 elementor-widget__width-initial elementor-invisible elementor-widget elementor-widget-image\" data-id=\"5966522\" data-element_type=\"widget\" data-settings=\"{&quot;_animation&quot;:&quot;fadeInDown&quot;}\" data-widget_type=\"image.default\">\n\t\t\t\t<div class=\"elementor-widget-container\">\n\t\t\t\t\t\t\t\t\t\t\t\t\t\t\t<img fetchpriority=\"high\" decoding=\"async\" width=\"747\" height=\"1024\" src=\"https:\/\/orsolinesmvarallo.org\/wp-content\/uploads\/2025\/03\/IMG_5215-e1741163454694-747x1024.png\" class=\"attachment-large size-large wp-image-5423\" alt=\"\" srcset=\"https:\/\/orsolinesmvarallo.org\/wp-content\/uploads\/2025\/03\/IMG_5215-e1741163454694-747x1024.png 747w, https:\/\/orsolinesmvarallo.org\/wp-content\/uploads\/2025\/03\/IMG_5215-e1741163454694-219x300.png 219w, https:\/\/orsolinesmvarallo.org\/wp-content\/uploads\/2025\/03\/IMG_5215-e1741163454694-768x1053.png 768w, https:\/\/orsolinesmvarallo.org\/wp-content\/uploads\/2025\/03\/IMG_5215-e1741163454694-1121x1536.png 1121w, https:\/\/orsolinesmvarallo.org\/wp-content\/uploads\/2025\/03\/IMG_5215-e1741163454694-1494x2048.png 1494w, https:\/\/orsolinesmvarallo.org\/wp-content\/uploads\/2025\/03\/IMG_5215-e1741163454694-9x12.png 9w, https:\/\/orsolinesmvarallo.org\/wp-content\/uploads\/2025\/03\/IMG_5215-e1741163454694-600x822.png 600w, https:\/\/orsolinesmvarallo.org\/wp-content\/uploads\/2025\/03\/IMG_5215-e1741163454694.png 1525w\" sizes=\"(max-width: 747px) 100vw, 747px\" \/>\t\t\t\t\t\t\t\t\t\t\t\t\t\t\t<\/div>\n\t\t\t\t<\/div>\n\t\t\t\t<\/div>\n\t\t<div class=\"elementor-element elementor-element-853c4bc e-con-full e-flex e-con e-child\" data-id=\"853c4bc\" data-element_type=\"container\">\n\t\t\t\t<div class=\"elementor-element elementor-element-bfa356f animated-slow elementor-widget__width-initial elementor-invisible elementor-widget elementor-widget-heading\" data-id=\"bfa356f\" data-element_type=\"widget\" data-settings=\"{&quot;_animation&quot;:&quot;fadeInUp&quot;,&quot;_animation_delay&quot;:200}\" data-widget_type=\"heading.default\">\n\t\t\t\t<div class=\"elementor-widget-container\">\n\t\t\t\t\t<p class=\"elementor-heading-title elementor-size-default\">La comuni\u00f3n se realiza en la comunidad. <br>Del amor de Dios procede la unidad del Esp\u00edritu;\nde la gracia de Jes\u00fas, el v\u00ednculo de la paz; <br>de la acci\u00f3n del Esp\u00edritu, la comuni\u00f3n de amor necesaria para quienes viven en comunidad.<\/p>\t\t\t\t<\/div>\n\t\t\t\t<\/div>\n\t\t\t\t<\/div>\n\t\t\t\t\t<\/div>\n\t\t\t\t<\/div>\n\t\t<div class=\"elementor-element elementor-element-3f15bd4 e-flex e-con-boxed e-con e-parent\" data-id=\"3f15bd4\" data-element_type=\"container\">\n\t\t\t\t\t<div class=\"e-con-inner\">\n\t\t\t\t<div class=\"elementor-element elementor-element-adf002b elementor-invisible elementor-widget elementor-widget-heading\" data-id=\"adf002b\" data-element_type=\"widget\" data-settings=\"{&quot;_animation&quot;:&quot;fadeInDown&quot;}\" data-widget_type=\"heading.default\">\n\t\t\t\t<div class=\"elementor-widget-container\">\n\t\t\t\t\t<h2 class=\"elementor-heading-title elementor-size-default\">Momentos de fraternidad<\/h2>\t\t\t\t<\/div>\n\t\t\t\t<\/div>\n\t\t\t\t\t<\/div>\n\t\t\t\t<\/div>\n\t\t<div class=\"elementor-element elementor-element-32bc9ba e-con-full e-flex e-con e-parent\" data-id=\"32bc9ba\" data-element_type=\"container\">\n\t\t\t\t<div class=\"elementor-element elementor-element-5a2a16a animated-slow elementor-widget__width-initial elementor-invisible elementor-widget elementor-widget-text-editor\" data-id=\"5a2a16a\" data-element_type=\"widget\" data-settings=\"{&quot;_animation&quot;:&quot;fadeInUp&quot;,&quot;_animation_delay&quot;:200}\" data-widget_type=\"text-editor.default\">\n\t\t\t\t<div class=\"elementor-widget-container\">\n\t\t\t\t\t\t\t\t\t<ul><li><strong>Encuentros<\/strong> para\u00a0<strong>compartir experiencias de vida <\/strong>y <strong>la Palabra de Dios<\/strong>.<\/li><li class=\"translation-block\">El trabajo diario, realizado con un <strong>esp\u00edritu de colaboraci\u00f3n y solidaridad<\/strong>, fortalece la unidad de la comunidad y representa una oportunidad <strong>para expresar gratitud y alegr\u00eda juntas<\/strong>.<\/li><li class=\"translation-block\">Compartir la comida. <strong>Sentarnos juntas a la mesa<\/strong> no es s\u00f3lo un acto de nutrici\u00f3n f\u00edsica, sino tambi\u00e9n una oportunidad para <strong>dialogar<\/strong> y fortalecer la relaci\u00f3n.<\/li><li class=\"translation-block\">Aniversarios, cumplea\u00f1os, peregrinaciones, viajes, paseos, celebraciones, etc\u2026 <strong>Son momentos que contribuyen a crear un ambiente sereno y familiar.<\/strong><\/li><\/ul><p data-start=\"0\" data-end=\"80\">\u00a0<\/p>\t\t\t\t\t\t\t\t<\/div>\n\t\t\t\t<\/div>\n\t\t\t\t<\/div>\n\t\t<div class=\"elementor-element elementor-element-593713f e-flex e-con-boxed e-con e-parent\" data-id=\"593713f\" data-element_type=\"container\" data-settings=\"{&quot;background_background&quot;:&quot;classic&quot;}\">\n\t\t\t\t\t<div class=\"e-con-inner\">\n\t\t\t\t\t<\/div>\n\t\t\t\t<\/div>\n\t\t<div class=\"elementor-element elementor-element-9468738 e-flex e-con-boxed e-con e-parent\" data-id=\"9468738\" data-element_type=\"container\" data-settings=\"{&quot;background_background&quot;:&quot;classic&quot;,&quot;shape_divider_top&quot;:&quot;wave-brush&quot;}\">\n\t\t\t\t\t<div class=\"e-con-inner\">\n\t\t\t\t<div class=\"elementor-shape elementor-shape-top\" data-negative=\"false\">\n\t\t\t<svg xmlns=\"http:\/\/www.w3.org\/2000\/svg\" viewbox=\"0 0 283.5 27.8\" preserveaspectratio=\"none\">\n\t<path class=\"elementor-shape-fill\" d=\"M283.5,9.7c0,0-7.3,4.3-14,4.6c-6.8,0.3-12.6,0-20.9-1.5c-11.3-2-33.1-10.1-44.7-5.7\ts-12.1,4.6-18,7.4c-6.6,3.2-20,9.6-36.6,9.3C131.6,23.5,99.5,7.2,86.3,8c-1.4,0.1-6.6,0.8-10.5,2c-3.8,1.2-9.4,3.8-17,4.7\tc-3.2,0.4-8.3,1.1-14.2,0.9c-1.5-0.1-6.3-0.4-12-1.6c-5.7-1.2-11-3.1-15.8-3.7C6.5,9.2,0,10.8,0,10.8V0h283.5V9.7z M260.8,11.3\tc-0.7-1-2-0.4-4.3-0.4c-2.3,0-6.1-1.2-5.8-1.1c0.3,0.1,3.1,1.5,6,1.9C259.7,12.2,261.4,12.3,260.8,11.3z M242.4,8.6\tc0,0-2.4-0.2-5.6-0.9c-3.2-0.8-10.3-2.8-15.1-3.5c-8.2-1.1-15.8,0-15.1,0.1c0.8,0.1,9.6-0.6,17.6,1.1c3.3,0.7,9.3,2.2,12.4,2.7\tC239.9,8.7,242.4,8.6,242.4,8.6z M185.2,8.5c1.7-0.7-13.3,4.7-18.5,6.1c-2.1,0.6-6.2,1.6-10,2c-3.9,0.4-8.9,0.4-8.8,0.5\tc0,0.2,5.8,0.8,11.2,0c5.4-0.8,5.2-1.1,7.6-1.6C170.5,14.7,183.5,9.2,185.2,8.5z M199.1,6.9c0.2,0-0.8-0.4-4.8,1.1\tc-4,1.5-6.7,3.5-6.9,3.7c-0.2,0.1,3.5-1.8,6.6-3C197,7.5,199,6.9,199.1,6.9z M283,6c-0.1,0.1-1.9,1.1-4.8,2.5s-6.9,2.8-6.7,2.7\tc0.2,0,3.5-0.6,7.4-2.5C282.8,6.8,283.1,5.9,283,6z M31.3,11.6c0.1-0.2-1.9-0.2-4.5-1.2s-5.4-1.6-7.8-2C15,7.6,7.3,8.5,7.7,8.6\tC8,8.7,15.9,8.3,20.2,9.3c2.2,0.5,2.4,0.5,5.7,1.6S31.2,11.9,31.3,11.6z M73,9.2c0.4-0.1,3.5-1.6,8.4-2.6c4.9-1.1,8.9-0.5,8.9-0.8\tc0-0.3-1-0.9-6.2-0.3S72.6,9.3,73,9.2z M71.6,6.7C71.8,6.8,75,5.4,77.3,5c2.3-0.3,1.9-0.5,1.9-0.6c0-0.1-1.1-0.2-2.7,0.2\tC74.8,5.1,71.4,6.6,71.6,6.7z M93.6,4.4c0.1,0.2,3.5,0.8,5.6,1.8c2.1,1,1.8,0.6,1.9,0.5c0.1-0.1-0.8-0.8-2.4-1.3\tC97.1,4.8,93.5,4.2,93.6,4.4z M65.4,11.1c-0.1,0.3,0.3,0.5,1.9-0.2s2.6-1.3,2.2-1.2s-0.9,0.4-2.5,0.8C65.3,10.9,65.5,10.8,65.4,11.1\tz M34.5,12.4c-0.2,0,2.1,0.8,3.3,0.9c1.2,0.1,2,0.1,2-0.2c0-0.3-0.1-0.5-1.6-0.4C36.6,12.8,34.7,12.4,34.5,12.4z M152.2,21.1\tc-0.1,0.1-2.4-0.3-7.5-0.3c-5,0-13.6-2.4-17.2-3.5c-3.6-1.1,10,3.9,16.5,4.1C150.5,21.6,152.3,21,152.2,21.1z\"\/>\n\t<path class=\"elementor-shape-fill\" d=\"M269.6,18c-0.1-0.1-4.6,0.3-7.2,0c-7.3-0.7-17-3.2-16.6-2.9c0.4,0.3,13.7,3.1,17,3.3\tC267.7,18.8,269.7,18,269.6,18z\"\/>\n\t<path class=\"elementor-shape-fill\" d=\"M227.4,9.8c-0.2-0.1-4.5-1-9.5-1.2c-5-0.2-12.7,0.6-12.3,0.5c0.3-0.1,5.9-1.8,13.3-1.2\tS227.6,9.9,227.4,9.8z\"\/>\n\t<path class=\"elementor-shape-fill\" d=\"M204.5,13.4c-0.1-0.1,2-1,3.2-1.1c1.2-0.1,2,0,2,0.3c0,0.3-0.1,0.5-1.6,0.4\tC206.4,12.9,204.6,13.5,204.5,13.4z\"\/>\n\t<path class=\"elementor-shape-fill\" d=\"M201,10.6c0-0.1-4.4,1.2-6.3,2.2c-1.9,0.9-6.2,3.1-6.1,3.1c0.1,0.1,4.2-1.6,6.3-2.6\tS201,10.7,201,10.6z\"\/>\n\t<path class=\"elementor-shape-fill\" d=\"M154.5,26.7c-0.1-0.1-4.6,0.3-7.2,0c-7.3-0.7-17-3.2-16.6-2.9c0.4,0.3,13.7,3.1,17,3.3\tC152.6,27.5,154.6,26.8,154.5,26.7z\"\/>\n\t<path class=\"elementor-shape-fill\" d=\"M41.9,19.3c0,0,1.2-0.3,2.9-0.1c1.7,0.2,5.8,0.9,8.2,0.7c4.2-0.4,7.4-2.7,7-2.6\tc-0.4,0-4.3,2.2-8.6,1.9c-1.8-0.1-5.1-0.5-6.7-0.4S41.9,19.3,41.9,19.3z\"\/>\n\t<path class=\"elementor-shape-fill\" d=\"M75.5,12.6c0.2,0.1,2-0.8,4.3-1.1c2.3-0.2,2.1-0.3,2.1-0.5c0-0.1-1.8-0.4-3.4,0\tC76.9,11.5,75.3,12.5,75.5,12.6z\"\/>\n\t<path class=\"elementor-shape-fill\" d=\"M15.6,13.2c0-0.1,4.3,0,6.7,0.5c2.4,0.5,5,1.9,5,2c0,0.1-2.7-0.8-5.1-1.4\tC19.9,13.7,15.7,13.3,15.6,13.2z\"\/>\n<\/svg>\t\t<\/div>\n\t\t\t\t<div class=\"elementor-element elementor-element-0b662e2 elementor-widget elementor-widget-eael-fancy-text\" data-id=\"0b662e2\" data-element_type=\"widget\" data-widget_type=\"eael-fancy-text.default\">\n\t\t\t\t<div class=\"elementor-widget-container\">\n\t\t\t\t\t\n\t<div  class=\"eael-fancy-text-container style-1\" data-fancy-text-id=\"0b662e2\" data-fancy-text=\"|ricrearvi,\" data-fancy-text-transition-type=\"typing\" data-fancy-text-speed=\"50\" data-fancy-text-delay=\"2500\" data-fancy-text-cursor=\"\" data-fancy-text-loop=\"\" >\n\t\t\t\t\t<span class=\"eael-fancy-text-prefix\">\"Si no sab\u00e9is  <\/span>\n\t\t\n\t\t\n\t\t\t\t\t<span id=\"eael-fancy-text-0b662e2\" class=\"eael-fancy-text-strings solid-color\">\n\t\t\t\t<noscript>\n\t\t\t\t\tricrearvi\t\t\t\t<\/noscript>\n\t\t\t<\/span>\n\t\t\n\t\t\t\t\t<span class=\"eael-fancy-text-suffix\">  no ser\u00e9is verdaderas religiosas\".<\/span>\n\t\t\t<\/div><!-- close .eael-fancy-text-container -->\n\n\t<div class=\"clearfix\"><\/div>\n\n\t\t\t\t\t<\/div>\n\t\t\t\t<\/div>\n\t\t\t\t\t<\/div>\n\t\t\t\t<\/div>\n\t\t<div class=\"elementor-element elementor-element-8e9aa8f e-flex e-con-boxed e-con e-parent\" data-id=\"8e9aa8f\" data-element_type=\"container\" data-settings=\"{&quot;background_background&quot;:&quot;classic&quot;}\">\n\t\t\t\t\t<div class=\"e-con-inner\">\n\t\t\t\t\t<\/div>\n\t\t\t\t<\/div>\n\t\t\t\t<\/div>","protected":false},"excerpt":{"rendered":"<p>Comunione di vita La comunione si concretizza nella comunit\u00e0. Dalla carit\u00e0 di Dio procede l&#8217;unit\u00e0 dello Spirito; dalla grazia di Ges\u00f9, il vincolo della pace; dalla comunicazione dello Spirito quella comunione d&#8217;amore necesaria a quelli che vivono in comunione. Momenti di fraternit\u00e0 Incontri per\u00a0raccontare esperienze di vita e per condividere la Parola di Dio. Il&#8230;<\/p>","protected":false},"author":1,"featured_media":0,"parent":0,"menu_order":0,"comment_status":"closed","ping_status":"closed","template":"elementor_header_footer","meta":{"_eb_attr":"","_kadence_starter_templates_imported_post":false,"_kad_post_transparent":"","_kad_post_title":"hide","_kad_post_layout":"fullwidth","_kad_post_sidebar_id":"","_kad_post_content_style":"unboxed","_kad_post_vertical_padding":"hide","_kad_post_feature":"hide","_kad_post_feature_position":"","_kad_post_header":false,"_kad_post_footer":false,"footnotes":""},"class_list":["post-1258","page","type-page","status-publish","hentry"],"yoast_head":"<!-- This site is optimized with the Yoast SEO plugin v24.8.1 - https:\/\/yoast.com\/wordpress\/plugins\/seo\/ -->\n<title>(nostra vita) Fraterna - OSMV<\/title>\n<meta name=\"robots\" content=\"index, follow, max-snippet:-1, max-image-preview:large, max-video-preview:-1\" \/>\n<link rel=\"canonical\" href=\"https:\/\/orsolinesmvarallo.org\/es\/vita-fraterna\/\" \/>\n<meta property=\"og:locale\" content=\"es_ES\" \/>\n<meta property=\"og:type\" content=\"article\" \/>\n<meta property=\"og:title\" content=\"(nostra vita) Fraterna - OSMV\" \/>\n<meta property=\"og:description\" content=\"Comunione di vita La comunione si concretizza nella comunit\u00e0. Dalla carit\u00e0 di Dio procede l&#8217;unit\u00e0 dello Spirito; dalla grazia di Ges\u00f9, il vincolo della pace; dalla comunicazione dello Spirito quella comunione d&#8217;amore necesaria a quelli che vivono in comunione. Momenti di fraternit\u00e0 Incontri per\u00a0raccontare esperienze di vita e per condividere la Parola di Dio. Il...\" \/>\n<meta property=\"og:url\" content=\"https:\/\/orsolinesmvarallo.org\/es\/vita-fraterna\/\" \/>\n<meta property=\"og:site_name\" content=\"OSMV\" \/>\n<meta property=\"article:modified_time\" content=\"2025-03-22T14:29:32+00:00\" \/>\n<meta property=\"og:image\" content=\"https:\/\/orsolinesmvarallo.org\/wp-content\/uploads\/2025\/03\/IMG_5215-e1741163454694-747x1024.png\" \/>\n<meta name=\"twitter:card\" content=\"summary_large_image\" \/>\n<meta name=\"twitter:label1\" content=\"Tiempo de lectura\" \/>\n\t<meta name=\"twitter:data1\" content=\"1 minuto\" \/>\n<script type=\"application\/ld+json\" class=\"yoast-schema-graph\">{\"@context\":\"https:\/\/schema.org\",\"@graph\":[{\"@type\":\"WebPage\",\"@id\":\"https:\/\/orsolinesmvarallo.org\/vita-fraterna\/\",\"url\":\"https:\/\/orsolinesmvarallo.org\/vita-fraterna\/\",\"name\":\"(nostra vita) Fraterna - OSMV\",\"isPartOf\":{\"@id\":\"https:\/\/orsolinesmvarallo.org\/es\/#website\"},\"primaryImageOfPage\":{\"@id\":\"https:\/\/orsolinesmvarallo.org\/vita-fraterna\/#primaryimage\"},\"image\":{\"@id\":\"https:\/\/orsolinesmvarallo.org\/vita-fraterna\/#primaryimage\"},\"thumbnailUrl\":\"https:\/\/orsolinesmvarallo.org\/wp-content\/uploads\/2025\/03\/IMG_5215-e1741163454694-747x1024.png\",\"datePublished\":\"2024-12-29T16:56:59+00:00\",\"dateModified\":\"2025-03-22T14:29:32+00:00\",\"breadcrumb\":{\"@id\":\"https:\/\/orsolinesmvarallo.org\/vita-fraterna\/#breadcrumb\"},\"inLanguage\":\"es\",\"potentialAction\":[{\"@type\":\"ReadAction\",\"target\":[\"https:\/\/orsolinesmvarallo.org\/vita-fraterna\/\"]}]},{\"@type\":\"ImageObject\",\"inLanguage\":\"es\",\"@id\":\"https:\/\/orsolinesmvarallo.org\/vita-fraterna\/#primaryimage\",\"url\":\"https:\/\/orsolinesmvarallo.org\/wp-content\/uploads\/2025\/03\/IMG_5215-e1741163454694-747x1024.png\",\"contentUrl\":\"https:\/\/orsolinesmvarallo.org\/wp-content\/uploads\/2025\/03\/IMG_5215-e1741163454694-747x1024.png\"},{\"@type\":\"BreadcrumbList\",\"@id\":\"https:\/\/orsolinesmvarallo.org\/vita-fraterna\/#breadcrumb\",\"itemListElement\":[{\"@type\":\"ListItem\",\"position\":1,\"name\":\"Portada\",\"item\":\"https:\/\/orsolinesmvarallo.org\/\"},{\"@type\":\"ListItem\",\"position\":2,\"name\":\"(nostra vita) Fraterna\"}]},{\"@type\":\"WebSite\",\"@id\":\"https:\/\/orsolinesmvarallo.org\/es\/#website\",\"url\":\"https:\/\/orsolinesmvarallo.org\/es\/\",\"name\":\"OSMV\",\"description\":\"Suore Orsoline Sacro Monte di Varallo\",\"publisher\":{\"@id\":\"https:\/\/orsolinesmvarallo.org\/es\/#organization\"},\"potentialAction\":[{\"@type\":\"SearchAction\",\"target\":{\"@type\":\"EntryPoint\",\"urlTemplate\":\"https:\/\/orsolinesmvarallo.org\/es\/?s={search_term_string}\"},\"query-input\":{\"@type\":\"PropertyValueSpecification\",\"valueRequired\":true,\"valueName\":\"search_term_string\"}}],\"inLanguage\":\"es\"},{\"@type\":\"Organization\",\"@id\":\"https:\/\/orsolinesmvarallo.org\/es\/#organization\",\"name\":\"OSMV\",\"url\":\"https:\/\/orsolinesmvarallo.org\/es\/\",\"logo\":{\"@type\":\"ImageObject\",\"inLanguage\":\"es\",\"@id\":\"https:\/\/orsolinesmvarallo.org\/es\/#\/schema\/logo\/image\/\",\"url\":\"https:\/\/orsolinesmvarallo.org\/wp-content\/uploads\/2024\/12\/cropped-logoeuca-blanco.png\",\"contentUrl\":\"https:\/\/orsolinesmvarallo.org\/wp-content\/uploads\/2024\/12\/cropped-logoeuca-blanco.png\",\"width\":772,\"height\":742,\"caption\":\"OSMV\"},\"image\":{\"@id\":\"https:\/\/orsolinesmvarallo.org\/es\/#\/schema\/logo\/image\/\"}}]}<\/script>\n<!-- \/ Yoast SEO plugin. -->","yoast_head_json":{"title":"(nostra vita) Fraterna - OSMV","robots":{"index":"index","follow":"follow","max-snippet":"max-snippet:-1","max-image-preview":"max-image-preview:large","max-video-preview":"max-video-preview:-1"},"canonical":"https:\/\/orsolinesmvarallo.org\/es\/vita-fraterna\/","og_locale":"es_ES","og_type":"article","og_title":"(nostra vita) Fraterna - OSMV","og_description":"Comunione di vita La comunione si concretizza nella comunit\u00e0. Dalla carit\u00e0 di Dio procede l&#8217;unit\u00e0 dello Spirito; dalla grazia di Ges\u00f9, il vincolo della pace; dalla comunicazione dello Spirito quella comunione d&#8217;amore necesaria a quelli che vivono in comunione. Momenti di fraternit\u00e0 Incontri per\u00a0raccontare esperienze di vita e per condividere la Parola di Dio. Il...","og_url":"https:\/\/orsolinesmvarallo.org\/es\/vita-fraterna\/","og_site_name":"OSMV","article_modified_time":"2025-03-22T14:29:32+00:00","og_image":[{"url":"https:\/\/orsolinesmvarallo.org\/wp-content\/uploads\/2025\/03\/IMG_5215-e1741163454694-747x1024.png","type":"","width":"","height":""}],"twitter_card":"summary_large_image","twitter_misc":{"Tiempo de lectura":"1 minuto"},"schema":{"@context":"https:\/\/schema.org","@graph":[{"@type":"WebPage","@id":"https:\/\/orsolinesmvarallo.org\/vita-fraterna\/","url":"https:\/\/orsolinesmvarallo.org\/vita-fraterna\/","name":"(nostra vita) Fraterna - OSMV","isPartOf":{"@id":"https:\/\/orsolinesmvarallo.org\/es\/#website"},"primaryImageOfPage":{"@id":"https:\/\/orsolinesmvarallo.org\/vita-fraterna\/#primaryimage"},"image":{"@id":"https:\/\/orsolinesmvarallo.org\/vita-fraterna\/#primaryimage"},"thumbnailUrl":"https:\/\/orsolinesmvarallo.org\/wp-content\/uploads\/2025\/03\/IMG_5215-e1741163454694-747x1024.png","datePublished":"2024-12-29T16:56:59+00:00","dateModified":"2025-03-22T14:29:32+00:00","breadcrumb":{"@id":"https:\/\/orsolinesmvarallo.org\/vita-fraterna\/#breadcrumb"},"inLanguage":"es","potentialAction":[{"@type":"ReadAction","target":["https:\/\/orsolinesmvarallo.org\/vita-fraterna\/"]}]},{"@type":"ImageObject","inLanguage":"es","@id":"https:\/\/orsolinesmvarallo.org\/vita-fraterna\/#primaryimage","url":"https:\/\/orsolinesmvarallo.org\/wp-content\/uploads\/2025\/03\/IMG_5215-e1741163454694-747x1024.png","contentUrl":"https:\/\/orsolinesmvarallo.org\/wp-content\/uploads\/2025\/03\/IMG_5215-e1741163454694-747x1024.png"},{"@type":"BreadcrumbList","@id":"https:\/\/orsolinesmvarallo.org\/vita-fraterna\/#breadcrumb","itemListElement":[{"@type":"ListItem","position":1,"name":"Portada","item":"https:\/\/orsolinesmvarallo.org\/"},{"@type":"ListItem","position":2,"name":"(nostra vita) Fraterna"}]},{"@type":"WebSite","@id":"https:\/\/orsolinesmvarallo.org\/es\/#website","url":"https:\/\/orsolinesmvarallo.org\/es\/","name":"OSMV","description":"Suore Orsoline Sacro Monte di Varallo","publisher":{"@id":"https:\/\/orsolinesmvarallo.org\/es\/#organization"},"potentialAction":[{"@type":"SearchAction","target":{"@type":"EntryPoint","urlTemplate":"https:\/\/orsolinesmvarallo.org\/es\/?s={search_term_string}"},"query-input":{"@type":"PropertyValueSpecification","valueRequired":true,"valueName":"search_term_string"}}],"inLanguage":"es"},{"@type":"Organization","@id":"https:\/\/orsolinesmvarallo.org\/es\/#organization","name":"OSMV","url":"https:\/\/orsolinesmvarallo.org\/es\/","logo":{"@type":"ImageObject","inLanguage":"es","@id":"https:\/\/orsolinesmvarallo.org\/es\/#\/schema\/logo\/image\/","url":"https:\/\/orsolinesmvarallo.org\/wp-content\/uploads\/2024\/12\/cropped-logoeuca-blanco.png","contentUrl":"https:\/\/orsolinesmvarallo.org\/wp-content\/uploads\/2024\/12\/cropped-logoeuca-blanco.png","width":772,"height":742,"caption":"OSMV"},"image":{"@id":"https:\/\/orsolinesmvarallo.org\/es\/#\/schema\/logo\/image\/"}}]}},"_links":{"self":[{"href":"https:\/\/orsolinesmvarallo.org\/es\/wp-json\/wp\/v2\/pages\/1258","targetHints":{"allow":["GET"]}}],"collection":[{"href":"https:\/\/orsolinesmvarallo.org\/es\/wp-json\/wp\/v2\/pages"}],"about":[{"href":"https:\/\/orsolinesmvarallo.org\/es\/wp-json\/wp\/v2\/types\/page"}],"author":[{"embeddable":true,"href":"https:\/\/orsolinesmvarallo.org\/es\/wp-json\/wp\/v2\/users\/1"}],"replies":[{"embeddable":true,"href":"https:\/\/orsolinesmvarallo.org\/es\/wp-json\/wp\/v2\/comments?post=1258"}],"version-history":[{"count":467,"href":"https:\/\/orsolinesmvarallo.org\/es\/wp-json\/wp\/v2\/pages\/1258\/revisions"}],"predecessor-version":[{"id":6419,"href":"https:\/\/orsolinesmvarallo.org\/es\/wp-json\/wp\/v2\/pages\/1258\/revisions\/6419"}],"wp:attachment":[{"href":"https:\/\/orsolinesmvarallo.org\/es\/wp-json\/wp\/v2\/media?parent=1258"}],"curies":[{"name":"wp","href":"https:\/\/api.w.org\/{rel}","templated":true}]}}