{"id":1859,"date":"2025-01-01T21:14:49","date_gmt":"2025-01-01T20:14:49","guid":{"rendered":"https:\/\/prueba2024.orsolinesmvarallo.org\/?page_id=1859"},"modified":"2025-03-09T16:25:21","modified_gmt":"2025-03-09T15:25:21","slug":"preghiera","status":"publish","type":"page","link":"https:\/\/orsolinesmvarallo.org\/es\/preghiera\/","title":{"rendered":"(nostra vita) Preghiera"},"content":{"rendered":"<div data-elementor-type=\"wp-page\" data-elementor-id=\"1859\" class=\"elementor elementor-1859\" data-elementor-post-type=\"page\">\n\t\t\t\t<div class=\"elementor-element elementor-element-0196a9b e-flex e-con-boxed e-con e-parent\" data-id=\"0196a9b\" data-element_type=\"container\" data-settings=\"{&quot;background_background&quot;:&quot;gradient&quot;}\">\n\t\t\t\t\t<div class=\"e-con-inner\">\n\t\t<div class=\"elementor-element elementor-element-ec23660 e-con-full e-flex e-con e-child\" data-id=\"ec23660\" data-element_type=\"container\">\n\t\t\t\t<div class=\"elementor-element elementor-element-49f096a elementor-widget elementor-widget-spacer\" data-id=\"49f096a\" data-element_type=\"widget\" data-widget_type=\"spacer.default\">\n\t\t\t\t<div class=\"elementor-widget-container\">\n\t\t\t\t\t\t\t<div class=\"elementor-spacer\">\n\t\t\t<div class=\"elementor-spacer-inner\"><\/div>\n\t\t<\/div>\n\t\t\t\t\t\t<\/div>\n\t\t\t\t<\/div>\n\t\t\t\t<\/div>\n\t\t<div class=\"elementor-element elementor-element-ad568c8 e-con-full e-flex e-con e-child\" data-id=\"ad568c8\" data-element_type=\"container\">\n\t\t<div class=\"elementor-element elementor-element-7364b5c e-con-full e-flex e-con e-child\" data-id=\"7364b5c\" data-element_type=\"container\">\n\t\t<div class=\"elementor-element elementor-element-f4a91f6 e-con-full e-flex e-con e-child\" data-id=\"f4a91f6\" data-element_type=\"container\">\n\t\t\t\t<div class=\"elementor-element elementor-element-4dd3763 elementor-widget-mobile__width-initial elementor-invisible elementor-widget elementor-widget-heading\" data-id=\"4dd3763\" data-element_type=\"widget\" data-settings=\"{&quot;_animation&quot;:&quot;fadeInLeft&quot;}\" data-widget_type=\"heading.default\">\n\t\t\t\t<div class=\"elementor-widget-container\">\n\t\t\t\t\t<h2 class=\"elementor-heading-title elementor-size-default translation-block\">Jornada cotidiana de <br>oraci\u00f3n<\/h2>\t\t\t\t<\/div>\n\t\t\t\t<\/div>\n\t\t\t\t<\/div>\n\t\t\t\t<\/div>\n\t\t\t\t<\/div>\n\t\t<div class=\"elementor-element elementor-element-3adf28f e-con-full e-flex e-con e-child\" data-id=\"3adf28f\" data-element_type=\"container\">\n\t\t<div class=\"elementor-element elementor-element-222e1be e-con-full e-flex e-con e-child\" data-id=\"222e1be\" data-element_type=\"container\" data-settings=\"{&quot;background_background&quot;:&quot;classic&quot;}\">\n\t\t\t\t<div class=\"elementor-element elementor-element-c2f9fe2 elementor-widget__width-initial elementor-widget elementor-widget-eael-interactive-circle\" data-id=\"c2f9fe2\" data-element_type=\"widget\" data-widget_type=\"eael-interactive-circle.default\">\n\t\t\t\t<div class=\"elementor-widget-container\">\n\t\t\t\t\t        <div id=\"eael-interactive-circle-c2f9fe2\" class=\"eael-interactive-circle\" data-tabid=\"c2f9fe2\">\n\t\t\t                <div class=\"eael-circle-wrapper eael-interactive-circle-preset-1 eael-interactive-circle-event-hover eael-circle-responsive-view eael-interactive-circle-rotate\" data-appearance=\"eael-interactive-circle-animation-0\" data-autoplay=\"0\" data-autoplay-interval=\"2000\">\n                    <div class=\"eael-circle-info\" data-items=\"7\">\n                        <div class=\"eael-circle-inner\">\n\t\t\t\t\t\t\t                                <div class=\"eael-circle-item elementor-repeater-item-66c4e32\">\n                                    <div aria-controls=\"eael-interactive-1\" tabindex=\"0\" class=\"eael-circle-btn active\" id=\"eael-circle-item-1\">\n\t\t\t\t\t\t\t\t\t\t\n\t\t\t\t\t\t\t\t\t\t<!-- Start URL support -->\n\t\t\t\t\t\t\t\t\t\t\t\t\t\t\t\t\t\t\t\t\t<div class=\"eael-circle-btn-icon classic\">\n\t\t\t\t\t\t\t\t\t\t\t\t<div class=\"eael-circle-icon-inner\">\n\t\t\t\t\t\t\t\t\t\t\t\t\t<span class=\"eael-circle-btn-txt\">Eucarist\u00eda<\/span>\t\t\t\t\t\t\t\t\t\t\t\t<\/div>\n                                        \t<\/div>\n\t\t\t\t\t\t\t\t\t\t\t\t\t\t\t\t\t\t\t\t\t<!-- End URL support -->\n                                        \n                                    <\/div>\n                                    <div id=\"eael-interactive-1\" aria-labelledby=\"eael-circle-item-1\" class=\"eael-circle-btn-content eael-circle-item-1 active\">\n                                        <div class=\"eael-circle-content\">\n\t\t\t\t\t\t\t\t\t\t\t<p><strong>La Eucarist\u00eda es el coraz\u00f3n de nuestra jornada<\/strong>. Cada d\u00eda, unidas a Jes\u00fas, que <strong>ofrece y se ofrece <\/strong>por amor, vivimos nuestro esp\u00edritu sacerdotal, convirti\u00e9ndonos <strong>con \u00c9l, por \u00c9l y en \u00c9l<\/strong>, en \"sacerdotes\" y \"v\u00edctimas\".\n\nPresentamos al Padre, unidas al Hijo en la gracia del Esp\u00edritu Santo, nuestra vida como ofrenda de amor, transformando todo en un don.<\/p>                                        <\/div>\n                                    <\/div>\n                                <\/div>\n\n\t\t\t\t\t\t\t                                <div class=\"eael-circle-item elementor-repeater-item-a85fb37\">\n                                    <div aria-controls=\"eael-interactive-2\" tabindex=\"0\" class=\"eael-circle-btn\" id=\"eael-circle-item-2\">\n\t\t\t\t\t\t\t\t\t\t\n\t\t\t\t\t\t\t\t\t\t<!-- Start URL support -->\n\t\t\t\t\t\t\t\t\t\t\t\t\t\t\t\t\t\t\t\t\t<div class=\"eael-circle-btn-icon\">\n\t\t\t\t\t\t\t\t\t\t\t\t<div class=\"eael-circle-icon-inner\">\n\t\t\t\t\t\t\t\t\t\t\t\t\t<span class=\"eael-circle-btn-txt\">Liturgia de las horas<\/span>\t\t\t\t\t\t\t\t\t\t\t\t<\/div>\n                                        \t<\/div>\n\t\t\t\t\t\t\t\t\t\t\t\t\t\t\t\t\t\t\t\t\t<!-- End URL support -->\n                                        \n                                    <\/div>\n                                    <div id=\"eael-interactive-2\" aria-labelledby=\"eael-circle-item-2\" class=\"eael-circle-btn-content eael-circle-item-2\">\n                                        <div class=\"eael-circle-content\">\n\t\t\t\t\t\t\t\t\t\t\t<p>A trav\u00e9s de la Liturgia de las Horas, <strong>unimos nuestra voz<\/strong> a la de la Iglesia universal, <strong>alabando a Dios en los distintos momentos del d\u00eda.<\/strong> Con el canto de los salmos y la oraci\u00f3n, santificamos el tiempo y encomendamos el mundo a Su misericordia.<\/p>                                        <\/div>\n                                    <\/div>\n                                <\/div>\n\n\t\t\t\t\t\t\t                                <div class=\"eael-circle-item elementor-repeater-item-a02ff83\">\n                                    <div aria-controls=\"eael-interactive-3\" tabindex=\"0\" class=\"eael-circle-btn\" id=\"eael-circle-item-3\">\n\t\t\t\t\t\t\t\t\t\t\n\t\t\t\t\t\t\t\t\t\t<!-- Start URL support -->\n\t\t\t\t\t\t\t\t\t\t\t\t\t\t\t\t\t\t\t\t\t<div class=\"eael-circle-btn-icon\">\n\t\t\t\t\t\t\t\t\t\t\t\t<div class=\"eael-circle-icon-inner\">\n\t\t\t\t\t\t\t\t\t\t\t\t\t<span class=\"eael-circle-btn-txt\">Lectio divina<\/span>\t\t\t\t\t\t\t\t\t\t\t\t<\/div>\n                                        \t<\/div>\n\t\t\t\t\t\t\t\t\t\t\t\t\t\t\t\t\t\t\t\t\t<!-- End URL support -->\n                                        \n                                    <\/div>\n                                    <div id=\"eael-interactive-3\" aria-labelledby=\"eael-circle-item-3\" class=\"eael-circle-btn-content eael-circle-item-3\">\n                                        <div class=\"eael-circle-content\">\n\t\t\t\t\t\t\t\t\t\t\t<p><strong>\"Tu palabra me da vida.\"<\/strong> Sal 119, 50<\/p><p>La lectio divina es un momento privilegiado en el que <strong>escuchamos la Palabra de Dios con el coraz\u00f3n abierto<\/strong>, dejando que ilumine nuestra vida. Meditamos, oramos y contemplamos, permitiendo que la Palabra transforme nuestros corazones.<\/p>                                        <\/div>\n                                    <\/div>\n                                <\/div>\n\n\t\t\t\t\t\t\t                                <div class=\"eael-circle-item elementor-repeater-item-14953db\">\n                                    <div aria-controls=\"eael-interactive-4\" tabindex=\"0\" class=\"eael-circle-btn\" id=\"eael-circle-item-4\">\n\t\t\t\t\t\t\t\t\t\t\n\t\t\t\t\t\t\t\t\t\t<!-- Start URL support -->\n\t\t\t\t\t\t\t\t\t\t\t\t\t\t\t\t\t\t\t\t\t<div class=\"eael-circle-btn-icon\">\n\t\t\t\t\t\t\t\t\t\t\t\t<div class=\"eael-circle-icon-inner\">\n\t\t\t\t\t\t\t\t\t\t\t\t\t<span class=\"eael-circle-btn-txt\">Adoraci\u00f3n<\/span>\t\t\t\t\t\t\t\t\t\t\t\t<\/div>\n                                        \t<\/div>\n\t\t\t\t\t\t\t\t\t\t\t\t\t\t\t\t\t\t\t\t\t<!-- End URL support -->\n                                        \n                                    <\/div>\n                                    <div id=\"eael-interactive-4\" aria-labelledby=\"eael-circle-item-4\" class=\"eael-circle-btn-content eael-circle-item-4\">\n                                        <div class=\"eael-circle-content\">\n\t\t\t\t\t\t\t\t\t\t\t<p><strong data-start=\"77\" data-end=\"229\">\"Yo soy el pan vivo bajado del cielo.\"<\/strong> (Juan 6, 51)<\/p><p>La Adoraci\u00f3n Eucar\u00edstica es el momento de encuentro con <strong>Jes\u00fas vivo y presente<\/strong>, en el que podemos decirle con todo el coraz\u00f3n:<\/p><p><strong>\"Se\u00f1or, creo, espero y te amo.\"<\/strong><\/p>                                        <\/div>\n                                    <\/div>\n                                <\/div>\n\n\t\t\t\t\t\t\t                                <div class=\"eael-circle-item elementor-repeater-item-e7ea92b\">\n                                    <div aria-controls=\"eael-interactive-5\" tabindex=\"0\" class=\"eael-circle-btn\" id=\"eael-circle-item-5\">\n\t\t\t\t\t\t\t\t\t\t\n\t\t\t\t\t\t\t\t\t\t<!-- Start URL support -->\n\t\t\t\t\t\t\t\t\t\t\t\t\t\t\t\t\t\t\t\t\t<div class=\"eael-circle-btn-icon\">\n\t\t\t\t\t\t\t\t\t\t\t\t<div class=\"eael-circle-icon-inner\">\n\t\t\t\t\t\t\t\t\t\t\t\t\t<span class=\"eael-circle-btn-txt\">Rosario<\/span>\t\t\t\t\t\t\t\t\t\t\t\t<\/div>\n                                        \t<\/div>\n\t\t\t\t\t\t\t\t\t\t\t\t\t\t\t\t\t\t\t\t\t<!-- End URL support -->\n                                        \n                                    <\/div>\n                                    <div id=\"eael-interactive-5\" aria-labelledby=\"eael-circle-item-5\" class=\"eael-circle-btn-content eael-circle-item-5\">\n                                        <div class=\"eael-circle-content\">\n\t\t\t\t\t\t\t\t\t\t\t<p>\u00a0<\/p><p>Con la oraci\u00f3n del Santo Rosario, <strong>meditamos y contemplamos los misterios de la vida de Cristo<\/strong> <strong>y de Mar\u00eda<\/strong>. Esta oraci\u00f3n sencilla y profunda nos ayuda a caminar de la mano de Mar\u00eda, contemplando el amor salvador de Dios.<\/p><p><strong>\u00a1Madre m\u00eda, confianza m\u00eda!<\/strong><\/p>                                        <\/div>\n                                    <\/div>\n                                <\/div>\n\n\t\t\t\t\t\t\t                                <div class=\"eael-circle-item elementor-repeater-item-5be4ed5\">\n                                    <div aria-controls=\"eael-interactive-6\" tabindex=\"0\" class=\"eael-circle-btn\" id=\"eael-circle-item-6\">\n\t\t\t\t\t\t\t\t\t\t\n\t\t\t\t\t\t\t\t\t\t<!-- Start URL support -->\n\t\t\t\t\t\t\t\t\t\t\t\t\t\t\t\t\t\t\t\t\t<div class=\"eael-circle-btn-icon\">\n\t\t\t\t\t\t\t\t\t\t\t\t<div class=\"eael-circle-icon-inner\">\n\t\t\t\t\t\t\t\t\t\t\t\t\t<span class=\"eael-circle-btn-txt\">Lectura espiritual<\/span>\t\t\t\t\t\t\t\t\t\t\t\t<\/div>\n                                        \t<\/div>\n\t\t\t\t\t\t\t\t\t\t\t\t\t\t\t\t\t\t\t\t\t<!-- End URL support -->\n                                        \n                                    <\/div>\n                                    <div id=\"eael-interactive-6\" aria-labelledby=\"eael-circle-item-6\" class=\"eael-circle-btn-content eael-circle-item-6\">\n                                        <div class=\"eael-circle-content\">\n\t\t\t\t\t\t\t\t\t\t\t<p>Cada d\u00eda dedicamos un tiempo a la <strong>lectura,<\/strong>\u00a0 personal o comunitaria, de la <strong>vida de los santos<\/strong> o de otros <strong>textos espirituales<\/strong> que nutren nuestra alma y nos <strong>ayudan a crecer en la vida cristiana.<\/strong><\/p>                                        <\/div>\n                                    <\/div>\n                                <\/div>\n\n\t\t\t\t\t\t\t                                <div class=\"eael-circle-item elementor-repeater-item-3c43189\">\n                                    <div aria-controls=\"eael-interactive-7\" tabindex=\"0\" class=\"eael-circle-btn\" id=\"eael-circle-item-7\">\n\t\t\t\t\t\t\t\t\t\t\n\t\t\t\t\t\t\t\t\t\t<!-- Start URL support -->\n\t\t\t\t\t\t\t\t\t\t\t\t\t\t\t\t\t\t\t\t\t<a href=\"#\">\n\t\t\t\t\t\t\t\t\t\t\t\t<div class=\"eael-circle-btn-icon\">\n\t\t\t\t\t\t\t\t\t\t\t\t\t<div class=\"eael-circle-icon-inner\">\n\t\t\t\t\t\t\t\t\t\t\t\t\t\t<span class=\"eael-circle-btn-txt\">Oraci\u00f3n personal<\/span>\t\t\t\t\t\t\t\t\t\t\t\t\t<\/div>\n\t\t\t\t\t\t\t\t\t\t\t\t<\/div>\n\t\t\t\t\t\t\t\t\t\t\t<\/a>\n\t\t\t\t\t\t\t\t\t\t\t\t\t\t\t\t\t\t\t\t\t<!-- End URL support -->\n                                        \n                                    <\/div>\n                                    <div id=\"eael-interactive-7\" aria-labelledby=\"eael-circle-item-7\" class=\"eael-circle-btn-content eael-circle-item-7\">\n                                        <div class=\"eael-circle-content\">\n\t\t\t\t\t\t\t\t\t\t\t<p><strong>La oraci\u00f3n personal<\/strong><\/p><p>\u00a0es un momento para <strong>estar con el Esposo,\u00a0<\/strong>en silencio y en di\u00e1logo, donde yo lo escucho y \u00c9l me escucha. A \u00c9l le conf\u00edo mis alegr\u00edas, mis preocupaciones y mis deseos.<b>\u00a0<\/b><\/p><p><b>Es intimidad y comuni\u00f3n.<\/b><\/p>                                        <\/div>\n                                    <\/div>\n                                <\/div>\n\n\t\t\t\t\t\t\t\n                        <\/div>\n                    <\/div>\n                <\/div>\n\n\t\t\t\n        <\/div>\n\t\t\t\t\t<\/div>\n\t\t\t\t<\/div>\n\t\t\t\t<div class=\"elementor-element elementor-element-e1f3f26 elementor-widget elementor-widget-spacer\" data-id=\"e1f3f26\" data-element_type=\"widget\" data-widget_type=\"spacer.default\">\n\t\t\t\t<div class=\"elementor-widget-container\">\n\t\t\t\t\t\t\t<div class=\"elementor-spacer\">\n\t\t\t<div class=\"elementor-spacer-inner\"><\/div>\n\t\t<\/div>\n\t\t\t\t\t\t<\/div>\n\t\t\t\t<\/div>\n\t\t\t\t<\/div>\n\t\t\t\t<\/div>\n\t\t\t\t\t<\/div>\n\t\t\t\t<\/div>\n\t\t\t\t<\/div>","protected":false},"excerpt":{"rendered":"<p>Ritmo quotidiano di preghiera Eucaristia L&#8217;Eucaristia \u00e8 il cuore della nostra giornata. Ogni giorno, unite a Ges\u00f9 che offre e si offre per amore, viviamo il nostro spirito sacerdotale, diventando con Lui, per Lui e in Lui, \u201csacerdote\u201d e \u201cvittima\u201d. \u00a0Presentiamo al Padre, unite al Figlio nella grazia dello Spirito Santo, la nostra vita come&#8230;<\/p>","protected":false},"author":1,"featured_media":0,"parent":0,"menu_order":0,"comment_status":"closed","ping_status":"closed","template":"","meta":{"_eb_attr":"","_kadence_starter_templates_imported_post":false,"_kad_post_transparent":"","_kad_post_title":"hide","_kad_post_layout":"fullwidth","_kad_post_sidebar_id":"","_kad_post_content_style":"unboxed","_kad_post_vertical_padding":"hide","_kad_post_feature":"hide","_kad_post_feature_position":"","_kad_post_header":false,"_kad_post_footer":false,"footnotes":""},"class_list":["post-1859","page","type-page","status-publish","hentry"],"yoast_head":"<!-- This site is optimized with the Yoast SEO plugin v24.8.1 - https:\/\/yoast.com\/wordpress\/plugins\/seo\/ -->\n<title>(nostra vita) Preghiera - OSMV<\/title>\n<meta name=\"robots\" content=\"index, follow, max-snippet:-1, max-image-preview:large, max-video-preview:-1\" \/>\n<link rel=\"canonical\" href=\"https:\/\/orsolinesmvarallo.org\/es\/preghiera\/\" \/>\n<meta property=\"og:locale\" content=\"es_ES\" \/>\n<meta property=\"og:type\" content=\"article\" \/>\n<meta property=\"og:title\" content=\"(nostra vita) Preghiera - OSMV\" \/>\n<meta property=\"og:description\" content=\"Ritmo quotidiano di preghiera Eucaristia L&#8217;Eucaristia \u00e8 il cuore della nostra giornata. Ogni giorno, unite a Ges\u00f9 che offre e si offre per amore, viviamo il nostro spirito sacerdotale, diventando con Lui, per Lui e in Lui, \u201csacerdote\u201d e \u201cvittima\u201d. \u00a0Presentiamo al Padre, unite al Figlio nella grazia dello Spirito Santo, la nostra vita come...\" \/>\n<meta property=\"og:url\" content=\"https:\/\/orsolinesmvarallo.org\/es\/preghiera\/\" \/>\n<meta property=\"og:site_name\" content=\"OSMV\" \/>\n<meta property=\"article:modified_time\" content=\"2025-03-09T15:25:21+00:00\" \/>\n<meta name=\"twitter:card\" content=\"summary_large_image\" \/>\n<meta name=\"twitter:label1\" content=\"Tiempo de lectura\" \/>\n\t<meta name=\"twitter:data1\" content=\"2 minutos\" \/>\n<script type=\"application\/ld+json\" class=\"yoast-schema-graph\">{\"@context\":\"https:\/\/schema.org\",\"@graph\":[{\"@type\":\"WebPage\",\"@id\":\"https:\/\/orsolinesmvarallo.org\/preghiera\/\",\"url\":\"https:\/\/orsolinesmvarallo.org\/preghiera\/\",\"name\":\"(nostra vita) Preghiera - OSMV\",\"isPartOf\":{\"@id\":\"https:\/\/orsolinesmvarallo.org\/es\/#website\"},\"datePublished\":\"2025-01-01T20:14:49+00:00\",\"dateModified\":\"2025-03-09T15:25:21+00:00\",\"breadcrumb\":{\"@id\":\"https:\/\/orsolinesmvarallo.org\/preghiera\/#breadcrumb\"},\"inLanguage\":\"es\",\"potentialAction\":[{\"@type\":\"ReadAction\",\"target\":[\"https:\/\/orsolinesmvarallo.org\/preghiera\/\"]}]},{\"@type\":\"BreadcrumbList\",\"@id\":\"https:\/\/orsolinesmvarallo.org\/preghiera\/#breadcrumb\",\"itemListElement\":[{\"@type\":\"ListItem\",\"position\":1,\"name\":\"Portada\",\"item\":\"https:\/\/orsolinesmvarallo.org\/\"},{\"@type\":\"ListItem\",\"position\":2,\"name\":\"(nostra vita) Preghiera\"}]},{\"@type\":\"WebSite\",\"@id\":\"https:\/\/orsolinesmvarallo.org\/es\/#website\",\"url\":\"https:\/\/orsolinesmvarallo.org\/es\/\",\"name\":\"OSMV\",\"description\":\"Suore Orsoline Sacro Monte di Varallo\",\"publisher\":{\"@id\":\"https:\/\/orsolinesmvarallo.org\/es\/#organization\"},\"potentialAction\":[{\"@type\":\"SearchAction\",\"target\":{\"@type\":\"EntryPoint\",\"urlTemplate\":\"https:\/\/orsolinesmvarallo.org\/es\/?s={search_term_string}\"},\"query-input\":{\"@type\":\"PropertyValueSpecification\",\"valueRequired\":true,\"valueName\":\"search_term_string\"}}],\"inLanguage\":\"es\"},{\"@type\":\"Organization\",\"@id\":\"https:\/\/orsolinesmvarallo.org\/es\/#organization\",\"name\":\"OSMV\",\"url\":\"https:\/\/orsolinesmvarallo.org\/es\/\",\"logo\":{\"@type\":\"ImageObject\",\"inLanguage\":\"es\",\"@id\":\"https:\/\/orsolinesmvarallo.org\/es\/#\/schema\/logo\/image\/\",\"url\":\"https:\/\/orsolinesmvarallo.org\/wp-content\/uploads\/2024\/12\/cropped-logoeuca-blanco.png\",\"contentUrl\":\"https:\/\/orsolinesmvarallo.org\/wp-content\/uploads\/2024\/12\/cropped-logoeuca-blanco.png\",\"width\":772,\"height\":742,\"caption\":\"OSMV\"},\"image\":{\"@id\":\"https:\/\/orsolinesmvarallo.org\/es\/#\/schema\/logo\/image\/\"}}]}<\/script>\n<!-- \/ Yoast SEO plugin. -->","yoast_head_json":{"title":"(nostra vita) Preghiera - OSMV","robots":{"index":"index","follow":"follow","max-snippet":"max-snippet:-1","max-image-preview":"max-image-preview:large","max-video-preview":"max-video-preview:-1"},"canonical":"https:\/\/orsolinesmvarallo.org\/es\/preghiera\/","og_locale":"es_ES","og_type":"article","og_title":"(nostra vita) Preghiera - OSMV","og_description":"Ritmo quotidiano di preghiera Eucaristia L&#8217;Eucaristia \u00e8 il cuore della nostra giornata. Ogni giorno, unite a Ges\u00f9 che offre e si offre per amore, viviamo il nostro spirito sacerdotale, diventando con Lui, per Lui e in Lui, \u201csacerdote\u201d e \u201cvittima\u201d. \u00a0Presentiamo al Padre, unite al Figlio nella grazia dello Spirito Santo, la nostra vita come...","og_url":"https:\/\/orsolinesmvarallo.org\/es\/preghiera\/","og_site_name":"OSMV","article_modified_time":"2025-03-09T15:25:21+00:00","twitter_card":"summary_large_image","twitter_misc":{"Tiempo de lectura":"2 minutos"},"schema":{"@context":"https:\/\/schema.org","@graph":[{"@type":"WebPage","@id":"https:\/\/orsolinesmvarallo.org\/preghiera\/","url":"https:\/\/orsolinesmvarallo.org\/preghiera\/","name":"(nostra vita) Preghiera - OSMV","isPartOf":{"@id":"https:\/\/orsolinesmvarallo.org\/es\/#website"},"datePublished":"2025-01-01T20:14:49+00:00","dateModified":"2025-03-09T15:25:21+00:00","breadcrumb":{"@id":"https:\/\/orsolinesmvarallo.org\/preghiera\/#breadcrumb"},"inLanguage":"es","potentialAction":[{"@type":"ReadAction","target":["https:\/\/orsolinesmvarallo.org\/preghiera\/"]}]},{"@type":"BreadcrumbList","@id":"https:\/\/orsolinesmvarallo.org\/preghiera\/#breadcrumb","itemListElement":[{"@type":"ListItem","position":1,"name":"Portada","item":"https:\/\/orsolinesmvarallo.org\/"},{"@type":"ListItem","position":2,"name":"(nostra vita) Preghiera"}]},{"@type":"WebSite","@id":"https:\/\/orsolinesmvarallo.org\/es\/#website","url":"https:\/\/orsolinesmvarallo.org\/es\/","name":"OSMV","description":"Suore Orsoline Sacro Monte di Varallo","publisher":{"@id":"https:\/\/orsolinesmvarallo.org\/es\/#organization"},"potentialAction":[{"@type":"SearchAction","target":{"@type":"EntryPoint","urlTemplate":"https:\/\/orsolinesmvarallo.org\/es\/?s={search_term_string}"},"query-input":{"@type":"PropertyValueSpecification","valueRequired":true,"valueName":"search_term_string"}}],"inLanguage":"es"},{"@type":"Organization","@id":"https:\/\/orsolinesmvarallo.org\/es\/#organization","name":"OSMV","url":"https:\/\/orsolinesmvarallo.org\/es\/","logo":{"@type":"ImageObject","inLanguage":"es","@id":"https:\/\/orsolinesmvarallo.org\/es\/#\/schema\/logo\/image\/","url":"https:\/\/orsolinesmvarallo.org\/wp-content\/uploads\/2024\/12\/cropped-logoeuca-blanco.png","contentUrl":"https:\/\/orsolinesmvarallo.org\/wp-content\/uploads\/2024\/12\/cropped-logoeuca-blanco.png","width":772,"height":742,"caption":"OSMV"},"image":{"@id":"https:\/\/orsolinesmvarallo.org\/es\/#\/schema\/logo\/image\/"}}]}},"_links":{"self":[{"href":"https:\/\/orsolinesmvarallo.org\/es\/wp-json\/wp\/v2\/pages\/1859","targetHints":{"allow":["GET"]}}],"collection":[{"href":"https:\/\/orsolinesmvarallo.org\/es\/wp-json\/wp\/v2\/pages"}],"about":[{"href":"https:\/\/orsolinesmvarallo.org\/es\/wp-json\/wp\/v2\/types\/page"}],"author":[{"embeddable":true,"href":"https:\/\/orsolinesmvarallo.org\/es\/wp-json\/wp\/v2\/users\/1"}],"replies":[{"embeddable":true,"href":"https:\/\/orsolinesmvarallo.org\/es\/wp-json\/wp\/v2\/comments?post=1859"}],"version-history":[{"count":200,"href":"https:\/\/orsolinesmvarallo.org\/es\/wp-json\/wp\/v2\/pages\/1859\/revisions"}],"predecessor-version":[{"id":5783,"href":"https:\/\/orsolinesmvarallo.org\/es\/wp-json\/wp\/v2\/pages\/1859\/revisions\/5783"}],"wp:attachment":[{"href":"https:\/\/orsolinesmvarallo.org\/es\/wp-json\/wp\/v2\/media?parent=1859"}],"curies":[{"name":"wp","href":"https:\/\/api.w.org\/{rel}","templated":true}]}}