{"id":2385,"date":"2025-01-04T15:19:25","date_gmt":"2025-01-04T14:19:25","guid":{"rendered":"https:\/\/prueba2024.orsolinesmvarallo.org\/?page_id=2385"},"modified":"2025-06-18T16:20:59","modified_gmt":"2025-06-18T14:20:59","slug":"centenario","status":"publish","type":"page","link":"https:\/\/orsolinesmvarallo.org\/es\/centenario\/","title":{"rendered":"(news) Centenario"},"content":{"rendered":"<div data-elementor-type=\"wp-page\" data-elementor-id=\"2385\" class=\"elementor elementor-2385\" data-elementor-post-type=\"page\">\n\t\t\t\t<div class=\"elementor-element elementor-element-5dd8d43b e-flex e-con-boxed e-con e-parent\" data-id=\"5dd8d43b\" data-element_type=\"container\" data-settings=\"{&quot;background_background&quot;:&quot;gradient&quot;}\">\n\t\t\t\t\t<div class=\"e-con-inner\">\n\t\t<div class=\"elementor-element elementor-element-6256712 e-con-full e-flex e-con e-child\" data-id=\"6256712\" data-element_type=\"container\" id=\"fundatorimenu\">\n\t\t\t\t<div class=\"elementor-element elementor-element-58b396b7 elementor-invisible elementor-widget elementor-widget-heading\" data-id=\"58b396b7\" data-element_type=\"widget\" data-settings=\"{&quot;_animation&quot;:&quot;fadeIn&quot;}\" data-widget_type=\"heading.default\">\n\t\t\t\t<div class=\"elementor-widget-container\">\n\t\t\t\t\t<h2 class=\"elementor-heading-title elementor-size-default\">Jubileo del Nacimiento al Cielo de los Fundadores.<br>1925-2025<\/h2>\t\t\t\t<\/div>\n\t\t\t\t<\/div>\n\t\t\t\t<div class=\"elementor-element elementor-element-5217221 elementor-widget elementor-widget-image\" data-id=\"5217221\" data-element_type=\"widget\" data-widget_type=\"image.default\">\n\t\t\t\t<div class=\"elementor-widget-container\">\n\t\t\t\t\t\t\t\t\t\t\t\t\t\t\t<img fetchpriority=\"high\" decoding=\"async\" width=\"1024\" height=\"649\" src=\"https:\/\/orsolinesmvarallo.org\/wp-content\/uploads\/2025\/03\/logocentenario.png\" class=\"attachment-large size-large wp-image-4742\" alt=\"\" srcset=\"https:\/\/orsolinesmvarallo.org\/wp-content\/uploads\/2025\/03\/logocentenario.png 2242w, https:\/\/orsolinesmvarallo.org\/wp-content\/uploads\/2025\/03\/logocentenario-300x194.png 300w, https:\/\/orsolinesmvarallo.org\/wp-content\/uploads\/2025\/03\/logocentenario-1024x663.png 1024w, https:\/\/orsolinesmvarallo.org\/wp-content\/uploads\/2025\/03\/logocentenario-768x497.png 768w, https:\/\/orsolinesmvarallo.org\/wp-content\/uploads\/2025\/03\/logocentenario-1536x995.png 1536w, https:\/\/orsolinesmvarallo.org\/wp-content\/uploads\/2025\/03\/logocentenario-2048x1326.png 2048w, https:\/\/orsolinesmvarallo.org\/wp-content\/uploads\/2025\/03\/logocentenario-18x12.png 18w, https:\/\/orsolinesmvarallo.org\/wp-content\/uploads\/2025\/03\/logocentenario-600x389.png 600w\" sizes=\"(max-width: 1024px) 100vw, 1024px\" \/>\t\t\t\t\t\t\t\t\t\t\t\t\t\t\t<\/div>\n\t\t\t\t<\/div>\n\t\t\t\t<\/div>\n\t\t\t\t\t<\/div>\n\t\t\t\t<\/div>\n\t\t\t\t<section class=\"elementor-section elementor-top-section elementor-element elementor-element-3869ad4f elementor-section-full_width elementor-section-height-default elementor-section-height-default\" data-id=\"3869ad4f\" data-element_type=\"section\">\n\t\t\t\t\t\t<div class=\"elementor-container elementor-column-gap-no\">\n\t\t\t\t\t<div class=\"elementor-column elementor-col-100 elementor-top-column elementor-element elementor-element-b1a15e7\" data-id=\"b1a15e7\" data-element_type=\"column\">\n\t\t\t<div class=\"elementor-widget-wrap elementor-element-populated\">\n\t\t\t\t\t\t<div class=\"elementor-element elementor-element-04e0dc4 elementor-widget elementor-widget-text-editor\" data-id=\"04e0dc4\" data-element_type=\"widget\" data-widget_type=\"text-editor.default\">\n\t\t\t\t<div class=\"elementor-widget-container\">\n\t\t\t\t\t\t\t\t\t<p style=\"text-align: center;\">En este a\u00f1o jubilar para la Iglesia, nosotras, las Ursulinas SMV, celebramos con alegr\u00eda el centenario del nacimiento al cielo de nuestros fundadores, Don Alfonso Mar\u00eda Chiara y Madre Clotilde Verno.<\/p><p style=\"text-align: center;\">Os invitamos a uniros a nosotras en las celebraciones jubilares que se llevar\u00e1n a cabo en los pr\u00f3ximos meses.<\/p>\t\t\t\t\t\t\t\t<\/div>\n\t\t\t\t<\/div>\n\t\t\t\t\t<\/div>\n\t\t<\/div>\n\t\t\t\t\t<\/div>\n\t\t<\/section>\n\t\t<div class=\"elementor-element elementor-element-a373032 e-flex e-con-boxed e-con e-parent\" data-id=\"a373032\" data-element_type=\"container\">\n\t\t\t\t\t<div class=\"e-con-inner\">\n\t\t<div class=\"elementor-element elementor-element-f3609fd e-con-full e-flex e-con e-child\" data-id=\"f3609fd\" data-element_type=\"container\">\n\t\t\t\t<div class=\"elementor-element elementor-element-c331856 elementor-widget elementor-widget-heading\" data-id=\"c331856\" data-element_type=\"widget\" data-widget_type=\"heading.default\">\n\t\t\t\t<div class=\"elementor-widget-container\">\n\t\t\t\t\t<h2 class=\"elementor-heading-title elementor-size-default\">Eventos importantes 2025<\/h2>\t\t\t\t<\/div>\n\t\t\t\t<\/div>\n\t\t<div class=\"elementor-element elementor-element-418daaf e-con-full e-flex e-con e-child\" data-id=\"418daaf\" data-element_type=\"container\">\n\t\t<div class=\"elementor-element elementor-element-761cc4d e-con-full e-flex e-con e-child\" data-id=\"761cc4d\" data-element_type=\"container\" data-settings=\"{&quot;background_background&quot;:&quot;classic&quot;}\">\n\t\t\t\t<div class=\"elementor-element elementor-element-424e9ea elementor-widget elementor-widget-heading\" data-id=\"424e9ea\" data-element_type=\"widget\" data-widget_type=\"heading.default\">\n\t\t\t\t<div class=\"elementor-widget-container\">\n\t\t\t\t\t<h2 class=\"elementor-heading-title elementor-size-default\">07 junio<\/h2>\t\t\t\t<\/div>\n\t\t\t\t<\/div>\n\t\t\t\t<div class=\"elementor-element elementor-element-7c512e9 elementor-widget elementor-widget-text-editor\" data-id=\"7c512e9\" data-element_type=\"widget\" data-widget_type=\"text-editor.default\">\n\t\t\t\t<div class=\"elementor-widget-container\">\n\t\t\t\t\t\t\t\t\t<p style=\"text-align: center;\" class=\"translation-block\"><strong>Celebraci\u00f3n Eucar\u00edstica<\/strong> en el aniversario de los 100 a\u00f1os del nacimiento al cielo de Madre Clotilde Verno.<\/p>\t\t\t\t\t\t\t\t<\/div>\n\t\t\t\t<\/div>\n\t\t\t\t<div class=\"elementor-element elementor-element-8c6ba7f elementor-widget elementor-widget-image-gallery\" data-id=\"8c6ba7f\" data-element_type=\"widget\" data-widget_type=\"image-gallery.default\">\n\t\t\t\t<div class=\"elementor-widget-container\">\n\t\t\t\t\t\t\t<div class=\"elementor-image-gallery\">\n\t\t\t<div id='gallery-1' class='gallery galleryid-2385 gallery-columns-3 gallery-size-medium'><figure class='gallery-item'>\n\t\t\t<div class='gallery-icon landscape'>\n\t\t\t\t<a data-elementor-open-lightbox=\"yes\" data-elementor-lightbox-slideshow=\"8c6ba7f\" data-elementor-lightbox-title=\"4\" data-e-action-hash=\"#elementor-action%3Aaction%3Dlightbox%26settings%3DeyJpZCI6NjQ4OSwidXJsIjoiaHR0cHM6XC9cL29yc29saW5lc212YXJhbGxvLm9yZ1wvd3AtY29udGVudFwvdXBsb2Fkc1wvMjAyNVwvMDZcLzQuanBnIiwic2xpZGVzaG93IjoiOGM2YmE3ZiJ9\" href='https:\/\/orsolinesmvarallo.org\/wp-content\/uploads\/2025\/06\/4.jpg'><img decoding=\"async\" width=\"300\" height=\"200\" src=\"https:\/\/orsolinesmvarallo.org\/wp-content\/uploads\/2025\/06\/4-300x200.jpg\" class=\"attachment-medium size-medium\" alt=\"\" srcset=\"https:\/\/orsolinesmvarallo.org\/wp-content\/uploads\/2025\/06\/4-300x200.jpg 300w, https:\/\/orsolinesmvarallo.org\/wp-content\/uploads\/2025\/06\/4-1024x683.jpg 1024w, https:\/\/orsolinesmvarallo.org\/wp-content\/uploads\/2025\/06\/4-768x512.jpg 768w, https:\/\/orsolinesmvarallo.org\/wp-content\/uploads\/2025\/06\/4-1536x1024.jpg 1536w, https:\/\/orsolinesmvarallo.org\/wp-content\/uploads\/2025\/06\/4-18x12.jpg 18w, https:\/\/orsolinesmvarallo.org\/wp-content\/uploads\/2025\/06\/4-1320x880.jpg 1320w, https:\/\/orsolinesmvarallo.org\/wp-content\/uploads\/2025\/06\/4.jpg 1599w\" sizes=\"(max-width: 300px) 100vw, 300px\" \/><\/a>\n\t\t\t<\/div><\/figure><figure class='gallery-item'>\n\t\t\t<div class='gallery-icon landscape'>\n\t\t\t\t<a data-elementor-open-lightbox=\"yes\" data-elementor-lightbox-slideshow=\"8c6ba7f\" data-elementor-lightbox-title=\"11\" data-e-action-hash=\"#elementor-action%3Aaction%3Dlightbox%26settings%3DeyJpZCI6NjQ5NiwidXJsIjoiaHR0cHM6XC9cL29yc29saW5lc212YXJhbGxvLm9yZ1wvd3AtY29udGVudFwvdXBsb2Fkc1wvMjAyNVwvMDZcLzExLmpwZyIsInNsaWRlc2hvdyI6IjhjNmJhN2YifQ%3D%3D\" href='https:\/\/orsolinesmvarallo.org\/wp-content\/uploads\/2025\/06\/11.jpg'><img decoding=\"async\" width=\"300\" height=\"169\" src=\"https:\/\/orsolinesmvarallo.org\/wp-content\/uploads\/2025\/06\/11-300x169.jpg\" class=\"attachment-medium size-medium\" alt=\"\" srcset=\"https:\/\/orsolinesmvarallo.org\/wp-content\/uploads\/2025\/06\/11-300x169.jpg 300w, https:\/\/orsolinesmvarallo.org\/wp-content\/uploads\/2025\/06\/11-1024x576.jpg 1024w, https:\/\/orsolinesmvarallo.org\/wp-content\/uploads\/2025\/06\/11-768x432.jpg 768w, https:\/\/orsolinesmvarallo.org\/wp-content\/uploads\/2025\/06\/11-1536x864.jpg 1536w, https:\/\/orsolinesmvarallo.org\/wp-content\/uploads\/2025\/06\/11-18x10.jpg 18w, https:\/\/orsolinesmvarallo.org\/wp-content\/uploads\/2025\/06\/11-1320x742.jpg 1320w, https:\/\/orsolinesmvarallo.org\/wp-content\/uploads\/2025\/06\/11.jpg 1599w\" sizes=\"(max-width: 300px) 100vw, 300px\" \/><\/a>\n\t\t\t<\/div><\/figure>\n\t\t<\/div>\n\t\t<\/div>\n\t\t\t\t\t\t<\/div>\n\t\t\t\t<\/div>\n\t\t\t\t<div class=\"elementor-element elementor-element-f82e89e elementor-widget elementor-widget-text-editor\" data-id=\"f82e89e\" data-element_type=\"widget\" data-widget_type=\"text-editor.default\">\n\t\t\t\t<div class=\"elementor-widget-container\">\n\t\t\t\t\t\t\t\t\t<p style=\"text-align: center;\"><a href=\"https:\/\/orsolinesmvarallo.org\/es\/celebrazione-del-centenario-della-nascita-in-cielo-di-madre-clotilde-verno\/\">vedere di pi\u00f9<\/a><\/p>\t\t\t\t\t\t\t\t<\/div>\n\t\t\t\t<\/div>\n\t\t\t\t<\/div>\n\t\t\t\t<\/div>\n\t\t<div class=\"elementor-element elementor-element-f0b36b1 e-con-full e-flex e-con e-child\" data-id=\"f0b36b1\" data-element_type=\"container\" data-settings=\"{&quot;background_background&quot;:&quot;classic&quot;}\">\n\t\t\t\t<div class=\"elementor-element elementor-element-c6e6ce3 elementor-widget elementor-widget-heading\" data-id=\"c6e6ce3\" data-element_type=\"widget\" data-widget_type=\"heading.default\">\n\t\t\t\t<div class=\"elementor-widget-container\">\n\t\t\t\t\t<h2 class=\"elementor-heading-title elementor-size-default\">15 agosto<\/h2>\t\t\t\t<\/div>\n\t\t\t\t<\/div>\n\t\t\t\t<div class=\"elementor-element elementor-element-4c5326f elementor-widget elementor-widget-text-editor\" data-id=\"4c5326f\" data-element_type=\"widget\" data-widget_type=\"text-editor.default\">\n\t\t\t\t<div class=\"elementor-widget-container\">\n\t\t\t\t\t\t\t\t\t<p style=\"text-align: center;\" class=\"translation-block\"><strong>Celebraci\u00f3n Eucar\u00edstica<\/strong> <br>en <strong>acci\u00f3n de gracias<\/strong> por el centenario del nacimiento al cielo de Don Alfonso Chiara y Madre Clotilde Verno.<\/p>\t\t\t\t\t\t\t\t<\/div>\n\t\t\t\t<\/div>\n\t\t\t\t<\/div>\n\t\t<div class=\"elementor-element elementor-element-4161a04 e-con-full e-flex e-con e-child\" data-id=\"4161a04\" data-element_type=\"container\" data-settings=\"{&quot;background_background&quot;:&quot;classic&quot;}\">\n\t\t\t\t<div class=\"elementor-element elementor-element-957733c elementor-widget elementor-widget-heading\" data-id=\"957733c\" data-element_type=\"widget\" data-widget_type=\"heading.default\">\n\t\t\t\t<div class=\"elementor-widget-container\">\n\t\t\t\t\t<h2 class=\"elementor-heading-title elementor-size-default\">24 agosto<\/h2>\t\t\t\t<\/div>\n\t\t\t\t<\/div>\n\t\t\t\t<div class=\"elementor-element elementor-element-df114c1 elementor-widget elementor-widget-text-editor\" data-id=\"df114c1\" data-element_type=\"widget\" data-widget_type=\"text-editor.default\">\n\t\t\t\t<div class=\"elementor-widget-container\">\n\t\t\t\t\t\t\t\t\t<p style=\"text-align: center;\" class=\"translation-block\"><strong>Celebraci\u00f3n eucar\u00edstica<\/strong> <br>y <strong>presentaci\u00f3n del libro<\/strong> de Don Alfonso Chiara.<\/p>\t\t\t\t\t\t\t\t<\/div>\n\t\t\t\t<\/div>\n\t\t\t\t<\/div>\n\t\t<div class=\"elementor-element elementor-element-ae1d2d8 e-con-full e-flex e-con e-child\" data-id=\"ae1d2d8\" data-element_type=\"container\" data-settings=\"{&quot;background_background&quot;:&quot;classic&quot;}\">\n\t\t\t\t<div class=\"elementor-element elementor-element-31e0831 elementor-widget elementor-widget-heading\" data-id=\"31e0831\" data-element_type=\"widget\" data-widget_type=\"heading.default\">\n\t\t\t\t<div class=\"elementor-widget-container\">\n\t\t\t\t\t<h2 class=\"elementor-heading-title elementor-size-default\">07 noviembre<\/h2>\t\t\t\t<\/div>\n\t\t\t\t<\/div>\n\t\t\t\t<div class=\"elementor-element elementor-element-5140819 elementor-widget elementor-widget-text-editor\" data-id=\"5140819\" data-element_type=\"widget\" data-widget_type=\"text-editor.default\">\n\t\t\t\t<div class=\"elementor-widget-container\">\n\t\t\t\t\t\t\t\t\t<p style=\"text-align: center;\" class=\"translation-block\"><strong>Celebraci\u00f3n eucar\u00edstica <br><\/strong> en el aniversario de los 100 a\u00f1os del nacimiento al cielo de Don Alfonso Chiara.<\/p>\t\t\t\t\t\t\t\t<\/div>\n\t\t\t\t<\/div>\n\t\t\t\t<\/div>\n\t\t\t\t<\/div>\n\t\t<div class=\"elementor-element elementor-element-db341f1 e-con-full e-flex e-con e-child\" data-id=\"db341f1\" data-element_type=\"container\">\n\t\t\t\t<div class=\"elementor-element elementor-element-70c6df0 elementor-widget elementor-widget-eael-event-calendar\" data-id=\"70c6df0\" data-element_type=\"widget\" data-widget_type=\"eael-event-calendar.default\">\n\t\t\t\t<div class=\"elementor-widget-container\">\n\t\t\t\t\t<div class=\"eael-event-calendar-wrapper layout-calendar\"><div id=\"eael-event-calendar-70c6df0\" class=\"eael-event-calendar-cls\"\n            data-cal_id = \"70c6df0\"\n            data-locale = \"it\"\n            data-translate = \"{&quot;today&quot;:&quot;Hoy&quot;,&quot;tomorrow&quot;:&quot;Ma\\u00f1ana&quot;}\"\n            data-defaultview = \"dayGridMonth\"\n            data-defaultdate = \"2026-04-29\"\n            data-time_format = \"yes\"\n            data-event_limit = \"3\"\n            data-popup_date_format = \"MMM Do\"\n            data-multidays_event_day_count= \"0\"\n            data-monthcolumnheaderformat = \"\"\n            data-weekcolumnheaderformat = \"\"\n            data-hidedetailslink= \"yes\"\n            data-detailsbuttontext = \"\"\n            data-events=\"[{&quot;id&quot;:0,&quot;title&quot;:&quot;Anniversario M. Clotilde&quot;,&quot;description&quot;:&quot;&lt;p&gt;&lt;strong&gt;Celebrazione Eucaristica &lt;\\\/strong&gt;nell&#039;&lt;strong&gt;anniversario&lt;\\\/strong&gt; dei 100 anni della nascita al cielo di Madre Clotilde Verno.&lt;\\\/p&gt;&lt;p&gt;Presieduta da &lt;strong&gt;Mons. Aurelio Garc\\u00eda Mac\\u00edas,&lt;\\\/strong&gt; sottosegretario del Dicastero&lt;span style=\\&quot;font-family: var(--global-body-font-family);\\&quot;&gt;\\u00a0del\\u00a0Culto\\u00a0Divino&lt;\\\/span&gt;&lt;\\\/p&gt;&lt;p&gt;&lt;strong style=\\&quot;font-family: var(--global-body-font-family);\\&quot;&gt;Basilica di S. Maria Assunta del Sacro Monte di Varallo.&lt;\\\/strong&gt;&lt;\\\/p&gt;&lt;p&gt;&lt;iframe style=\\&quot;border: 0;\\&quot; src=\\&quot;https:\\\/\\\/www.google.com\\\/maps\\\/embed?pb=!1m18!1m12!1m3!1d2780.6492062919583!2d8.2538312750954!3d45.81828340974575!2m3!1f0!2f0!3f0!3m2!1i1024!2i768!4f13.1!3m3!1m2!1s0x47860581243c5ea5%3A0xa435743c704de846!2sSantuario%20Maria%20Assunta%20Sacro%20Monte%20Santuario%20Basilica%20Padri%20Oblati!5e0!3m2!1ses-419!2ses!4v1741599439418!5m2!1ses-419!2ses\\&quot; width=\\&quot;200\\&quot; height=\\&quot;200\\&quot; allowfullscreen=\\&quot;allowfullscreen\\&quot;&gt;&lt;span data-mce-type=\\&quot;bookmark\\&quot; style=\\&quot;display: inline-block; width: 0px; overflow: hidden; line-height: 0;\\&quot; class=\\&quot;mce_SELRES_start\\&quot;&gt;\\ufeff&lt;\\\/span&gt;&lt;span data-mce-type=\\&quot;bookmark\\&quot; style=\\&quot;display: inline-block; width: 0px; overflow: hidden; line-height: 0;\\&quot; class=\\&quot;mce_SELRES_start\\&quot;&gt;\\ufeff&lt;\\\/span&gt;&lt;br \\\/&gt;&lt;\\\/iframe&gt;&lt;\\\/p&gt;&quot;,&quot;start&quot;:&quot;2025-06-07 11:00&quot;,&quot;end&quot;:&quot;2025-06-07 12:00:01&quot;,&quot;borderColor&quot;:&quot;#E8E6ED&quot;,&quot;textColor&quot;:&quot;#ffffff&quot;,&quot;color&quot;:&quot;#3B77FC&quot;,&quot;url&quot;:&quot;&quot;,&quot;allDay&quot;:&quot;&quot;,&quot;external&quot;:&quot;&quot;,&quot;nofollow&quot;:&quot;&quot;,&quot;is_redirect&quot;:&quot;&quot;,&quot;custom_attributes&quot;:[],&quot;event_link&quot;:{&quot;url&quot;:&quot;&quot;,&quot;is_external&quot;:&quot;&quot;,&quot;nofollow&quot;:&quot;&quot;,&quot;custom_attributes&quot;:&quot;&quot;}},{&quot;id&quot;:1,&quot;title&quot;:&quot;Ringraziamento 100 anni D. Chiara y M. Clotilde&quot;,&quot;description&quot;:&quot;&lt;p&gt;&lt;strong&gt;Celebrazione Eucaristica &lt;br \\\/&gt;&lt;\\\/strong&gt;in&lt;strong&gt; ringraziamento &lt;\\\/strong&gt;per i 100 anni della nascita al cielo di Don Alfonso Chiara e Madre Clotilde Verno.&lt;\\\/p&gt;&lt;p&gt;Presieduta da &lt;strong&gt;Card. Marc Ouellet&lt;\\\/strong&gt;, emerito del dicastero dei\\u00a0Vescovi&lt;\\\/p&gt;&lt;p&gt;&lt;strong&gt;Basilica di S. Maria Assunta del Sacro Monte di Varallo.&lt;\\\/strong&gt;&lt;\\\/p&gt;&lt;p&gt;&lt;iframe style=\\&quot;border: 0;\\&quot; src=\\&quot;https:\\\/\\\/www.google.com\\\/maps\\\/embed?pb=!1m18!1m12!1m3!1d2780.6492062919583!2d8.2538312750954!3d45.81828340974575!2m3!1f0!2f0!3f0!3m2!1i1024!2i768!4f13.1!3m3!1m2!1s0x47860581243c5ea5%3A0xa435743c704de846!2sSantuario%20Maria%20Assunta%20Sacro%20Monte%20Santuario%20Basilica%20Padri%20Oblati!5e0!3m2!1ses-419!2ses!4v1741599439418!5m2!1ses-419!2ses\\&quot; width=\\&quot;200\\&quot; height=\\&quot;200\\&quot; allowfullscreen=\\&quot;allowfullscreen\\&quot;&gt;&lt;span data-mce-type=\\&quot;bookmark\\&quot; style=\\&quot;display: inline-block; width: 0px; overflow: hidden; line-height: 0;\\&quot; class=\\&quot;mce_SELRES_start\\&quot;&gt;\\ufeff&lt;\\\/span&gt;&lt;span data-mce-type=\\&quot;bookmark\\&quot; style=\\&quot;display: inline-block; width: 0px; overflow: hidden; line-height: 0;\\&quot; class=\\&quot;mce_SELRES_start\\&quot;&gt;\\ufeff&lt;\\\/span&gt;&lt;br \\\/&gt;&lt;\\\/iframe&gt;&lt;\\\/p&gt;&quot;,&quot;start&quot;:&quot;2025-08-15 11:30&quot;,&quot;end&quot;:&quot;2025-08-15 13:00:01&quot;,&quot;borderColor&quot;:&quot;#E8E6ED&quot;,&quot;textColor&quot;:&quot;#ffffff&quot;,&quot;color&quot;:&quot;#3B77FC&quot;,&quot;url&quot;:&quot;&quot;,&quot;allDay&quot;:&quot;&quot;,&quot;external&quot;:&quot;&quot;,&quot;nofollow&quot;:&quot;&quot;,&quot;is_redirect&quot;:&quot;&quot;,&quot;custom_attributes&quot;:[],&quot;event_link&quot;:{&quot;url&quot;:&quot;&quot;,&quot;is_external&quot;:&quot;&quot;,&quot;nofollow&quot;:&quot;&quot;,&quot;custom_attributes&quot;:&quot;&quot;}},{&quot;id&quot;:2,&quot;title&quot;:&quot;Presentazione libro D. Chiara&quot;,&quot;description&quot;:&quot;&lt;p&gt;&lt;strong&gt;Celebrazione Eucaristica &lt;\\\/strong&gt;in &lt;strong&gt;ringraziamento&lt;\\\/strong&gt; per i &lt;strong&gt;100 anni&lt;\\\/strong&gt; della &lt;strong&gt;nascita al cielo&lt;\\\/strong&gt; di Don Alfonso Chiara e Madre Clotilde Verno e &lt;strong&gt;presentazione del libro&lt;\\\/strong&gt; de don Alfonso Chiara. (prof. &lt;span style=\\&quot;font-family: var(--global-body-font-family);\\&quot;&gt;Franco Dessilani e don Damiano Pomi).&lt;\\\/span&gt;&lt;\\\/p&gt;&lt;p&gt;Presieduta da: Mons. Franco Giulio Brambilla, vescovo di Novara.&lt;\\\/p&gt;&lt;p&gt;&lt;strong&gt;Parrocchia San Bartolomeo a Scopa\\u00a0(VC).&lt;\\\/strong&gt;&lt;\\\/p&gt;&lt;p&gt;&lt;iframe style=\\&quot;border: 0;\\&quot; src=\\&quot;https:\\\/\\\/www.google.com\\\/maps\\\/embed?pb=!1m18!1m12!1m3!1d715.8687103708891!2d8.113967819161514!3d45.79208336954852!2m3!1f0!2f0!3f0!3m2!1i1024!2i768!4f13.1!3m3!1m2!1s0x478602ef63200e93%3A0xd02e4e74ed1068b3!2sIstituto%20Suore%20Orsoline%20Del%20Sacro%20Monte%20Di%20Varallo!5e0!3m2!1ses-419!2ses!4v1741600297170!5m2!1ses-419!2ses\\&quot; width=\\&quot;200\\&quot; height=\\&quot;200\\&quot; allowfullscreen=\\&quot;allowfullscreen\\&quot;&gt;&lt;\\\/iframe&gt;&lt;\\\/p&gt;&quot;,&quot;start&quot;:&quot;2025-08-24 16:00&quot;,&quot;end&quot;:&quot;2025-08-24 17:00:01&quot;,&quot;borderColor&quot;:&quot;#E8E6ED&quot;,&quot;textColor&quot;:&quot;#ffffff&quot;,&quot;color&quot;:&quot;#3B77FC&quot;,&quot;url&quot;:&quot;&quot;,&quot;allDay&quot;:&quot;&quot;,&quot;external&quot;:&quot;&quot;,&quot;nofollow&quot;:&quot;&quot;,&quot;is_redirect&quot;:&quot;&quot;,&quot;custom_attributes&quot;:[],&quot;event_link&quot;:{&quot;url&quot;:&quot;&quot;,&quot;is_external&quot;:&quot;&quot;,&quot;nofollow&quot;:&quot;&quot;,&quot;custom_attributes&quot;:&quot;&quot;}},{&quot;id&quot;:3,&quot;title&quot;:&quot;Anniversario D. Chiara&quot;,&quot;description&quot;:&quot;&lt;p&gt;&lt;strong&gt;Celebrazione Eucaristica\\u00a0&lt;br \\\/&gt;&lt;\\\/strong&gt;nell&#039;anniversario dei 100 anni della nascita al cielo di Don Alfonso Chiara.&lt;\\\/p&gt;&lt;p&gt;Presieduta da:&lt;\\\/p&gt;&lt;p&gt;&lt;strong&gt;Parroquia di S. Maria Assunta di Carpignano.&lt;\\\/strong&gt;&lt;\\\/p&gt;&lt;p&gt;&lt;iframe style=\\&quot;border: 0;\\&quot; src=\\&quot;https:\\\/\\\/www.google.com\\\/maps\\\/embed?pb=!1m18!1m12!1m3!1d1397.369550000348!2d8.417840997337432!3d45.53545552523887!2m3!1f0!2f0!3f0!3m2!1i1024!2i768!4f13.1!3m3!1m2!1s0x478640df938d11f7%3A0xa69cda862c4527a8!2sParrocchia%20S.%20Maria%20Assunta!5e0!3m2!1ses-419!2ses!4v1741600714533!5m2!1ses-419!2ses\\&quot; width=\\&quot;200\\&quot; height=\\&quot;200\\&quot; allowfullscreen=\\&quot;allowfullscreen\\&quot;&gt;&lt;span data-mce-type=\\&quot;bookmark\\&quot; style=\\&quot;display: inline-block; width: 0px; overflow: hidden; line-height: 0;\\&quot; class=\\&quot;mce_SELRES_start\\&quot;&gt;\\ufeff&lt;\\\/span&gt;&lt;\\\/iframe&gt;&lt;\\\/p&gt;&quot;,&quot;start&quot;:&quot;2025-11-07 18:00&quot;,&quot;end&quot;:&quot;2025-11-07 19:00:01&quot;,&quot;borderColor&quot;:&quot;#E8E6ED&quot;,&quot;textColor&quot;:&quot;#ffffff&quot;,&quot;color&quot;:&quot;#3B77FC&quot;,&quot;url&quot;:&quot;&quot;,&quot;allDay&quot;:&quot;&quot;,&quot;external&quot;:&quot;&quot;,&quot;nofollow&quot;:&quot;&quot;,&quot;is_redirect&quot;:&quot;&quot;,&quot;custom_attributes&quot;:[],&quot;event_link&quot;:{&quot;url&quot;:&quot;&quot;,&quot;is_external&quot;:&quot;&quot;,&quot;nofollow&quot;:&quot;&quot;,&quot;custom_attributes&quot;:&quot;&quot;}}]\"\n            data-first_day=\"0\"><\/div><div id=\"eaelecModal\" class=\"eaelec-modal eael-zoom-in\">\n            <div class=\"eael-ec-modal-bg\"><\/div>\n            <div class=\"eaelec-modal-content\">\n                <div class=\"eaelec-modal-header\">\n                    <div class=\"eaelec-modal-close\"><span><i class=\"fas fa-times\"><\/i><\/span><\/div>\n                    <h2 class=\"eael-ec-modal-title\"><\/h2>\n                    <span class=\"eaelec-event-date-start eaelec-event-popup-date\"><\/span>\n                    <span class=\"eaelec-event-date-end eaelec-event-popup-date\"><\/span>\n                <\/div>\n                <div class=\"eaelec-modal-body\">\n                    <p><\/p>\n                <\/div>\n                <div class=\"eaelec-modal-footer\">\n                    <a class=\"eaelec-event-details-link\"><\/a>\n                <\/div>\n            <\/div>\n        <\/div><\/div>\t\t\t\t<\/div>\n\t\t\t\t<\/div>\n\t\t\t\t<\/div>\n\t\t\t\t\t<\/div>\n\t\t\t\t<\/div>\n\t\t\t\t<\/div>","protected":false},"excerpt":{"rendered":"<p>Giubileo della Nascita al Cielo dei Fondatori1925-2025 In quest&#8217;anno giubilare per la Chiesa, anche noi, Orsoline SMV celebriamo con gioia il centenario della nascita al cielo dei nostri Fondatori don Alfonso Maria Chiara e Madre Clotilde Verno. Vi invitiamo a unirvi a noi nelle celebrazioni giubilari che si terranno nei prossimi mesi. Eventi importanti 2025&#8230;<\/p>","protected":false},"author":1,"featured_media":0,"parent":0,"menu_order":0,"comment_status":"closed","ping_status":"closed","template":"elementor_header_footer","meta":{"_eb_attr":"","_kadence_starter_templates_imported_post":false,"_kad_post_transparent":"","_kad_post_title":"hide","_kad_post_layout":"fullwidth","_kad_post_sidebar_id":"","_kad_post_content_style":"unboxed","_kad_post_vertical_padding":"hide","_kad_post_feature":"hide","_kad_post_feature_position":"","_kad_post_header":false,"_kad_post_footer":false,"footnotes":""},"class_list":["post-2385","page","type-page","status-publish","hentry"],"yoast_head":"<!-- This site is optimized with the Yoast SEO plugin v24.8.1 - https:\/\/yoast.com\/wordpress\/plugins\/seo\/ -->\n<title>(news) Centenario - OSMV<\/title>\n<meta name=\"robots\" content=\"index, follow, max-snippet:-1, max-image-preview:large, max-video-preview:-1\" \/>\n<link rel=\"canonical\" href=\"https:\/\/orsolinesmvarallo.org\/es\/centenario\/\" \/>\n<meta property=\"og:locale\" content=\"es_ES\" \/>\n<meta property=\"og:type\" content=\"article\" \/>\n<meta property=\"og:title\" content=\"(news) Centenario - OSMV\" \/>\n<meta property=\"og:description\" content=\"Giubileo della Nascita al Cielo dei Fondatori1925-2025 In quest&#8217;anno giubilare per la Chiesa, anche noi, Orsoline SMV celebriamo con gioia il centenario della nascita al cielo dei nostri Fondatori don Alfonso Maria Chiara e Madre Clotilde Verno. Vi invitiamo a unirvi a noi nelle celebrazioni giubilari che si terranno nei prossimi mesi. Eventi importanti 2025...\" \/>\n<meta property=\"og:url\" content=\"https:\/\/orsolinesmvarallo.org\/es\/centenario\/\" \/>\n<meta property=\"og:site_name\" content=\"OSMV\" \/>\n<meta property=\"article:modified_time\" content=\"2025-06-18T14:20:59+00:00\" \/>\n<meta property=\"og:image\" content=\"https:\/\/orsolinesmvarallo.org\/wp-content\/uploads\/2025\/02\/logoitaliano.png\" \/>\n\t<meta property=\"og:image:width\" content=\"1620\" \/>\n\t<meta property=\"og:image:height\" content=\"1027\" \/>\n\t<meta property=\"og:image:type\" content=\"image\/png\" \/>\n<meta name=\"twitter:card\" content=\"summary_large_image\" \/>\n<meta name=\"twitter:label1\" content=\"Tiempo de lectura\" \/>\n\t<meta name=\"twitter:data1\" content=\"3 minutos\" \/>\n<script type=\"application\/ld+json\" class=\"yoast-schema-graph\">{\"@context\":\"https:\/\/schema.org\",\"@graph\":[{\"@type\":\"WebPage\",\"@id\":\"https:\/\/orsolinesmvarallo.org\/centenario\/\",\"url\":\"https:\/\/orsolinesmvarallo.org\/centenario\/\",\"name\":\"(news) Centenario - OSMV\",\"isPartOf\":{\"@id\":\"https:\/\/orsolinesmvarallo.org\/es\/#website\"},\"primaryImageOfPage\":{\"@id\":\"https:\/\/orsolinesmvarallo.org\/centenario\/#primaryimage\"},\"image\":{\"@id\":\"https:\/\/orsolinesmvarallo.org\/centenario\/#primaryimage\"},\"thumbnailUrl\":\"https:\/\/orsolinesmvarallo.org\/wp-content\/uploads\/2025\/02\/logoitaliano-1024x649.png\",\"datePublished\":\"2025-01-04T14:19:25+00:00\",\"dateModified\":\"2025-06-18T14:20:59+00:00\",\"breadcrumb\":{\"@id\":\"https:\/\/orsolinesmvarallo.org\/centenario\/#breadcrumb\"},\"inLanguage\":\"es\",\"potentialAction\":[{\"@type\":\"ReadAction\",\"target\":[\"https:\/\/orsolinesmvarallo.org\/centenario\/\"]}]},{\"@type\":\"ImageObject\",\"inLanguage\":\"es\",\"@id\":\"https:\/\/orsolinesmvarallo.org\/centenario\/#primaryimage\",\"url\":\"https:\/\/orsolinesmvarallo.org\/wp-content\/uploads\/2025\/02\/logoitaliano-1024x649.png\",\"contentUrl\":\"https:\/\/orsolinesmvarallo.org\/wp-content\/uploads\/2025\/02\/logoitaliano-1024x649.png\"},{\"@type\":\"BreadcrumbList\",\"@id\":\"https:\/\/orsolinesmvarallo.org\/centenario\/#breadcrumb\",\"itemListElement\":[{\"@type\":\"ListItem\",\"position\":1,\"name\":\"Portada\",\"item\":\"https:\/\/orsolinesmvarallo.org\/\"},{\"@type\":\"ListItem\",\"position\":2,\"name\":\"(news) Centenario\"}]},{\"@type\":\"WebSite\",\"@id\":\"https:\/\/orsolinesmvarallo.org\/es\/#website\",\"url\":\"https:\/\/orsolinesmvarallo.org\/es\/\",\"name\":\"OSMV\",\"description\":\"Suore Orsoline Sacro Monte di Varallo\",\"publisher\":{\"@id\":\"https:\/\/orsolinesmvarallo.org\/es\/#organization\"},\"potentialAction\":[{\"@type\":\"SearchAction\",\"target\":{\"@type\":\"EntryPoint\",\"urlTemplate\":\"https:\/\/orsolinesmvarallo.org\/es\/?s={search_term_string}\"},\"query-input\":{\"@type\":\"PropertyValueSpecification\",\"valueRequired\":true,\"valueName\":\"search_term_string\"}}],\"inLanguage\":\"es\"},{\"@type\":\"Organization\",\"@id\":\"https:\/\/orsolinesmvarallo.org\/es\/#organization\",\"name\":\"OSMV\",\"url\":\"https:\/\/orsolinesmvarallo.org\/es\/\",\"logo\":{\"@type\":\"ImageObject\",\"inLanguage\":\"es\",\"@id\":\"https:\/\/orsolinesmvarallo.org\/es\/#\/schema\/logo\/image\/\",\"url\":\"https:\/\/orsolinesmvarallo.org\/wp-content\/uploads\/2024\/12\/cropped-logoeuca-blanco.png\",\"contentUrl\":\"https:\/\/orsolinesmvarallo.org\/wp-content\/uploads\/2024\/12\/cropped-logoeuca-blanco.png\",\"width\":772,\"height\":742,\"caption\":\"OSMV\"},\"image\":{\"@id\":\"https:\/\/orsolinesmvarallo.org\/es\/#\/schema\/logo\/image\/\"}}]}<\/script>\n<!-- \/ Yoast SEO plugin. -->","yoast_head_json":{"title":"(news) Centenario - OSMV","robots":{"index":"index","follow":"follow","max-snippet":"max-snippet:-1","max-image-preview":"max-image-preview:large","max-video-preview":"max-video-preview:-1"},"canonical":"https:\/\/orsolinesmvarallo.org\/es\/centenario\/","og_locale":"es_ES","og_type":"article","og_title":"(news) Centenario - OSMV","og_description":"Giubileo della Nascita al Cielo dei Fondatori1925-2025 In quest&#8217;anno giubilare per la Chiesa, anche noi, Orsoline SMV celebriamo con gioia il centenario della nascita al cielo dei nostri Fondatori don Alfonso Maria Chiara e Madre Clotilde Verno. Vi invitiamo a unirvi a noi nelle celebrazioni giubilari che si terranno nei prossimi mesi. Eventi importanti 2025...","og_url":"https:\/\/orsolinesmvarallo.org\/es\/centenario\/","og_site_name":"OSMV","article_modified_time":"2025-06-18T14:20:59+00:00","og_image":[{"width":1620,"height":1027,"url":"https:\/\/orsolinesmvarallo.org\/wp-content\/uploads\/2025\/02\/logoitaliano.png","type":"image\/png"}],"twitter_card":"summary_large_image","twitter_misc":{"Tiempo de lectura":"3 minutos"},"schema":{"@context":"https:\/\/schema.org","@graph":[{"@type":"WebPage","@id":"https:\/\/orsolinesmvarallo.org\/centenario\/","url":"https:\/\/orsolinesmvarallo.org\/centenario\/","name":"(news) Centenario - OSMV","isPartOf":{"@id":"https:\/\/orsolinesmvarallo.org\/es\/#website"},"primaryImageOfPage":{"@id":"https:\/\/orsolinesmvarallo.org\/centenario\/#primaryimage"},"image":{"@id":"https:\/\/orsolinesmvarallo.org\/centenario\/#primaryimage"},"thumbnailUrl":"https:\/\/orsolinesmvarallo.org\/wp-content\/uploads\/2025\/02\/logoitaliano-1024x649.png","datePublished":"2025-01-04T14:19:25+00:00","dateModified":"2025-06-18T14:20:59+00:00","breadcrumb":{"@id":"https:\/\/orsolinesmvarallo.org\/centenario\/#breadcrumb"},"inLanguage":"es","potentialAction":[{"@type":"ReadAction","target":["https:\/\/orsolinesmvarallo.org\/centenario\/"]}]},{"@type":"ImageObject","inLanguage":"es","@id":"https:\/\/orsolinesmvarallo.org\/centenario\/#primaryimage","url":"https:\/\/orsolinesmvarallo.org\/wp-content\/uploads\/2025\/02\/logoitaliano-1024x649.png","contentUrl":"https:\/\/orsolinesmvarallo.org\/wp-content\/uploads\/2025\/02\/logoitaliano-1024x649.png"},{"@type":"BreadcrumbList","@id":"https:\/\/orsolinesmvarallo.org\/centenario\/#breadcrumb","itemListElement":[{"@type":"ListItem","position":1,"name":"Portada","item":"https:\/\/orsolinesmvarallo.org\/"},{"@type":"ListItem","position":2,"name":"(news) Centenario"}]},{"@type":"WebSite","@id":"https:\/\/orsolinesmvarallo.org\/es\/#website","url":"https:\/\/orsolinesmvarallo.org\/es\/","name":"OSMV","description":"Suore Orsoline Sacro Monte di Varallo","publisher":{"@id":"https:\/\/orsolinesmvarallo.org\/es\/#organization"},"potentialAction":[{"@type":"SearchAction","target":{"@type":"EntryPoint","urlTemplate":"https:\/\/orsolinesmvarallo.org\/es\/?s={search_term_string}"},"query-input":{"@type":"PropertyValueSpecification","valueRequired":true,"valueName":"search_term_string"}}],"inLanguage":"es"},{"@type":"Organization","@id":"https:\/\/orsolinesmvarallo.org\/es\/#organization","name":"OSMV","url":"https:\/\/orsolinesmvarallo.org\/es\/","logo":{"@type":"ImageObject","inLanguage":"es","@id":"https:\/\/orsolinesmvarallo.org\/es\/#\/schema\/logo\/image\/","url":"https:\/\/orsolinesmvarallo.org\/wp-content\/uploads\/2024\/12\/cropped-logoeuca-blanco.png","contentUrl":"https:\/\/orsolinesmvarallo.org\/wp-content\/uploads\/2024\/12\/cropped-logoeuca-blanco.png","width":772,"height":742,"caption":"OSMV"},"image":{"@id":"https:\/\/orsolinesmvarallo.org\/es\/#\/schema\/logo\/image\/"}}]}},"_links":{"self":[{"href":"https:\/\/orsolinesmvarallo.org\/es\/wp-json\/wp\/v2\/pages\/2385","targetHints":{"allow":["GET"]}}],"collection":[{"href":"https:\/\/orsolinesmvarallo.org\/es\/wp-json\/wp\/v2\/pages"}],"about":[{"href":"https:\/\/orsolinesmvarallo.org\/es\/wp-json\/wp\/v2\/types\/page"}],"author":[{"embeddable":true,"href":"https:\/\/orsolinesmvarallo.org\/es\/wp-json\/wp\/v2\/users\/1"}],"replies":[{"embeddable":true,"href":"https:\/\/orsolinesmvarallo.org\/es\/wp-json\/wp\/v2\/comments?post=2385"}],"version-history":[{"count":413,"href":"https:\/\/orsolinesmvarallo.org\/es\/wp-json\/wp\/v2\/pages\/2385\/revisions"}],"predecessor-version":[{"id":6535,"href":"https:\/\/orsolinesmvarallo.org\/es\/wp-json\/wp\/v2\/pages\/2385\/revisions\/6535"}],"wp:attachment":[{"href":"https:\/\/orsolinesmvarallo.org\/es\/wp-json\/wp\/v2\/media?parent=2385"}],"curies":[{"name":"wp","href":"https:\/\/api.w.org\/{rel}","templated":true}]}}