{"id":2650,"date":"2025-01-06T19:54:00","date_gmt":"2025-01-06T18:54:00","guid":{"rendered":"https:\/\/prueba2024.orsolinesmvarallo.org\/?page_id=2650"},"modified":"2025-03-22T15:10:43","modified_gmt":"2025-03-22T14:10:43","slug":"madre-clotilde","status":"publish","type":"page","link":"https:\/\/orsolinesmvarallo.org\/es\/madre-clotilde\/","title":{"rendered":"(chi siamo) Madre Clotilde"},"content":{"rendered":"<div data-elementor-type=\"wp-page\" data-elementor-id=\"2650\" class=\"elementor elementor-2650\" data-elementor-post-type=\"page\">\n\t\t\t\t<div class=\"elementor-element elementor-element-58ba02c e-flex e-con-boxed e-con e-parent\" data-id=\"58ba02c\" data-element_type=\"container\" data-settings=\"{&quot;background_background&quot;:&quot;classic&quot;}\">\n\t\t\t\t\t<div class=\"e-con-inner\">\n\t\t\t\t<div class=\"elementor-element elementor-element-6a9dee3 animated-slow elementor-invisible elementor-widget elementor-widget-heading\" data-id=\"6a9dee3\" data-element_type=\"widget\" data-settings=\"{&quot;_animation&quot;:&quot;fadeInDown&quot;,&quot;_animation_delay&quot;:300}\" data-widget_type=\"heading.default\">\n\t\t\t\t<div class=\"elementor-widget-container\">\n\t\t\t\t\t<h2 class=\"elementor-heading-title elementor-size-default\"><i>\"La alegr\u00eda de amar \n<br>y hacer amar a Jes\u00fas\".<\/i><\/h2>\t\t\t\t<\/div>\n\t\t\t\t<\/div>\n\t\t\t\t\t<\/div>\n\t\t\t\t<\/div>\n\t\t\t\t<section class=\"elementor-section elementor-inner-section elementor-element elementor-element-888208b elementor-section-boxed elementor-section-height-default elementor-section-height-default\" data-id=\"888208b\" data-element_type=\"section\" data-settings=\"{&quot;background_background&quot;:&quot;classic&quot;}\">\n\t\t\t\t\t\t\t<div class=\"elementor-background-overlay\"><\/div>\n\t\t\t\t\t\t\t<div class=\"elementor-container elementor-column-gap-default\">\n\t\t\t\t\t<div class=\"elementor-column elementor-col-100 elementor-inner-column elementor-element elementor-element-d2a35da\" data-id=\"d2a35da\" data-element_type=\"column\">\n\t\t\t<div class=\"elementor-widget-wrap elementor-element-populated\">\n\t\t\t\t\t\t<div class=\"elementor-element elementor-element-a5a873f animated-slow elementor-invisible elementor-widget elementor-widget-heading\" data-id=\"a5a873f\" data-element_type=\"widget\" data-settings=\"{&quot;_animation&quot;:&quot;fadeInUp&quot;}\" data-widget_type=\"heading.default\">\n\t\t\t\t<div class=\"elementor-widget-container\">\n\t\t\t\t\t<span class=\"elementor-heading-title elementor-size-default\">1851 - 1925<\/span>\t\t\t\t<\/div>\n\t\t\t\t<\/div>\n\t\t\t\t<div class=\"elementor-element elementor-element-a0eab7a animated-slow elementor-invisible elementor-widget elementor-widget-heading\" data-id=\"a0eab7a\" data-element_type=\"widget\" data-settings=\"{&quot;_animation&quot;:&quot;fadeInUp&quot;}\" data-widget_type=\"heading.default\">\n\t\t\t\t<div class=\"elementor-widget-container\">\n\t\t\t\t\t<h2 class=\"elementor-heading-title elementor-size-default\">Madre Clotilde<\/h2>\t\t\t\t<\/div>\n\t\t\t\t<\/div>\n\t\t<div class=\"elementor-element elementor-element-e69b257 e-flex e-con-boxed e-con e-parent\" data-id=\"e69b257\" data-element_type=\"container\">\n\t\t\t\t\t<div class=\"e-con-inner\">\n\t\t\t\t<div class=\"elementor-element elementor-element-63f2c1a animated-slow elementor-invisible elementor-widget elementor-widget-text-editor\" data-id=\"63f2c1a\" data-element_type=\"widget\" data-settings=\"{&quot;_animation&quot;:&quot;fadeInUp&quot;}\" data-widget_type=\"text-editor.default\">\n\t\t\t\t<div class=\"elementor-widget-container\">\n\t\t\t\t\t\t\t\t\t<p>Clotilde Verno naci\u00f3 en Scopa (fracci\u00f3n de Salterana) el 8 de diciembre de 1851, en la festividad de la Inmaculada Concepci\u00f3n. Fue bautizada el 11 de diciembre. Su padre era Pietro Verno (fallecido en 1872) y su madre, Maria Viotti (fallecida en 1878). Fue la cuarta de cinco hermanos: Rosa, Agnese, Teodora, Clotilde y Leopoldo.<\/p><p>La vida de Clotilde Verno transcurri\u00f3 en Valsesia, di\u00f3cesis de Novara, espec\u00edficamente en el municipio de Scopa, que contaba con aproximadamente 500 habitantes en la segunda mitad del siglo XIX.<\/p><p>Cuando ten\u00eda cuatro a\u00f1os, su madre recog\u00eda le\u00f1a a orillas del r\u00edo mientras la ni\u00f1a jugaba en el prado entre las flores. Las aguas del r\u00edo Sesia hab\u00edan crecido, pero ella lo cruz\u00f3 apoy\u00e1ndose en unas tablas. Durante este recorrido sinti\u00f3 miedo e invoc\u00f3 a la Virgen, recordando el oratorio de Otra, en Scopa, dedicado a la Virgen de las Nieves. Rez\u00f3 el Ave Mar\u00eda y exclam\u00f3: \"Madre, ay\u00fadame\". Apenas logr\u00f3 cruzar el r\u00edo, pudo regresar a casa sana y salva. A lo largo de su vida, siempre conmemor\u00f3 la festividad de la Virgen de las Nieves (5 de agosto).<\/p><p>Desde peque\u00f1a, recuerda el esmero de su madre por brindarle una s\u00f3lida educaci\u00f3n religiosa. En sus apuntes autobiogr\u00e1ficos menciona que se dedic\u00f3 a la caridad y colabor\u00f3 en el culto de las iglesias \"porque me parec\u00eda que as\u00ed agradaba a Jes\u00fas\". Tambi\u00e9n animaba a sus amigas a prepararse para la celebraci\u00f3n del Corpus Christi recogiendo flores en el campo. Ella misma escrib\u00eda: \"Reun\u00eda a las j\u00f3venes para animarlas a hacer el bien\".<\/p><p>A los 13 a\u00f1os hizo voto de castidad con el permiso de su confesor, don Julio Neri, descubriendo en ello una nueva alegr\u00eda: \"La felicidad que sent\u00ed entonces la sigo sintiendo y la sentir\u00e9 hasta la muerte\u2026 Mi vida deb\u00eda ser dichosa\".<\/p><p>A los 15 a\u00f1os ya era maestra titulada. Ense\u00f1\u00f3 durante cinco a\u00f1os, primero en Verzimo (1868-1872) y luego en Scopa (1872-1911). En 1911, el rey V\u00edctor Manuel le otorg\u00f3 un diploma de reconocimiento y la medalla de oro.<\/p><p>Durante m\u00e1s de cuarenta a\u00f1os de ense\u00f1anza se distingui\u00f3 por su responsabilidad, dulzura y caridad. Su propia labor como docente ya era un apostolado. Sus alumnos y amigas la ve\u00edan muchas veces orando ante el Sagrario. Tambi\u00e9n se destac\u00f3 por su generosidad con los pobres. Ella misma afirmaba: \"Disfrutaba aliviando a los pobres\".<\/p><p>Cuando en 1872 lleg\u00f3 a Scopa como p\u00e1rroco don Alfonso Chiara, se convirti\u00f3 en su director espiritual. Clotilde le expres\u00f3 su deseo de ser religiosa y misionera. Don Chiara le indic\u00f3 que su misi\u00f3n estaba en la propia Valsesia: formar en la parroquia un grupo de mujeres consagradas al apostolado. Siempre busc\u00f3 discernir la voluntad de Dios y le dijo a don Chiara: \"<strong>Si esta es la voluntad del Se\u00f1or, con gusto obedezco. \u00c9l me ayudar\u00e1\".<\/strong>En 1874 organiz\u00f3 el primer taller o escuela de trabajo femenino junto a la escuela y el hospital. No faltaron dificultades y contradicciones.<\/p><p>En 1894, la visita pastoral del obispo de Novara, Mons. Eduardo Pulciano, a la parroquia de Scopa fue providencial. Clotilde Verno, junto con su prima Estella, fue a visitarlo. Ella misma relata el encuentro: \"Nos recibi\u00f3 como un verdadero padre y nos dijo que form\u00e1ramos en el valle la Compa\u00f1\u00eda de Santa \u00c1ngela M\u00e9rici\". Tambi\u00e9n les dijo: \"Vivan en comunidad y les daremos reglas adecuadas para su vida interna. Se encargar\u00e1n de la Compa\u00f1\u00eda externa, reuniendo a las j\u00f3venes de bien que deseen pertenecer a ella\".\n\nPoco despu\u00e9s, se abri\u00f3 la primera casa filial en Carpignano, donde don Alfonso Chiara era p\u00e1rroco.<\/p><p>Encontrar una casa en Scopa fue un desaf\u00edo, debido a la oposici\u00f3n de algunos familiares y de grupos mas\u00f3nicos. Tambi\u00e9n se intent\u00f3 adquirir una casa junto al Santuario del Sacro Monte de Varallo, un lugar dedicado a la Virgen Asunta que jugar\u00eda un papel fundamental en el futuro de la Congregaci\u00f3n naciente.<\/p><p>La casa junto al Santuario fue inaugurada el 5 de agosto de 1907 (festividad de la Virgen de las Nieves) en un ambiente de pobreza y alegr\u00eda, cuando a\u00fan no se hab\u00eda terminado la reconstrucci\u00f3n. Durante las vacaciones, M. Clotilde acompa\u00f1aba a las hermanas all\u00ed, ya que durante el per\u00edodo escolar deb\u00eda permanecer en Scopa. La pobreza era una constante, pues carec\u00edan de lo esencial y el espacio era reducido.<\/p><p>A pesar de las dificultades, el obispo de Novara, Mons. Gentile, visit\u00f3 la comunidad y anim\u00f3 a Clotilde con estas palabras: \"Se\u00f1ora Maestra, an\u00edmese a trabajar por las almas... La semilla sembrada primero debe morir en la tierra, pero a su tiempo nacer\u00e1 y se convertir\u00e1 en un \u00e1rbol fuerte\".<\/p><p>Los problemas continuaron por muchos a\u00f1os, agravados por la Primera Guerra Mundial (1915-1918) y el dif\u00edcil per\u00edodo de posguerra. Las mismas hermanas colaboraban en la reconstrucci\u00f3n de la casa, llevando materiales hasta la monta\u00f1a. Para pagar las deudas y afrontar los nuevos gastos, en julio de 1923 Clotilde tuvo que vender la casa en Scopa (pueblo de Salterana) que hab\u00eda heredado de su hermana Agnese.<\/p><p>Pasaba largas horas de la noche orando ante el Sagrario. No ten\u00eda calefacci\u00f3n en su estudio y a veces bajaba a la cocina para calentarse los dedos entumecidos. Demostr\u00f3 una gran caridad con los enfermos, los pobres y las j\u00f3venes hu\u00e9rfanas, as\u00ed como con las hermanas enfermas, a quienes cuidaba personalmente.<\/p><p>En ausencia de medicamentos, Clotilde recurr\u00eda a hierbas medicinales y, m\u00e1s que con remedios, sanaba con el amor con el que serv\u00eda. Su bondad con las hermanas era bien conocida. Pero ella sol\u00eda decir: <strong>\"Esta cruz que llevamos en el pecho es signo de renuncia a todo\".<\/strong><\/p><p>Siempre ense\u00f1\u00f3 el catecismo con una pedagog\u00eda admirable. Se preocupaba por los enfermos y los pobres. Difundi\u00f3 la devoci\u00f3n al Sagrado Coraz\u00f3n de Jes\u00fas presente en la Eucarist\u00eda.\u00a0<strong>\"Hacer feliz a Jes\u00fas\"<\/strong>\u00a0era su lema apost\u00f3lico.<\/p><p>Un comunicado del 9 de mayo de 1925, ya en su lecho de muerte, resum\u00eda el carisma del Instituto:<strong>Mis hijas deben ser el apoyo de los sacerdotes y la gu\u00eda de la juventud. Este es el prop\u00f3sito de su vocaci\u00f3n<\/strong>\" (Memorias durante la enfermedad).<\/p><p>El a\u00f1o de su muerte (1925) su salud se deterior\u00f3 gravemente. Su brazo derecho temblaba intensamente. El 27 de abril sufri\u00f3 un ataque de apoplej\u00eda, seguido de una embolia cerebral. En medio de sus intensos dolores, miraba el crucifijo.<\/p><p>Recibi\u00f3 la comuni\u00f3n diariamente y pudo obtener la indulgencia del A\u00f1o Jubilar (1925). En sus \u00faltimos d\u00edas dijo: \"Estoy feliz de sufrir,\u00a0<strong>quiero ofrecer todo mi sufrimiento por el clero y la juventud<\/strong>, especialmente por nuestra querida juventud de Valsesia\" (Memorias de Sor Margherita Castellani).<\/p><p>Muri\u00f3 el 7 de junio de 1925. En 1953, sus restos, que se encontraban en la tumba de la familia Cosotti, fueron trasladados a la tumba del Instituto en el cementerio de Varallo.<\/p><p>Vivi\u00f3 como una amante de Cristo en la Eucarist\u00eda. Su vida s\u00f3lo ten\u00eda sentido en la medida en que se dedicaba a amar al Se\u00f1or y a hacerlo amar por todos.<\/p><p><span style=\"color: #303030; font-family: Raleway, sans-serif; text-align: start;\">(J. Esquerda Bifet)<\/span><\/p>\t\t\t\t\t\t\t\t<\/div>\n\t\t\t\t<\/div>\n\t\t\t\t\t<\/div>\n\t\t\t\t<\/div>\n\t\t<div class=\"elementor-element elementor-element-14e3977 e-flex e-con-boxed e-con e-parent\" data-id=\"14e3977\" data-element_type=\"container\">\n\t\t\t\t\t<div class=\"e-con-inner\">\n\t\t<div class=\"elementor-element elementor-element-bc03c49 e-grid e-con-full e-con e-child\" data-id=\"bc03c49\" data-element_type=\"container\">\n\t\t\t\t<div class=\"elementor-element elementor-element-cd05e4b elementor-invisible elementor-widget elementor-widget-text-editor\" data-id=\"cd05e4b\" data-element_type=\"widget\" data-settings=\"{&quot;_animation&quot;:&quot;fadeInUp&quot;}\" data-widget_type=\"text-editor.default\">\n\t\t\t\t<div class=\"elementor-widget-container\">\n\t\t\t\t\t\t\t\t\t<h5>Estudios y documentos<\/h5><ul><li style=\"box-sizing: inherit; color: #303030; font-family: Raleway, sans-serif;\">E. M. GENTILI S.I.,\u00a0(<em style=\"box-sizing: inherit;\">Un angelo del sacerdozio<\/em>, Imp. Domodossola, 1958. <em style=\"box-sizing: inherit;\">Un \u00e1ngel del sacerdocio, <\/em>Madrid, 1996)\u00a0<\/li><li style=\"box-sizing: inherit; color: #303030; font-family: Raleway, sans-serif;\">J. ESQUERDA BIFET,\u00a0<em style=\"box-sizing: inherit;\">La gioia feconda della speranza.\u00a0<\/em><em style=\"box-sizing: inherit;\">Madre Clotilde Verno<\/em>\u00a0(Roma, 2000) (<em style=\"box-sizing: inherit;\">El gozo fecundo de la esperanza. Madre Clotilde Verno<\/em>)<\/li><li style=\"box-sizing: inherit; color: #303030; font-family: Raleway, sans-serif;\">Documenti inediti (archivio): Memorie e testimonianze, Lettere, ecc.<\/li><\/ul>\t\t\t\t\t\t\t\t<\/div>\n\t\t\t\t<\/div>\n\t\t\t\t<div class=\"elementor-element elementor-element-df9e76c elementor-invisible elementor-widget elementor-widget-image\" data-id=\"df9e76c\" data-element_type=\"widget\" data-settings=\"{&quot;_animation&quot;:&quot;fadeInRight&quot;}\" data-widget_type=\"image.default\">\n\t\t\t\t<div class=\"elementor-widget-container\">\n\t\t\t\t\t\t\t\t\t\t\t\t\t\t\t<img fetchpriority=\"high\" decoding=\"async\" width=\"745\" height=\"1024\" src=\"https:\/\/orsolinesmvarallo.org\/wp-content\/uploads\/2025\/01\/1-745x1024.jpg\" class=\"attachment-large size-large wp-image-2465\" alt=\"\" srcset=\"https:\/\/orsolinesmvarallo.org\/wp-content\/uploads\/2025\/01\/1-745x1024.jpg 745w, https:\/\/orsolinesmvarallo.org\/wp-content\/uploads\/2025\/01\/1-600x825.jpg 600w, https:\/\/orsolinesmvarallo.org\/wp-content\/uploads\/2025\/01\/1-218x300.jpg 218w, https:\/\/orsolinesmvarallo.org\/wp-content\/uploads\/2025\/01\/1-768x1056.jpg 768w, https:\/\/orsolinesmvarallo.org\/wp-content\/uploads\/2025\/01\/1-1117x1536.jpg 1117w, https:\/\/orsolinesmvarallo.org\/wp-content\/uploads\/2025\/01\/1-9x12.jpg 9w, https:\/\/orsolinesmvarallo.org\/wp-content\/uploads\/2025\/01\/1.jpg 1276w\" sizes=\"(max-width: 745px) 100vw, 745px\" \/>\t\t\t\t\t\t\t\t\t\t\t\t\t\t\t<\/div>\n\t\t\t\t<\/div>\n\t\t\t\t<\/div>\n\t\t\t\t\t<\/div>\n\t\t\t\t<\/div>\n\t\t\t\t\t<\/div>\n\t\t<\/div>\n\t\t\t\t\t<\/div>\n\t\t<\/section>\n\t\t<div class=\"elementor-element elementor-element-5b4f19c e-flex e-con-boxed e-con e-parent\" data-id=\"5b4f19c\" data-element_type=\"container\" data-settings=\"{&quot;background_background&quot;:&quot;classic&quot;}\">\n\t\t\t\t\t<div class=\"e-con-inner\">\n\t\t\t\t\t<\/div>\n\t\t\t\t<\/div>\n\t\t\t\t<\/div>","protected":false},"excerpt":{"rendered":"<p>&#8220;La gioia di amare e far amare Ges\u00f9&#8221; 1851 &#8211; 1925 Madre Clotilde Clotilde Verno nacque a Scopa (frazione Salterana), l\u20198 dicembre 1851 (festa dell\u2019Immacolata). Fu battezzata l\u2019undici di dicembre. Suo padre era Pietro Verno (morto nel 1872) e sua madre era Maria Viotti (morta nel 1878). Era la quarta di cinque fratelli: Rosa, Agnese,&#8230;<\/p>","protected":false},"author":1,"featured_media":0,"parent":0,"menu_order":0,"comment_status":"closed","ping_status":"closed","template":"","meta":{"_eb_attr":"","_kadence_starter_templates_imported_post":false,"_kad_post_transparent":"","_kad_post_title":"hide","_kad_post_layout":"fullwidth","_kad_post_sidebar_id":"","_kad_post_content_style":"unboxed","_kad_post_vertical_padding":"hide","_kad_post_feature":"hide","_kad_post_feature_position":"","_kad_post_header":false,"_kad_post_footer":false,"footnotes":""},"class_list":["post-2650","page","type-page","status-publish","hentry"],"yoast_head":"<!-- This site is optimized with the Yoast SEO plugin v24.8.1 - https:\/\/yoast.com\/wordpress\/plugins\/seo\/ -->\n<title>(chi siamo) Madre Clotilde - OSMV<\/title>\n<meta name=\"robots\" content=\"index, follow, max-snippet:-1, max-image-preview:large, max-video-preview:-1\" \/>\n<link rel=\"canonical\" href=\"https:\/\/orsolinesmvarallo.org\/es\/madre-clotilde\/\" \/>\n<meta property=\"og:locale\" content=\"es_ES\" \/>\n<meta property=\"og:type\" content=\"article\" \/>\n<meta property=\"og:title\" content=\"(chi siamo) Madre Clotilde - OSMV\" \/>\n<meta property=\"og:description\" content=\"&#8220;La gioia di amare e far amare Ges\u00f9&#8221; 1851 &#8211; 1925 Madre Clotilde Clotilde Verno nacque a Scopa (frazione Salterana), l\u20198 dicembre 1851 (festa dell\u2019Immacolata). Fu battezzata l\u2019undici di dicembre. Suo padre era Pietro Verno (morto nel 1872) e sua madre era Maria Viotti (morta nel 1878). Era la quarta di cinque fratelli: Rosa, Agnese,...\" \/>\n<meta property=\"og:url\" content=\"https:\/\/orsolinesmvarallo.org\/es\/madre-clotilde\/\" \/>\n<meta property=\"og:site_name\" content=\"OSMV\" \/>\n<meta property=\"article:modified_time\" content=\"2025-03-22T14:10:43+00:00\" \/>\n<meta property=\"og:image\" content=\"https:\/\/orsolinesmvarallo.org\/wp-content\/uploads\/2025\/01\/1-745x1024.jpg\" \/>\n<meta name=\"twitter:card\" content=\"summary_large_image\" \/>\n<meta name=\"twitter:label1\" content=\"Tiempo de lectura\" \/>\n\t<meta name=\"twitter:data1\" content=\"6 minutos\" \/>\n<script type=\"application\/ld+json\" class=\"yoast-schema-graph\">{\"@context\":\"https:\/\/schema.org\",\"@graph\":[{\"@type\":\"WebPage\",\"@id\":\"https:\/\/orsolinesmvarallo.org\/es\/madre-clotilde\/\",\"url\":\"https:\/\/orsolinesmvarallo.org\/es\/madre-clotilde\/\",\"name\":\"(chi siamo) Madre Clotilde - OSMV\",\"isPartOf\":{\"@id\":\"https:\/\/orsolinesmvarallo.org\/es\/#website\"},\"primaryImageOfPage\":{\"@id\":\"https:\/\/orsolinesmvarallo.org\/es\/madre-clotilde\/#primaryimage\"},\"image\":{\"@id\":\"https:\/\/orsolinesmvarallo.org\/es\/madre-clotilde\/#primaryimage\"},\"thumbnailUrl\":\"https:\/\/orsolinesmvarallo.org\/wp-content\/uploads\/2025\/01\/1-745x1024.jpg\",\"datePublished\":\"2025-01-06T18:54:00+00:00\",\"dateModified\":\"2025-03-22T14:10:43+00:00\",\"breadcrumb\":{\"@id\":\"https:\/\/orsolinesmvarallo.org\/es\/madre-clotilde\/#breadcrumb\"},\"inLanguage\":\"es\",\"potentialAction\":[{\"@type\":\"ReadAction\",\"target\":[\"https:\/\/orsolinesmvarallo.org\/es\/madre-clotilde\/\"]}]},{\"@type\":\"ImageObject\",\"inLanguage\":\"es\",\"@id\":\"https:\/\/orsolinesmvarallo.org\/es\/madre-clotilde\/#primaryimage\",\"url\":\"https:\/\/orsolinesmvarallo.org\/wp-content\/uploads\/2025\/01\/1-745x1024.jpg\",\"contentUrl\":\"https:\/\/orsolinesmvarallo.org\/wp-content\/uploads\/2025\/01\/1-745x1024.jpg\"},{\"@type\":\"BreadcrumbList\",\"@id\":\"https:\/\/orsolinesmvarallo.org\/es\/madre-clotilde\/#breadcrumb\",\"itemListElement\":[{\"@type\":\"ListItem\",\"position\":1,\"name\":\"Portada\",\"item\":\"https:\/\/orsolinesmvarallo.org\/\"},{\"@type\":\"ListItem\",\"position\":2,\"name\":\"(chi siamo) Madre Clotilde\"}]},{\"@type\":\"WebSite\",\"@id\":\"https:\/\/orsolinesmvarallo.org\/es\/#website\",\"url\":\"https:\/\/orsolinesmvarallo.org\/es\/\",\"name\":\"OSMV\",\"description\":\"Suore Orsoline Sacro Monte di Varallo\",\"publisher\":{\"@id\":\"https:\/\/orsolinesmvarallo.org\/es\/#organization\"},\"potentialAction\":[{\"@type\":\"SearchAction\",\"target\":{\"@type\":\"EntryPoint\",\"urlTemplate\":\"https:\/\/orsolinesmvarallo.org\/es\/?s={search_term_string}\"},\"query-input\":{\"@type\":\"PropertyValueSpecification\",\"valueRequired\":true,\"valueName\":\"search_term_string\"}}],\"inLanguage\":\"es\"},{\"@type\":\"Organization\",\"@id\":\"https:\/\/orsolinesmvarallo.org\/es\/#organization\",\"name\":\"OSMV\",\"url\":\"https:\/\/orsolinesmvarallo.org\/es\/\",\"logo\":{\"@type\":\"ImageObject\",\"inLanguage\":\"es\",\"@id\":\"https:\/\/orsolinesmvarallo.org\/es\/#\/schema\/logo\/image\/\",\"url\":\"https:\/\/orsolinesmvarallo.org\/wp-content\/uploads\/2024\/12\/cropped-logoeuca-blanco.png\",\"contentUrl\":\"https:\/\/orsolinesmvarallo.org\/wp-content\/uploads\/2024\/12\/cropped-logoeuca-blanco.png\",\"width\":772,\"height\":742,\"caption\":\"OSMV\"},\"image\":{\"@id\":\"https:\/\/orsolinesmvarallo.org\/es\/#\/schema\/logo\/image\/\"}}]}<\/script>\n<!-- \/ Yoast SEO plugin. -->","yoast_head_json":{"title":"(chi siamo) Madre Clotilde - OSMV","robots":{"index":"index","follow":"follow","max-snippet":"max-snippet:-1","max-image-preview":"max-image-preview:large","max-video-preview":"max-video-preview:-1"},"canonical":"https:\/\/orsolinesmvarallo.org\/es\/madre-clotilde\/","og_locale":"es_ES","og_type":"article","og_title":"(chi siamo) Madre Clotilde - OSMV","og_description":"&#8220;La gioia di amare e far amare Ges\u00f9&#8221; 1851 &#8211; 1925 Madre Clotilde Clotilde Verno nacque a Scopa (frazione Salterana), l\u20198 dicembre 1851 (festa dell\u2019Immacolata). Fu battezzata l\u2019undici di dicembre. Suo padre era Pietro Verno (morto nel 1872) e sua madre era Maria Viotti (morta nel 1878). Era la quarta di cinque fratelli: Rosa, Agnese,...","og_url":"https:\/\/orsolinesmvarallo.org\/es\/madre-clotilde\/","og_site_name":"OSMV","article_modified_time":"2025-03-22T14:10:43+00:00","og_image":[{"url":"https:\/\/orsolinesmvarallo.org\/wp-content\/uploads\/2025\/01\/1-745x1024.jpg","type":"","width":"","height":""}],"twitter_card":"summary_large_image","twitter_misc":{"Tiempo de lectura":"6 minutos"},"schema":{"@context":"https:\/\/schema.org","@graph":[{"@type":"WebPage","@id":"https:\/\/orsolinesmvarallo.org\/es\/madre-clotilde\/","url":"https:\/\/orsolinesmvarallo.org\/es\/madre-clotilde\/","name":"(chi siamo) Madre Clotilde - OSMV","isPartOf":{"@id":"https:\/\/orsolinesmvarallo.org\/es\/#website"},"primaryImageOfPage":{"@id":"https:\/\/orsolinesmvarallo.org\/es\/madre-clotilde\/#primaryimage"},"image":{"@id":"https:\/\/orsolinesmvarallo.org\/es\/madre-clotilde\/#primaryimage"},"thumbnailUrl":"https:\/\/orsolinesmvarallo.org\/wp-content\/uploads\/2025\/01\/1-745x1024.jpg","datePublished":"2025-01-06T18:54:00+00:00","dateModified":"2025-03-22T14:10:43+00:00","breadcrumb":{"@id":"https:\/\/orsolinesmvarallo.org\/es\/madre-clotilde\/#breadcrumb"},"inLanguage":"es","potentialAction":[{"@type":"ReadAction","target":["https:\/\/orsolinesmvarallo.org\/es\/madre-clotilde\/"]}]},{"@type":"ImageObject","inLanguage":"es","@id":"https:\/\/orsolinesmvarallo.org\/es\/madre-clotilde\/#primaryimage","url":"https:\/\/orsolinesmvarallo.org\/wp-content\/uploads\/2025\/01\/1-745x1024.jpg","contentUrl":"https:\/\/orsolinesmvarallo.org\/wp-content\/uploads\/2025\/01\/1-745x1024.jpg"},{"@type":"BreadcrumbList","@id":"https:\/\/orsolinesmvarallo.org\/es\/madre-clotilde\/#breadcrumb","itemListElement":[{"@type":"ListItem","position":1,"name":"Portada","item":"https:\/\/orsolinesmvarallo.org\/"},{"@type":"ListItem","position":2,"name":"(chi siamo) Madre Clotilde"}]},{"@type":"WebSite","@id":"https:\/\/orsolinesmvarallo.org\/es\/#website","url":"https:\/\/orsolinesmvarallo.org\/es\/","name":"OSMV","description":"Suore Orsoline Sacro Monte di Varallo","publisher":{"@id":"https:\/\/orsolinesmvarallo.org\/es\/#organization"},"potentialAction":[{"@type":"SearchAction","target":{"@type":"EntryPoint","urlTemplate":"https:\/\/orsolinesmvarallo.org\/es\/?s={search_term_string}"},"query-input":{"@type":"PropertyValueSpecification","valueRequired":true,"valueName":"search_term_string"}}],"inLanguage":"es"},{"@type":"Organization","@id":"https:\/\/orsolinesmvarallo.org\/es\/#organization","name":"OSMV","url":"https:\/\/orsolinesmvarallo.org\/es\/","logo":{"@type":"ImageObject","inLanguage":"es","@id":"https:\/\/orsolinesmvarallo.org\/es\/#\/schema\/logo\/image\/","url":"https:\/\/orsolinesmvarallo.org\/wp-content\/uploads\/2024\/12\/cropped-logoeuca-blanco.png","contentUrl":"https:\/\/orsolinesmvarallo.org\/wp-content\/uploads\/2024\/12\/cropped-logoeuca-blanco.png","width":772,"height":742,"caption":"OSMV"},"image":{"@id":"https:\/\/orsolinesmvarallo.org\/es\/#\/schema\/logo\/image\/"}}]}},"_links":{"self":[{"href":"https:\/\/orsolinesmvarallo.org\/es\/wp-json\/wp\/v2\/pages\/2650","targetHints":{"allow":["GET"]}}],"collection":[{"href":"https:\/\/orsolinesmvarallo.org\/es\/wp-json\/wp\/v2\/pages"}],"about":[{"href":"https:\/\/orsolinesmvarallo.org\/es\/wp-json\/wp\/v2\/types\/page"}],"author":[{"embeddable":true,"href":"https:\/\/orsolinesmvarallo.org\/es\/wp-json\/wp\/v2\/users\/1"}],"replies":[{"embeddable":true,"href":"https:\/\/orsolinesmvarallo.org\/es\/wp-json\/wp\/v2\/comments?post=2650"}],"version-history":[{"count":71,"href":"https:\/\/orsolinesmvarallo.org\/es\/wp-json\/wp\/v2\/pages\/2650\/revisions"}],"predecessor-version":[{"id":6412,"href":"https:\/\/orsolinesmvarallo.org\/es\/wp-json\/wp\/v2\/pages\/2650\/revisions\/6412"}],"wp:attachment":[{"href":"https:\/\/orsolinesmvarallo.org\/es\/wp-json\/wp\/v2\/media?parent=2650"}],"curies":[{"name":"wp","href":"https:\/\/api.w.org\/{rel}","templated":true}]}}