{"id":381,"date":"2024-10-31T15:22:19","date_gmt":"2024-10-31T14:22:19","guid":{"rendered":"https:\/\/prueba2024.orsolinesmvarallo.org\/?page_id=381"},"modified":"2025-03-19T10:52:31","modified_gmt":"2025-03-19T09:52:31","slug":"don-chiara","status":"publish","type":"page","link":"https:\/\/orsolinesmvarallo.org\/es\/don-chiara\/","title":{"rendered":"(chi siamo) Don Chiara"},"content":{"rendered":"<div data-elementor-type=\"wp-page\" data-elementor-id=\"381\" class=\"elementor elementor-381\" data-elementor-post-type=\"page\">\n\t\t\t\t\t\t<section class=\"elementor-section elementor-top-section elementor-element elementor-element-6b2fad4 elementor-section-height-min-height elementor-section-boxed elementor-section-height-default elementor-section-items-middle\" data-id=\"6b2fad4\" data-element_type=\"section\" data-settings=\"{&quot;background_background&quot;:&quot;classic&quot;}\">\n\t\t\t\t\t\t\t<div class=\"elementor-background-overlay\"><\/div>\n\t\t\t\t\t\t\t<div class=\"elementor-container elementor-column-gap-default\">\n\t\t\t\t\t<div class=\"elementor-column elementor-col-100 elementor-top-column elementor-element elementor-element-ee4a63b\" data-id=\"ee4a63b\" data-element_type=\"column\">\n\t\t\t<div class=\"elementor-widget-wrap elementor-element-populated\">\n\t\t\t\t\t\t<div class=\"elementor-element elementor-element-d4fc73a animated-slow elementor-invisible elementor-widget elementor-widget-heading\" data-id=\"d4fc73a\" data-element_type=\"widget\" data-settings=\"{&quot;_animation&quot;:&quot;fadeInDown&quot;,&quot;_animation_delay&quot;:300}\" data-widget_type=\"heading.default\">\n\t\t\t\t<div class=\"elementor-widget-container\">\n\t\t\t\t\t<h3 class=\"elementor-heading-title elementor-size-default\"><i>\"Haz el bien, todo el bien, en cualquier forma que se presente\".\n<\/i><\/h3>\t\t\t\t<\/div>\n\t\t\t\t<\/div>\n\t\t\t\t\t<\/div>\n\t\t<\/div>\n\t\t\t\t\t<\/div>\n\t\t<\/section>\n\t\t\t\t<section class=\"elementor-section elementor-top-section elementor-element elementor-element-4cdd519f elementor-section-boxed elementor-section-height-default elementor-section-height-default\" data-id=\"4cdd519f\" data-element_type=\"section\" data-settings=\"{&quot;background_background&quot;:&quot;classic&quot;}\">\n\t\t\t\t\t\t\t<div class=\"elementor-background-overlay\"><\/div>\n\t\t\t\t\t\t\t<div class=\"elementor-container elementor-column-gap-default\">\n\t\t\t\t\t<div class=\"elementor-column elementor-col-100 elementor-top-column elementor-element elementor-element-3889e9a8\" data-id=\"3889e9a8\" data-element_type=\"column\">\n\t\t\t<div class=\"elementor-widget-wrap elementor-element-populated\">\n\t\t\t\t\t\t<section class=\"elementor-section elementor-inner-section elementor-element elementor-element-4f2bdad5 elementor-section-boxed elementor-section-height-default elementor-section-height-default\" data-id=\"4f2bdad5\" data-element_type=\"section\" data-settings=\"{&quot;background_background&quot;:&quot;classic&quot;}\">\n\t\t\t\t\t\t\t<div class=\"elementor-background-overlay\"><\/div>\n\t\t\t\t\t\t\t<div class=\"elementor-container elementor-column-gap-default\">\n\t\t\t\t\t<div class=\"elementor-column elementor-col-100 elementor-inner-column elementor-element elementor-element-63bb4420\" data-id=\"63bb4420\" data-element_type=\"column\">\n\t\t\t<div class=\"elementor-widget-wrap elementor-element-populated\">\n\t\t\t\t\t\t<div class=\"elementor-element elementor-element-9f917fa animated-slow elementor-invisible elementor-widget elementor-widget-heading\" data-id=\"9f917fa\" data-element_type=\"widget\" data-settings=\"{&quot;_animation&quot;:&quot;fadeInUp&quot;}\" data-widget_type=\"heading.default\">\n\t\t\t\t<div class=\"elementor-widget-container\">\n\t\t\t\t\t<span class=\"elementor-heading-title elementor-size-default\">1845 - 1925<\/span>\t\t\t\t<\/div>\n\t\t\t\t<\/div>\n\t\t\t\t<div class=\"elementor-element elementor-element-141f57ec animated-slow elementor-invisible elementor-widget elementor-widget-heading\" data-id=\"141f57ec\" data-element_type=\"widget\" data-settings=\"{&quot;_animation&quot;:&quot;fadeInUp&quot;}\" data-widget_type=\"heading.default\">\n\t\t\t\t<div class=\"elementor-widget-container\">\n\t\t\t\t\t<h2 class=\"elementor-heading-title elementor-size-default\">Don chiara<\/h2>\t\t\t\t<\/div>\n\t\t\t\t<\/div>\n\t\t\t\t<div class=\"elementor-element elementor-element-87c3338 animated-slow elementor-invisible elementor-widget elementor-widget-heading\" data-id=\"87c3338\" data-element_type=\"widget\" data-settings=\"{&quot;_animation&quot;:&quot;fadeInUp&quot;}\" data-widget_type=\"heading.default\">\n\t\t\t\t<div class=\"elementor-widget-container\">\n\t\t\t\t\t<p class=\"elementor-heading-title elementor-size-default\">Don Alfonso Maria Chiara naci\u00f3 en Varallo, en Valsesia, el 1 de septiembre de 1845, siendo el primero de diecis\u00e9is hijos de Gerolamo y Rosa Zacquini, en el seno de una familia de antigua tradici\u00f3n religiosa. La propiedad de una empresa de hilado de seda garantizaba a la familia una posici\u00f3n acomodada, y Alfonso fue inicialmente destinado a esta actividad. Sin embargo, en 1863 decidi\u00f3 ingresar en el seminario.<\/p>\t\t\t\t<\/div>\n\t\t\t\t<\/div>\n\t\t\t\t<div class=\"elementor-element elementor-element-7d662f7c animated-slow elementor-invisible elementor-widget elementor-widget-heading\" data-id=\"7d662f7c\" data-element_type=\"widget\" data-settings=\"{&quot;_animation&quot;:&quot;fadeInUp&quot;}\" data-widget_type=\"heading.default\">\n\t\t\t\t<div class=\"elementor-widget-container\">\n\t\t\t\t\t<p class=\"elementor-heading-title elementor-size-default\">Los a\u00f1os de su formaci\u00f3n coincidieron con un per\u00edodo hist\u00f3rico muy dif\u00edcil para la Iglesia y para el naciente Estado unitario italiano, cuyas leyes no estuvieron exentas de influencias de origen mas\u00f3nico. Alfonso recibi\u00f3 la ordenaci\u00f3n sacerdotal el 11 de junio de 1870, un a\u00f1o crucial en el que tuvo lugar el Concilio Vaticano I y la ca\u00edda de los Estados Pontificios, con la toma de Porta Pia el 20 de septiembre. Durante sus primeros dos a\u00f1os de ministerio, don Chiara se dedic\u00f3 a la ense\u00f1anza como maestro en Sizzano, en la baja Valsesia.<\/p>\t\t\t\t<\/div>\n\t\t\t\t<\/div>\n\t\t\t\t<div class=\"elementor-element elementor-element-7b9a3ca4 animated-slow elementor-invisible elementor-widget elementor-widget-heading\" data-id=\"7b9a3ca4\" data-element_type=\"widget\" data-settings=\"{&quot;_animation&quot;:&quot;fadeInUp&quot;}\" data-widget_type=\"heading.default\">\n\t\t\t\t<div class=\"elementor-widget-container\">\n\t\t\t\t\t<p class=\"elementor-heading-title elementor-size-default\">Durante los tres a\u00f1os siguientes, fue p\u00e1rroco de la antigua parroquia de San Bartolom\u00e9 en Scopa, donde conoci\u00f3 a la joven Clotilde Verno, convirti\u00e9ndose en su director espiritual y consejero, gui\u00e1ndola hacia la vida religiosa. Posteriormente, al ser trasladado a la cercana parroquia de Morca, tambi\u00e9n asumi\u00f3 el cargo de rector del internado San Carlo y administrador del Colegio d\u2019Adda en Varallo. Adem\u00e1s, se ocup\u00f3 de la empresa familiar, especialmente despu\u00e9s de la muerte de su padre en 1877, logrando restaurarla tras dos incendios que da\u00f1aron sus almacenes.<\/p>\t\t\t\t<\/div>\n\t\t\t\t<\/div>\n\t\t\t\t<div class=\"elementor-element elementor-element-7475c85f animated-slow elementor-invisible elementor-widget elementor-widget-heading\" data-id=\"7475c85f\" data-element_type=\"widget\" data-settings=\"{&quot;_animation&quot;:&quot;fadeInUp&quot;}\" data-widget_type=\"heading.default\">\n\t\t\t\t<div class=\"elementor-widget-container\">\n\t\t\t\t\t<p class=\"elementor-heading-title elementor-size-default\">Entre 1882 y 1891 fue p\u00e1rroco de Mercurago, cerca de Arona, donde trabaj\u00f3 arduamente en la reconstrucci\u00f3n de la iglesia parroquial, empresa que le supuso grandes sacrificios. Finalmente, en 1891 fue nombrado p\u00e1rroco de Carpignano Sesia, donde permaneci\u00f3 durante treinta y cuatro a\u00f1os hasta su fallecimiento, el 7 de noviembre de 1925, siendo enterrado en el mismo lugar. La figura de don Alfonso, adem\u00e1s de desempe\u00f1ar un papel providencial en los inicios de la Congregaci\u00f3n de las Hermanas Ursulinas del Sacro Monte de Varallo, es tambi\u00e9n significativa dentro de la historia de la Iglesia de Novara en la segunda mitad del siglo XIX.<\/p>\t\t\t\t<\/div>\n\t\t\t\t<\/div>\n\t\t\t\t<div class=\"elementor-element elementor-element-9b58d6b animated-slow elementor-invisible elementor-widget elementor-widget-heading\" data-id=\"9b58d6b\" data-element_type=\"widget\" data-settings=\"{&quot;_animation&quot;:&quot;fadeInUp&quot;}\" data-widget_type=\"heading.default\">\n\t\t\t\t<div class=\"elementor-widget-container\">\n\t\t\t\t\t<p class=\"elementor-heading-title elementor-size-default\">Don Alfonso supo vivir su vocaci\u00f3n sacerdotal en los diversos \u00e1mbitos en los que fue llamado a servir, adapt\u00e1ndose a las nuevas necesidades de la sociedad y del mundo sin comprometer la aut\u00e9ntica doctrina cat\u00f3lica. A trav\u00e9s de m\u00faltiples iniciativas de car\u00e1cter social y asistencial, expres\u00f3 su preocupaci\u00f3n por el pr\u00f3jimo y la formaci\u00f3n de una conciencia cristiana capaz de responder a la creciente difusi\u00f3n de una cultura secular y, a menudo, abiertamente anticlerical. En el \u00e1mbito cultural, trabaj\u00f3 por resaltar el significado religioso del gran complejo del Sacro Monte de Varallo, mediante publicaciones y su colaboraci\u00f3n en la edici\u00f3n del bolet\u00edn del santuario.\n\nA pesar de haber transcurrido casi un siglo desde su muerte, su memoria sigue siendo una bendici\u00f3n para las comunidades que lo tuvieron como pastor y es custodiada con gratitud por la Congregaci\u00f3n que ayud\u00f3 a fundar.<\/p>\t\t\t\t<\/div>\n\t\t\t\t<\/div>\n\t\t<div class=\"elementor-element elementor-element-ccc7197 e-flex e-con-boxed e-con e-parent\" data-id=\"ccc7197\" data-element_type=\"container\">\n\t\t\t\t\t<div class=\"e-con-inner\">\n\t\t\t\t<div class=\"elementor-element elementor-element-d3f6663 elementor-widget elementor-widget-video\" data-id=\"d3f6663\" data-element_type=\"widget\" data-settings=\"{&quot;youtube_url&quot;:&quot;https:\\\/\\\/www.youtube.com\\\/watch?v=idNZ-5mYYJc&quot;,&quot;video_type&quot;:&quot;youtube&quot;,&quot;controls&quot;:&quot;yes&quot;}\" data-widget_type=\"video.default\">\n\t\t\t\t<div class=\"elementor-widget-container\">\n\t\t\t\t\t\t\t<div class=\"elementor-wrapper elementor-open-inline\">\n\t\t\t<div class=\"elementor-video\"><\/div>\t\t<\/div>\n\t\t\t\t\t\t<\/div>\n\t\t\t\t<\/div>\n\t\t\t\t\t<\/div>\n\t\t\t\t<\/div>\n\t\t\t\t\t<\/div>\n\t\t<\/div>\n\t\t\t\t\t<\/div>\n\t\t<\/section>\n\t\t\t\t<section class=\"elementor-section elementor-inner-section elementor-element elementor-element-46982ebf elementor-section-content-middle elementor-section-boxed elementor-section-height-default elementor-section-height-default\" data-id=\"46982ebf\" data-element_type=\"section\">\n\t\t\t\t\t\t<div class=\"elementor-container elementor-column-gap-default\">\n\t\t\t\t\t<div class=\"elementor-column elementor-col-50 elementor-inner-column elementor-element elementor-element-31066ae8\" data-id=\"31066ae8\" data-element_type=\"column\">\n\t\t\t<div class=\"elementor-widget-wrap elementor-element-populated\">\n\t\t\t\t\t\t<div class=\"elementor-element elementor-element-2f81b677 animated-slow elementor-invisible elementor-widget elementor-widget-heading\" data-id=\"2f81b677\" data-element_type=\"widget\" data-settings=\"{&quot;_animation&quot;:&quot;fadeInLeft&quot;}\" data-widget_type=\"heading.default\">\n\t\t\t\t<div class=\"elementor-widget-container\">\n\t\t\t\t\t<h2 class=\"elementor-heading-title elementor-size-default\">Escritos publicados<\/h2>\t\t\t\t<\/div>\n\t\t\t\t<\/div>\n\t\t<div class=\"elementor-element elementor-element-4d2a8d6 e-flex e-con-boxed e-con e-parent\" data-id=\"4d2a8d6\" data-element_type=\"container\">\n\t\t\t\t\t<div class=\"e-con-inner\">\n\t\t\t\t<div class=\"elementor-element elementor-element-b6d8a0c elementor-widget elementor-widget-text-editor\" data-id=\"b6d8a0c\" data-element_type=\"widget\" data-widget_type=\"text-editor.default\">\n\t\t\t\t<div class=\"elementor-widget-container\">\n\t\t\t\t\t\t\t\t\t<ul><li>Dell\u2019importanza monumentale del sacro monte di Varallo: appunti per una memoria, Tipografia S. Giuseppe, Collegio Artigianelli, Torino 1883<\/li><li>In memoria di Mons. Achille G. Ruffoni, Tip. dell\u2019Assunta, Carpignano Sesia 1906<\/li><li>I manoscritti del beato Bernardino Caimi nella biblioteca civica di Como, in L\u2019Azione, n. 160, 22-24 luglio 1907<\/li><li>Le questioni di banchi in chiesa nel diritto moderno ecclesiastico civile italiano, Cantone, Novara 1907<\/li><li>Le abbazie del novarese, Tip. S. Gaudenzio, Novara 1911<\/li><li>Chiesa e Stato, Tip. S. Gaudenzio, Novara 1916<\/li><li>Pei caduti carpignanesi nell\u2019immane conflitto mondiale, 1915-1918, Tip. E. Cattaneo, Novara 1922<\/li><li>Ricordi famigliari. La produzione della seta in Valsesia e la sua lavorazione segnatamente nella famiglia Chiara a Sottoriva in Varallo Sesia, Tip. E. Cattaneo, Novara 1924<\/li><li>La chiesa prepositurale di Carpignano-Sesia, Cooperativa art. tip. Excelsior, Novara 1974<\/li><\/ul>\t\t\t\t\t\t\t\t<\/div>\n\t\t\t\t<\/div>\n\t\t\t\t\t<\/div>\n\t\t\t\t<\/div>\n\t\t\t\t\t<\/div>\n\t\t<\/div>\n\t\t\t\t<div class=\"elementor-column elementor-col-50 elementor-inner-column elementor-element elementor-element-372b26e3\" data-id=\"372b26e3\" data-element_type=\"column\">\n\t\t\t<div class=\"elementor-widget-wrap elementor-element-populated\">\n\t\t\t\t\t\t<div class=\"elementor-element elementor-element-7c5108d9 animated-slow elementor-invisible elementor-widget elementor-widget-image\" data-id=\"7c5108d9\" data-element_type=\"widget\" data-settings=\"{&quot;_animation&quot;:&quot;fadeInRight&quot;}\" data-widget_type=\"image.default\">\n\t\t\t\t<div class=\"elementor-widget-container\">\n\t\t\t\t\t\t\t\t\t\t\t\t\t\t\t<img fetchpriority=\"high\" decoding=\"async\" width=\"1276\" height=\"1755\" src=\"https:\/\/orsolinesmvarallo.org\/wp-content\/uploads\/2025\/01\/3.jpg\" class=\"attachment-full size-full wp-image-2466\" alt=\"\" srcset=\"https:\/\/orsolinesmvarallo.org\/wp-content\/uploads\/2025\/01\/3.jpg 1276w, https:\/\/orsolinesmvarallo.org\/wp-content\/uploads\/2025\/01\/3-600x825.jpg 600w, https:\/\/orsolinesmvarallo.org\/wp-content\/uploads\/2025\/01\/3-218x300.jpg 218w, https:\/\/orsolinesmvarallo.org\/wp-content\/uploads\/2025\/01\/3-745x1024.jpg 745w, https:\/\/orsolinesmvarallo.org\/wp-content\/uploads\/2025\/01\/3-768x1056.jpg 768w, https:\/\/orsolinesmvarallo.org\/wp-content\/uploads\/2025\/01\/3-1117x1536.jpg 1117w, https:\/\/orsolinesmvarallo.org\/wp-content\/uploads\/2025\/01\/3-9x12.jpg 9w\" sizes=\"(max-width: 1276px) 100vw, 1276px\" \/>\t\t\t\t\t\t\t\t\t\t\t\t\t\t\t<\/div>\n\t\t\t\t<\/div>\n\t\t\t\t\t<\/div>\n\t\t<\/div>\n\t\t\t\t\t<\/div>\n\t\t<\/section>\n\t\t\t\t\t<\/div>\n\t\t<\/div>\n\t\t\t\t\t<\/div>\n\t\t<\/section>\n\t\t\t\t<\/div>","protected":false},"excerpt":{"rendered":"<p>&#8220;Fare il bene, tutto il bene, in qualunque modo si presenti&#8221;. 1845 &#8211; 1925 Don chiara Alfonso Maria Chiara nasce a Varallo, in Valsesia, il 1\u00b0 Settembre 1845, primo di sedici figli e figlie di Gerolamo e di Rosa Zacquini, in una famiglia di antica storia e tradizione religiosa. La propriet\u00e0 di un\u2019azienda di filatura&#8230;<\/p>","protected":false},"author":1,"featured_media":0,"parent":0,"menu_order":0,"comment_status":"open","ping_status":"closed","template":"elementor_header_footer","meta":{"_eb_attr":"","_kadence_starter_templates_imported_post":false,"_kad_post_transparent":"","_kad_post_title":"","_kad_post_layout":"","_kad_post_sidebar_id":"","_kad_post_content_style":"","_kad_post_vertical_padding":"","_kad_post_feature":"","_kad_post_feature_position":"","_kad_post_header":false,"_kad_post_footer":false,"footnotes":""},"class_list":["post-381","page","type-page","status-publish","hentry"],"yoast_head":"<!-- This site is optimized with the Yoast SEO plugin v24.8.1 - https:\/\/yoast.com\/wordpress\/plugins\/seo\/ -->\n<title>(chi siamo) Don Chiara - OSMV<\/title>\n<meta name=\"robots\" content=\"index, follow, max-snippet:-1, max-image-preview:large, max-video-preview:-1\" \/>\n<link rel=\"canonical\" href=\"https:\/\/orsolinesmvarallo.org\/es\/don-chiara\/\" \/>\n<meta property=\"og:locale\" content=\"es_ES\" \/>\n<meta property=\"og:type\" content=\"article\" \/>\n<meta property=\"og:title\" content=\"(chi siamo) Don Chiara - OSMV\" \/>\n<meta property=\"og:description\" content=\"&#8220;Fare il bene, tutto il bene, in qualunque modo si presenti&#8221;. 1845 &#8211; 1925 Don chiara Alfonso Maria Chiara nasce a Varallo, in Valsesia, il 1\u00b0 Settembre 1845, primo di sedici figli e figlie di Gerolamo e di Rosa Zacquini, in una famiglia di antica storia e tradizione religiosa. La propriet\u00e0 di un\u2019azienda di filatura...\" \/>\n<meta property=\"og:url\" content=\"https:\/\/orsolinesmvarallo.org\/es\/don-chiara\/\" \/>\n<meta property=\"og:site_name\" content=\"OSMV\" \/>\n<meta property=\"article:modified_time\" content=\"2025-03-19T09:52:31+00:00\" \/>\n<meta property=\"og:image\" content=\"https:\/\/orsolinesmvarallo.org\/wp-content\/uploads\/2025\/01\/3.jpg\" \/>\n<meta name=\"twitter:card\" content=\"summary_large_image\" \/>\n<meta name=\"twitter:label1\" content=\"Tiempo de lectura\" \/>\n\t<meta name=\"twitter:data1\" content=\"3 minutos\" \/>\n<script type=\"application\/ld+json\" class=\"yoast-schema-graph\">{\"@context\":\"https:\/\/schema.org\",\"@graph\":[{\"@type\":\"WebPage\",\"@id\":\"https:\/\/orsolinesmvarallo.org\/don-chiara\/\",\"url\":\"https:\/\/orsolinesmvarallo.org\/don-chiara\/\",\"name\":\"(chi siamo) Don Chiara - OSMV\",\"isPartOf\":{\"@id\":\"https:\/\/orsolinesmvarallo.org\/es\/#website\"},\"primaryImageOfPage\":{\"@id\":\"https:\/\/orsolinesmvarallo.org\/don-chiara\/#primaryimage\"},\"image\":{\"@id\":\"https:\/\/orsolinesmvarallo.org\/don-chiara\/#primaryimage\"},\"thumbnailUrl\":\"https:\/\/orsolinesmvarallo.org\/wp-content\/uploads\/2025\/01\/3.jpg\",\"datePublished\":\"2024-10-31T14:22:19+00:00\",\"dateModified\":\"2025-03-19T09:52:31+00:00\",\"breadcrumb\":{\"@id\":\"https:\/\/orsolinesmvarallo.org\/don-chiara\/#breadcrumb\"},\"inLanguage\":\"es\",\"potentialAction\":[{\"@type\":\"ReadAction\",\"target\":[\"https:\/\/orsolinesmvarallo.org\/don-chiara\/\"]}]},{\"@type\":\"ImageObject\",\"inLanguage\":\"es\",\"@id\":\"https:\/\/orsolinesmvarallo.org\/don-chiara\/#primaryimage\",\"url\":\"https:\/\/orsolinesmvarallo.org\/wp-content\/uploads\/2025\/01\/3.jpg\",\"contentUrl\":\"https:\/\/orsolinesmvarallo.org\/wp-content\/uploads\/2025\/01\/3.jpg\"},{\"@type\":\"BreadcrumbList\",\"@id\":\"https:\/\/orsolinesmvarallo.org\/don-chiara\/#breadcrumb\",\"itemListElement\":[{\"@type\":\"ListItem\",\"position\":1,\"name\":\"Portada\",\"item\":\"https:\/\/orsolinesmvarallo.org\/\"},{\"@type\":\"ListItem\",\"position\":2,\"name\":\"(chi siamo) Don Chiara\"}]},{\"@type\":\"WebSite\",\"@id\":\"https:\/\/orsolinesmvarallo.org\/es\/#website\",\"url\":\"https:\/\/orsolinesmvarallo.org\/es\/\",\"name\":\"OSMV\",\"description\":\"Suore Orsoline Sacro Monte di Varallo\",\"publisher\":{\"@id\":\"https:\/\/orsolinesmvarallo.org\/es\/#organization\"},\"potentialAction\":[{\"@type\":\"SearchAction\",\"target\":{\"@type\":\"EntryPoint\",\"urlTemplate\":\"https:\/\/orsolinesmvarallo.org\/es\/?s={search_term_string}\"},\"query-input\":{\"@type\":\"PropertyValueSpecification\",\"valueRequired\":true,\"valueName\":\"search_term_string\"}}],\"inLanguage\":\"es\"},{\"@type\":\"Organization\",\"@id\":\"https:\/\/orsolinesmvarallo.org\/es\/#organization\",\"name\":\"OSMV\",\"url\":\"https:\/\/orsolinesmvarallo.org\/es\/\",\"logo\":{\"@type\":\"ImageObject\",\"inLanguage\":\"es\",\"@id\":\"https:\/\/orsolinesmvarallo.org\/es\/#\/schema\/logo\/image\/\",\"url\":\"https:\/\/orsolinesmvarallo.org\/wp-content\/uploads\/2024\/12\/cropped-logoeuca-blanco.png\",\"contentUrl\":\"https:\/\/orsolinesmvarallo.org\/wp-content\/uploads\/2024\/12\/cropped-logoeuca-blanco.png\",\"width\":772,\"height\":742,\"caption\":\"OSMV\"},\"image\":{\"@id\":\"https:\/\/orsolinesmvarallo.org\/es\/#\/schema\/logo\/image\/\"}}]}<\/script>\n<!-- \/ Yoast SEO plugin. -->","yoast_head_json":{"title":"(chi siamo) Don Chiara - OSMV","robots":{"index":"index","follow":"follow","max-snippet":"max-snippet:-1","max-image-preview":"max-image-preview:large","max-video-preview":"max-video-preview:-1"},"canonical":"https:\/\/orsolinesmvarallo.org\/es\/don-chiara\/","og_locale":"es_ES","og_type":"article","og_title":"(chi siamo) Don Chiara - OSMV","og_description":"&#8220;Fare il bene, tutto il bene, in qualunque modo si presenti&#8221;. 1845 &#8211; 1925 Don chiara Alfonso Maria Chiara nasce a Varallo, in Valsesia, il 1\u00b0 Settembre 1845, primo di sedici figli e figlie di Gerolamo e di Rosa Zacquini, in una famiglia di antica storia e tradizione religiosa. La propriet\u00e0 di un\u2019azienda di filatura...","og_url":"https:\/\/orsolinesmvarallo.org\/es\/don-chiara\/","og_site_name":"OSMV","article_modified_time":"2025-03-19T09:52:31+00:00","og_image":[{"url":"https:\/\/orsolinesmvarallo.org\/wp-content\/uploads\/2025\/01\/3.jpg","type":"","width":"","height":""}],"twitter_card":"summary_large_image","twitter_misc":{"Tiempo de lectura":"3 minutos"},"schema":{"@context":"https:\/\/schema.org","@graph":[{"@type":"WebPage","@id":"https:\/\/orsolinesmvarallo.org\/don-chiara\/","url":"https:\/\/orsolinesmvarallo.org\/don-chiara\/","name":"(chi siamo) Don Chiara - OSMV","isPartOf":{"@id":"https:\/\/orsolinesmvarallo.org\/es\/#website"},"primaryImageOfPage":{"@id":"https:\/\/orsolinesmvarallo.org\/don-chiara\/#primaryimage"},"image":{"@id":"https:\/\/orsolinesmvarallo.org\/don-chiara\/#primaryimage"},"thumbnailUrl":"https:\/\/orsolinesmvarallo.org\/wp-content\/uploads\/2025\/01\/3.jpg","datePublished":"2024-10-31T14:22:19+00:00","dateModified":"2025-03-19T09:52:31+00:00","breadcrumb":{"@id":"https:\/\/orsolinesmvarallo.org\/don-chiara\/#breadcrumb"},"inLanguage":"es","potentialAction":[{"@type":"ReadAction","target":["https:\/\/orsolinesmvarallo.org\/don-chiara\/"]}]},{"@type":"ImageObject","inLanguage":"es","@id":"https:\/\/orsolinesmvarallo.org\/don-chiara\/#primaryimage","url":"https:\/\/orsolinesmvarallo.org\/wp-content\/uploads\/2025\/01\/3.jpg","contentUrl":"https:\/\/orsolinesmvarallo.org\/wp-content\/uploads\/2025\/01\/3.jpg"},{"@type":"BreadcrumbList","@id":"https:\/\/orsolinesmvarallo.org\/don-chiara\/#breadcrumb","itemListElement":[{"@type":"ListItem","position":1,"name":"Portada","item":"https:\/\/orsolinesmvarallo.org\/"},{"@type":"ListItem","position":2,"name":"(chi siamo) Don Chiara"}]},{"@type":"WebSite","@id":"https:\/\/orsolinesmvarallo.org\/es\/#website","url":"https:\/\/orsolinesmvarallo.org\/es\/","name":"OSMV","description":"Suore Orsoline Sacro Monte di Varallo","publisher":{"@id":"https:\/\/orsolinesmvarallo.org\/es\/#organization"},"potentialAction":[{"@type":"SearchAction","target":{"@type":"EntryPoint","urlTemplate":"https:\/\/orsolinesmvarallo.org\/es\/?s={search_term_string}"},"query-input":{"@type":"PropertyValueSpecification","valueRequired":true,"valueName":"search_term_string"}}],"inLanguage":"es"},{"@type":"Organization","@id":"https:\/\/orsolinesmvarallo.org\/es\/#organization","name":"OSMV","url":"https:\/\/orsolinesmvarallo.org\/es\/","logo":{"@type":"ImageObject","inLanguage":"es","@id":"https:\/\/orsolinesmvarallo.org\/es\/#\/schema\/logo\/image\/","url":"https:\/\/orsolinesmvarallo.org\/wp-content\/uploads\/2024\/12\/cropped-logoeuca-blanco.png","contentUrl":"https:\/\/orsolinesmvarallo.org\/wp-content\/uploads\/2024\/12\/cropped-logoeuca-blanco.png","width":772,"height":742,"caption":"OSMV"},"image":{"@id":"https:\/\/orsolinesmvarallo.org\/es\/#\/schema\/logo\/image\/"}}]}},"_links":{"self":[{"href":"https:\/\/orsolinesmvarallo.org\/es\/wp-json\/wp\/v2\/pages\/381","targetHints":{"allow":["GET"]}}],"collection":[{"href":"https:\/\/orsolinesmvarallo.org\/es\/wp-json\/wp\/v2\/pages"}],"about":[{"href":"https:\/\/orsolinesmvarallo.org\/es\/wp-json\/wp\/v2\/types\/page"}],"author":[{"embeddable":true,"href":"https:\/\/orsolinesmvarallo.org\/es\/wp-json\/wp\/v2\/users\/1"}],"replies":[{"embeddable":true,"href":"https:\/\/orsolinesmvarallo.org\/es\/wp-json\/wp\/v2\/comments?post=381"}],"version-history":[{"count":64,"href":"https:\/\/orsolinesmvarallo.org\/es\/wp-json\/wp\/v2\/pages\/381\/revisions"}],"predecessor-version":[{"id":6327,"href":"https:\/\/orsolinesmvarallo.org\/es\/wp-json\/wp\/v2\/pages\/381\/revisions\/6327"}],"wp:attachment":[{"href":"https:\/\/orsolinesmvarallo.org\/es\/wp-json\/wp\/v2\/media?parent=381"}],"curies":[{"name":"wp","href":"https:\/\/api.w.org\/{rel}","templated":true}]}}