{"id":620,"date":"2024-12-09T18:32:54","date_gmt":"2024-12-09T17:32:54","guid":{"rendered":"https:\/\/prueba2024.orsolinesmvarallo.org\/?page_id=620"},"modified":"2025-03-10T22:05:01","modified_gmt":"2025-03-10T21:05:01","slug":"identita","status":"publish","type":"page","link":"https:\/\/orsolinesmvarallo.org\/es\/identita\/","title":{"rendered":"(chi siamo) Identit\u00e0"},"content":{"rendered":"<div data-elementor-type=\"wp-page\" data-elementor-id=\"620\" class=\"elementor elementor-620\" data-elementor-post-type=\"page\">\n\t\t\t\t<div class=\"elementor-element elementor-element-76f4fd5 e-flex e-con-boxed e-con e-parent\" data-id=\"76f4fd5\" data-element_type=\"container\" data-settings=\"{&quot;background_background&quot;:&quot;gradient&quot;}\">\n\t\t\t\t\t<div class=\"e-con-inner\">\n\t\t<div class=\"elementor-element elementor-element-6c66a5b e-con-full e-flex e-con e-child\" data-id=\"6c66a5b\" data-element_type=\"container\">\n\t\t<div class=\"elementor-element elementor-element-823f6d3 e-con-full e-flex e-con e-child\" data-id=\"823f6d3\" data-element_type=\"container\">\n\t\t\t\t<div class=\"elementor-element elementor-element-200946a elementor-widget__width-initial elementor-widget-tablet__width-initial elementor-invisible elementor-widget elementor-widget-image\" data-id=\"200946a\" data-element_type=\"widget\" data-settings=\"{&quot;_animation&quot;:&quot;fadeInRight&quot;}\" data-widget_type=\"image.default\">\n\t\t\t\t<div class=\"elementor-widget-container\">\n\t\t\t\t\t\t\t\t\t\t\t\t\t\t\t<img fetchpriority=\"high\" decoding=\"async\" width=\"866\" height=\"866\" src=\"https:\/\/orsolinesmvarallo.org\/wp-content\/uploads\/2024\/12\/logomonjita-colores.png\" class=\"attachment-large size-large wp-image-1345\" alt=\"\" srcset=\"https:\/\/orsolinesmvarallo.org\/wp-content\/uploads\/2024\/12\/logomonjita-colores.png 866w, https:\/\/orsolinesmvarallo.org\/wp-content\/uploads\/2024\/12\/logomonjita-colores-300x300.png 300w, https:\/\/orsolinesmvarallo.org\/wp-content\/uploads\/2024\/12\/logomonjita-colores-100x100.png 100w, https:\/\/orsolinesmvarallo.org\/wp-content\/uploads\/2024\/12\/logomonjita-colores-600x600.png 600w, https:\/\/orsolinesmvarallo.org\/wp-content\/uploads\/2024\/12\/logomonjita-colores-150x150.png 150w, https:\/\/orsolinesmvarallo.org\/wp-content\/uploads\/2024\/12\/logomonjita-colores-768x768.png 768w, https:\/\/orsolinesmvarallo.org\/wp-content\/uploads\/2024\/12\/logomonjita-colores-12x12.png 12w\" sizes=\"(max-width: 866px) 100vw, 866px\" \/>\t\t\t\t\t\t\t\t\t\t\t\t\t\t\t<\/div>\n\t\t\t\t<\/div>\n\t\t\t\t<\/div>\n\t\t\t\t<\/div>\n\t\t<div class=\"elementor-element elementor-element-a6e71d8 e-con-full e-flex e-con e-child\" data-id=\"a6e71d8\" data-element_type=\"container\">\n\t\t\t\t<div class=\"elementor-element elementor-element-b64108b elementor-invisible elementor-widget elementor-widget-heading\" data-id=\"b64108b\" data-element_type=\"widget\" data-settings=\"{&quot;_animation&quot;:&quot;fadeInLeft&quot;}\" data-widget_type=\"heading.default\">\n\t\t\t\t<div class=\"elementor-widget-container\">\n\t\t\t\t\t<h2 class=\"elementor-heading-title elementor-size-default\">Identidad<\/h2>\t\t\t\t<\/div>\n\t\t\t\t<\/div>\n\t\t\t\t<\/div>\n\t\t<div class=\"elementor-element elementor-element-98d5a23 e-con-full e-flex e-con e-child\" data-id=\"98d5a23\" data-element_type=\"container\">\n\t\t<div class=\"elementor-element elementor-element-277bd53 e-con-full e-flex e-con e-child\" data-id=\"277bd53\" data-element_type=\"container\" data-settings=\"{&quot;background_background&quot;:&quot;gradient&quot;}\">\n\t\t\t\t<div class=\"elementor-element elementor-element-d75af5c elementor-widget-mobile__width-inherit elementor-invisible elementor-widget elementor-widget-text-editor\" data-id=\"d75af5c\" data-element_type=\"widget\" data-settings=\"{&quot;_animation&quot;:&quot;fadeIn&quot;}\" data-widget_type=\"text-editor.default\">\n\t\t\t\t<div class=\"elementor-widget-container\">\n\t\t\t\t\t\t\t\t\t<p>Somos <strong>mujeres consagradas<\/strong> que vivimos en una <strong>familia<\/strong> <strong>religiosa<\/strong>\u00a0<span style=\"font-weight: var( --e-global-typography-text-font-weight ); letter-spacing: 0px; text-align: var(--text-align); background-color: transparent;\">cuyos fundadores son Don Alfonso Chiara y Madre Clotilde Verno.<\/span><\/p><p>Vivimos nuestra <strong>consagraci\u00f3n total a Dios<\/strong> en la iglesia <strong>en uni\u00f3n con Cristo, Sacerdote<\/strong> y V\u00edctima, para la <strong>mayor gloria de Dios<\/strong> <strong>Padre<\/strong>, por <strong>nuestra santificaci\u00f3n<\/strong> y por la <strong>salvaci\u00f3n de la humanidad<\/strong>. Imitando a Cristo, pobre, virgen y obediente, en comuni\u00f3n fraterna.<\/p><p>Siguiendo y desarrollando el carisma de nuestros fundadores, nuestro Instituto propone como objetivos espec\u00edficos:<\/p><ul><li style=\"text-align: left;\">Vivir nuestra vida de consagraci\u00f3n <strong>al servicio de Cristo en la persona del sacerdote<\/strong> y como colaboradoras en el ministerio pastoral en toda su amplitud.<\/li><li style=\"text-align: left;\">La pr\u00e1ctica fiel y amorosa de las <strong>obras de misericordia,<\/strong> principalmente a favor de los m\u00e1s pobres, enfermos, ancianos y abandonados.<\/li><li style=\"text-align: left;\">Llevar todos estos beneficios de nuestra acci\u00f3n apost\u00f3lica en <strong>tierra de misi\u00f3n<\/strong>.<\/li><\/ul><p>(Constituciones n\u00b03)<\/p>\t\t\t\t\t\t\t\t<\/div>\n\t\t\t\t<\/div>\n\t\t\t\t<\/div>\n\t\t\t\t<\/div>\n\t\t\t\t\t<\/div>\n\t\t\t\t<\/div>\n\t\t\t\t<\/div>","protected":false},"excerpt":{"rendered":"<p>Identit\u00e0 Siamo donne consacrate che vivono in una famiglia religiosa\u00a0i cui fondatori sono Don Alfonso Chiara e Madre Clotilde Verno. Viviamo la nostra consacrazione totale a Dio nella Chiesa, in unione con Cristo, Sacerdote e Vittima, per la maggior gloria di Dio Padre, per la nostra santificazione e per la salvezza dell&#8217;umanit\u00e0. Imitando Cristo, povero,&#8230;<\/p>","protected":false},"author":1,"featured_media":0,"parent":0,"menu_order":0,"comment_status":"closed","ping_status":"closed","template":"","meta":{"_eb_attr":"","_kadence_starter_templates_imported_post":false,"_kad_post_transparent":"","_kad_post_title":"hide","_kad_post_layout":"fullwidth","_kad_post_sidebar_id":"","_kad_post_content_style":"unboxed","_kad_post_vertical_padding":"default","_kad_post_feature":"","_kad_post_feature_position":"","_kad_post_header":false,"_kad_post_footer":false,"footnotes":""},"class_list":["post-620","page","type-page","status-publish","hentry"],"yoast_head":"<!-- This site is optimized with the Yoast SEO plugin v24.8.1 - https:\/\/yoast.com\/wordpress\/plugins\/seo\/ -->\n<title>(chi siamo) Identit\u00e0 - OSMV<\/title>\n<meta name=\"robots\" content=\"index, follow, max-snippet:-1, max-image-preview:large, max-video-preview:-1\" \/>\n<link rel=\"canonical\" href=\"https:\/\/orsolinesmvarallo.org\/es\/identita\/\" \/>\n<meta property=\"og:locale\" content=\"es_ES\" \/>\n<meta property=\"og:type\" content=\"article\" \/>\n<meta property=\"og:title\" content=\"(chi siamo) Identit\u00e0 - OSMV\" \/>\n<meta property=\"og:description\" content=\"Identit\u00e0 Siamo donne consacrate che vivono in una famiglia religiosa\u00a0i cui fondatori sono Don Alfonso Chiara e Madre Clotilde Verno. Viviamo la nostra consacrazione totale a Dio nella Chiesa, in unione con Cristo, Sacerdote e Vittima, per la maggior gloria di Dio Padre, per la nostra santificazione e per la salvezza dell&#8217;umanit\u00e0. Imitando Cristo, povero,...\" \/>\n<meta property=\"og:url\" content=\"https:\/\/orsolinesmvarallo.org\/es\/identita\/\" \/>\n<meta property=\"og:site_name\" content=\"OSMV\" \/>\n<meta property=\"article:modified_time\" content=\"2025-03-10T21:05:01+00:00\" \/>\n<meta property=\"og:image\" content=\"https:\/\/orsolinesmvarallo.org\/wp-content\/uploads\/2024\/12\/logomonjita-colores.png\" \/>\n<meta name=\"twitter:card\" content=\"summary_large_image\" \/>\n<meta name=\"twitter:label1\" content=\"Tiempo de lectura\" \/>\n\t<meta name=\"twitter:data1\" content=\"1 minuto\" \/>\n<script type=\"application\/ld+json\" class=\"yoast-schema-graph\">{\"@context\":\"https:\/\/schema.org\",\"@graph\":[{\"@type\":\"WebPage\",\"@id\":\"https:\/\/orsolinesmvarallo.org\/es\/identita\/\",\"url\":\"https:\/\/orsolinesmvarallo.org\/es\/identita\/\",\"name\":\"(chi siamo) Identit\u00e0 - OSMV\",\"isPartOf\":{\"@id\":\"https:\/\/orsolinesmvarallo.org\/es\/#website\"},\"primaryImageOfPage\":{\"@id\":\"https:\/\/orsolinesmvarallo.org\/es\/identita\/#primaryimage\"},\"image\":{\"@id\":\"https:\/\/orsolinesmvarallo.org\/es\/identita\/#primaryimage\"},\"thumbnailUrl\":\"https:\/\/orsolinesmvarallo.org\/wp-content\/uploads\/2024\/12\/logomonjita-colores.png\",\"datePublished\":\"2024-12-09T17:32:54+00:00\",\"dateModified\":\"2025-03-10T21:05:01+00:00\",\"breadcrumb\":{\"@id\":\"https:\/\/orsolinesmvarallo.org\/es\/identita\/#breadcrumb\"},\"inLanguage\":\"es\",\"potentialAction\":[{\"@type\":\"ReadAction\",\"target\":[\"https:\/\/orsolinesmvarallo.org\/es\/identita\/\"]}]},{\"@type\":\"ImageObject\",\"inLanguage\":\"es\",\"@id\":\"https:\/\/orsolinesmvarallo.org\/es\/identita\/#primaryimage\",\"url\":\"https:\/\/orsolinesmvarallo.org\/wp-content\/uploads\/2024\/12\/logomonjita-colores.png\",\"contentUrl\":\"https:\/\/orsolinesmvarallo.org\/wp-content\/uploads\/2024\/12\/logomonjita-colores.png\"},{\"@type\":\"BreadcrumbList\",\"@id\":\"https:\/\/orsolinesmvarallo.org\/es\/identita\/#breadcrumb\",\"itemListElement\":[{\"@type\":\"ListItem\",\"position\":1,\"name\":\"Portada\",\"item\":\"https:\/\/orsolinesmvarallo.org\/\"},{\"@type\":\"ListItem\",\"position\":2,\"name\":\"(chi siamo) Identit\u00e0\"}]},{\"@type\":\"WebSite\",\"@id\":\"https:\/\/orsolinesmvarallo.org\/es\/#website\",\"url\":\"https:\/\/orsolinesmvarallo.org\/es\/\",\"name\":\"OSMV\",\"description\":\"Suore Orsoline Sacro Monte di Varallo\",\"publisher\":{\"@id\":\"https:\/\/orsolinesmvarallo.org\/es\/#organization\"},\"potentialAction\":[{\"@type\":\"SearchAction\",\"target\":{\"@type\":\"EntryPoint\",\"urlTemplate\":\"https:\/\/orsolinesmvarallo.org\/es\/?s={search_term_string}\"},\"query-input\":{\"@type\":\"PropertyValueSpecification\",\"valueRequired\":true,\"valueName\":\"search_term_string\"}}],\"inLanguage\":\"es\"},{\"@type\":\"Organization\",\"@id\":\"https:\/\/orsolinesmvarallo.org\/es\/#organization\",\"name\":\"OSMV\",\"url\":\"https:\/\/orsolinesmvarallo.org\/es\/\",\"logo\":{\"@type\":\"ImageObject\",\"inLanguage\":\"es\",\"@id\":\"https:\/\/orsolinesmvarallo.org\/es\/#\/schema\/logo\/image\/\",\"url\":\"https:\/\/orsolinesmvarallo.org\/wp-content\/uploads\/2024\/12\/cropped-logoeuca-blanco.png\",\"contentUrl\":\"https:\/\/orsolinesmvarallo.org\/wp-content\/uploads\/2024\/12\/cropped-logoeuca-blanco.png\",\"width\":772,\"height\":742,\"caption\":\"OSMV\"},\"image\":{\"@id\":\"https:\/\/orsolinesmvarallo.org\/es\/#\/schema\/logo\/image\/\"}}]}<\/script>\n<!-- \/ Yoast SEO plugin. -->","yoast_head_json":{"title":"(chi siamo) Identit\u00e0 - OSMV","robots":{"index":"index","follow":"follow","max-snippet":"max-snippet:-1","max-image-preview":"max-image-preview:large","max-video-preview":"max-video-preview:-1"},"canonical":"https:\/\/orsolinesmvarallo.org\/es\/identita\/","og_locale":"es_ES","og_type":"article","og_title":"(chi siamo) Identit\u00e0 - OSMV","og_description":"Identit\u00e0 Siamo donne consacrate che vivono in una famiglia religiosa\u00a0i cui fondatori sono Don Alfonso Chiara e Madre Clotilde Verno. Viviamo la nostra consacrazione totale a Dio nella Chiesa, in unione con Cristo, Sacerdote e Vittima, per la maggior gloria di Dio Padre, per la nostra santificazione e per la salvezza dell&#8217;umanit\u00e0. Imitando Cristo, povero,...","og_url":"https:\/\/orsolinesmvarallo.org\/es\/identita\/","og_site_name":"OSMV","article_modified_time":"2025-03-10T21:05:01+00:00","og_image":[{"url":"https:\/\/orsolinesmvarallo.org\/wp-content\/uploads\/2024\/12\/logomonjita-colores.png","type":"","width":"","height":""}],"twitter_card":"summary_large_image","twitter_misc":{"Tiempo de lectura":"1 minuto"},"schema":{"@context":"https:\/\/schema.org","@graph":[{"@type":"WebPage","@id":"https:\/\/orsolinesmvarallo.org\/es\/identita\/","url":"https:\/\/orsolinesmvarallo.org\/es\/identita\/","name":"(chi siamo) Identit\u00e0 - OSMV","isPartOf":{"@id":"https:\/\/orsolinesmvarallo.org\/es\/#website"},"primaryImageOfPage":{"@id":"https:\/\/orsolinesmvarallo.org\/es\/identita\/#primaryimage"},"image":{"@id":"https:\/\/orsolinesmvarallo.org\/es\/identita\/#primaryimage"},"thumbnailUrl":"https:\/\/orsolinesmvarallo.org\/wp-content\/uploads\/2024\/12\/logomonjita-colores.png","datePublished":"2024-12-09T17:32:54+00:00","dateModified":"2025-03-10T21:05:01+00:00","breadcrumb":{"@id":"https:\/\/orsolinesmvarallo.org\/es\/identita\/#breadcrumb"},"inLanguage":"es","potentialAction":[{"@type":"ReadAction","target":["https:\/\/orsolinesmvarallo.org\/es\/identita\/"]}]},{"@type":"ImageObject","inLanguage":"es","@id":"https:\/\/orsolinesmvarallo.org\/es\/identita\/#primaryimage","url":"https:\/\/orsolinesmvarallo.org\/wp-content\/uploads\/2024\/12\/logomonjita-colores.png","contentUrl":"https:\/\/orsolinesmvarallo.org\/wp-content\/uploads\/2024\/12\/logomonjita-colores.png"},{"@type":"BreadcrumbList","@id":"https:\/\/orsolinesmvarallo.org\/es\/identita\/#breadcrumb","itemListElement":[{"@type":"ListItem","position":1,"name":"Portada","item":"https:\/\/orsolinesmvarallo.org\/"},{"@type":"ListItem","position":2,"name":"(chi siamo) Identit\u00e0"}]},{"@type":"WebSite","@id":"https:\/\/orsolinesmvarallo.org\/es\/#website","url":"https:\/\/orsolinesmvarallo.org\/es\/","name":"OSMV","description":"Suore Orsoline Sacro Monte di Varallo","publisher":{"@id":"https:\/\/orsolinesmvarallo.org\/es\/#organization"},"potentialAction":[{"@type":"SearchAction","target":{"@type":"EntryPoint","urlTemplate":"https:\/\/orsolinesmvarallo.org\/es\/?s={search_term_string}"},"query-input":{"@type":"PropertyValueSpecification","valueRequired":true,"valueName":"search_term_string"}}],"inLanguage":"es"},{"@type":"Organization","@id":"https:\/\/orsolinesmvarallo.org\/es\/#organization","name":"OSMV","url":"https:\/\/orsolinesmvarallo.org\/es\/","logo":{"@type":"ImageObject","inLanguage":"es","@id":"https:\/\/orsolinesmvarallo.org\/es\/#\/schema\/logo\/image\/","url":"https:\/\/orsolinesmvarallo.org\/wp-content\/uploads\/2024\/12\/cropped-logoeuca-blanco.png","contentUrl":"https:\/\/orsolinesmvarallo.org\/wp-content\/uploads\/2024\/12\/cropped-logoeuca-blanco.png","width":772,"height":742,"caption":"OSMV"},"image":{"@id":"https:\/\/orsolinesmvarallo.org\/es\/#\/schema\/logo\/image\/"}}]}},"_links":{"self":[{"href":"https:\/\/orsolinesmvarallo.org\/es\/wp-json\/wp\/v2\/pages\/620","targetHints":{"allow":["GET"]}}],"collection":[{"href":"https:\/\/orsolinesmvarallo.org\/es\/wp-json\/wp\/v2\/pages"}],"about":[{"href":"https:\/\/orsolinesmvarallo.org\/es\/wp-json\/wp\/v2\/types\/page"}],"author":[{"embeddable":true,"href":"https:\/\/orsolinesmvarallo.org\/es\/wp-json\/wp\/v2\/users\/1"}],"replies":[{"embeddable":true,"href":"https:\/\/orsolinesmvarallo.org\/es\/wp-json\/wp\/v2\/comments?post=620"}],"version-history":[{"count":78,"href":"https:\/\/orsolinesmvarallo.org\/es\/wp-json\/wp\/v2\/pages\/620\/revisions"}],"predecessor-version":[{"id":5973,"href":"https:\/\/orsolinesmvarallo.org\/es\/wp-json\/wp\/v2\/pages\/620\/revisions\/5973"}],"wp:attachment":[{"href":"https:\/\/orsolinesmvarallo.org\/es\/wp-json\/wp\/v2\/media?parent=620"}],"curies":[{"name":"wp","href":"https:\/\/api.w.org\/{rel}","templated":true}]}}