{"id":715,"date":"2024-12-10T15:41:14","date_gmt":"2024-12-10T14:41:14","guid":{"rendered":"https:\/\/prueba2024.orsolinesmvarallo.org\/?page_id=715"},"modified":"2025-03-22T15:57:23","modified_gmt":"2025-03-22T14:57:23","slug":"spiritualita","status":"publish","type":"page","link":"https:\/\/orsolinesmvarallo.org\/es\/spiritualita\/","title":{"rendered":"(chi siamo) Spiritualita"},"content":{"rendered":"<div data-elementor-type=\"wp-page\" data-elementor-id=\"715\" class=\"elementor elementor-715\" data-elementor-post-type=\"page\">\n\t\t\t\t<div class=\"elementor-element elementor-element-59729ce e-flex e-con-boxed e-con e-parent\" data-id=\"59729ce\" data-element_type=\"container\" data-settings=\"{&quot;background_background&quot;:&quot;classic&quot;}\">\n\t\t\t\t\t<div class=\"e-con-inner\">\n\t\t<div class=\"elementor-element elementor-element-4e4850a e-con-full e-flex e-con e-child\" data-id=\"4e4850a\" data-element_type=\"container\">\n\t\t<div class=\"elementor-element elementor-element-8201a5f e-flex e-con-boxed e-con e-child\" data-id=\"8201a5f\" data-element_type=\"container\">\n\t\t\t\t\t<div class=\"e-con-inner\">\n\t\t\t\t<div class=\"elementor-element elementor-element-f7cabc5 elementor-invisible elementor-widget elementor-widget-heading\" data-id=\"f7cabc5\" data-element_type=\"widget\" data-settings=\"{&quot;_animation&quot;:&quot;fadeInLeft&quot;}\" data-widget_type=\"heading.default\">\n\t\t\t\t<div class=\"elementor-widget-container\">\n\t\t\t\t\t<h2 class=\"elementor-heading-title elementor-size-default\">Espiritualidad<\/h2>\t\t\t\t<\/div>\n\t\t\t\t<\/div>\n\t\t\t\t<div class=\"elementor-element elementor-element-c9da704 elementor-invisible elementor-widget elementor-widget-text-editor\" data-id=\"c9da704\" data-element_type=\"widget\" data-settings=\"{&quot;_animation&quot;:&quot;fadeIn&quot;}\" data-widget_type=\"text-editor.default\">\n\t\t\t\t<div class=\"elementor-widget-container\">\n\t\t\t\t\t\t\t\t\t<p>Nuestra espiritualidad se inspira en <strong>Jesucristo, Sumo y Eterno Sacerdote<\/strong>, revelador del amor del Padre. Siguiendo el ejemplo de <strong>Mar\u00eda de Nazaret<\/strong>, vivimos la<strong> virtud de la Encarnaci\u00f3n,<\/strong> haciendo de cada gesto, incluso el m\u00e1s simple y oculto, un acto de misi\u00f3n y santificaci\u00f3n.<\/p>\t\t\t\t\t\t\t\t<\/div>\n\t\t\t\t<\/div>\n\t\t\t\t\t<\/div>\n\t\t\t\t<\/div>\n\t\t\t\t<\/div>\n\t\t<div class=\"elementor-element elementor-element-a3bd696 e-con-full e-flex e-con e-child\" data-id=\"a3bd696\" data-element_type=\"container\">\n\t\t\t\t<div class=\"elementor-element elementor-element-3089423 elementor-widget__width-initial elementor-widget-tablet__width-initial elementor-invisible elementor-widget elementor-widget-image\" data-id=\"3089423\" data-element_type=\"widget\" data-settings=\"{&quot;_animation&quot;:&quot;fadeInRight&quot;}\" data-widget_type=\"image.default\">\n\t\t\t\t<div class=\"elementor-widget-container\">\n\t\t\t\t\t\t\t\t\t\t\t\t\t\t\t<img fetchpriority=\"high\" decoding=\"async\" width=\"457\" height=\"542\" src=\"https:\/\/orsolinesmvarallo.org\/wp-content\/uploads\/2024\/12\/logoeuca-completoblanco-azul.png\" class=\"attachment-large size-large wp-image-1022\" alt=\"\" srcset=\"https:\/\/orsolinesmvarallo.org\/wp-content\/uploads\/2024\/12\/logoeuca-completoblanco-azul.png 457w, https:\/\/orsolinesmvarallo.org\/wp-content\/uploads\/2024\/12\/logoeuca-completoblanco-azul-253x300.png 253w, https:\/\/orsolinesmvarallo.org\/wp-content\/uploads\/2024\/12\/logoeuca-completoblanco-azul-10x12.png 10w\" sizes=\"(max-width: 457px) 100vw, 457px\" \/>\t\t\t\t\t\t\t\t\t\t\t\t\t\t\t<\/div>\n\t\t\t\t<\/div>\n\t\t\t\t<\/div>\n\t\t<div class=\"elementor-element elementor-element-11f9ebf e-con-full e-flex e-con e-child\" data-id=\"11f9ebf\" data-element_type=\"container\">\n\t\t<div class=\"elementor-element elementor-element-cd8a817 e-grid e-con-boxed e-con e-child\" data-id=\"cd8a817\" data-element_type=\"container\">\n\t\t\t\t\t<div class=\"e-con-inner\">\n\t\t\t\t<div class=\"elementor-element elementor-element-972a8b6 elementor-invisible elementor-widget elementor-widget-eael-adv-tabs\" data-id=\"972a8b6\" data-element_type=\"widget\" data-settings=\"{&quot;_animation&quot;:&quot;fadeIn&quot;}\" data-widget_type=\"eael-adv-tabs.default\">\n\t\t\t\t<div class=\"elementor-widget-container\">\n\t\t\t\t\t        <div data-scroll-on-click=\"no\" data-scroll-speed=\"300\" id=\"eael-advance-tabs-972a8b6\" class=\"eael-advance-tabs eael-tabs-vertical eael-tab-auto-active  active-caret-on\" data-tabid=\"972a8b6\">\n            <div class=\"eael-tabs-nav\">\n                <ul class=\"\" role=\"tablist\">\n                                            <li id=\"sacerdotale\" class=\"inactive eael-tab-item-trigger eael-tab-nav-item\" aria-selected=\"true\" data-tab=\"1\" role=\"tab\" tabindex=\"0\" aria-controls=\"sacerdotale-tab\" aria-expanded=\"false\">\n                            \n                            \n                            \n                                                            <span class=\"eael-tab-title title-after-icon\" >Sacerdotal<\/span>                                                    <\/li>\n                                            <li id=\"mariana\" class=\"inactive eael-tab-item-trigger eael-tab-nav-item\" aria-selected=\"false\" data-tab=\"2\" role=\"tab\" tabindex=\"-1\" aria-controls=\"mariana-tab\" aria-expanded=\"false\">\n                            \n                            \n                            \n                                                            <span class=\"eael-tab-title title-after-icon\" >Mariana<\/span>                                                    <\/li>\n                                    <\/ul>\n            <\/div>\n            \n            <div class=\"eael-tabs-content\">\n\t\t        \n                    <div id=\"sacerdotale-tab\" class=\"clearfix eael-tab-content-item inactive\" data-title-link=\"sacerdotale-tab\">\n\t\t\t\t        <h2 style=\"text-align: left;\"><img decoding=\"async\" class=\"wp-image-760 alignleft\" src=\"https:\/\/orsolinesmvarallo.org\/wp-content\/uploads\/2024\/12\/logo-uomodio-300x286.webp\" alt=\"\" width=\"103\" height=\"99\" srcset=\"https:\/\/orsolinesmvarallo.org\/wp-content\/uploads\/2024\/12\/logo-uomodio-300x286.webp 300w, https:\/\/orsolinesmvarallo.org\/wp-content\/uploads\/2024\/12\/logo-uomodio-13x12.webp 13w, https:\/\/orsolinesmvarallo.org\/wp-content\/uploads\/2024\/12\/logo-uomodio.webp 482w\" sizes=\"(max-width: 103px) 100vw, 103px\" \/>Jesucristo Dios y Hombre<\/h2><p style=\"text-align: justify;\">\u00c9l es el Revelador de Dios Padre y de Su amor por el hombre. Esta es la esencia ontol\u00f3gica de Su sacerdocio y la fuente de la que fluye el sacerdocio cristiano. El conocimiento de Jesucristo conducir\u00e1 a las Ursulinas a la cumbre de su amor y a su imitaci\u00f3n. De esta plenitud de lo Divino y de lo humano nace para la USMV la vocaci\u00f3n de colaboradora del sacerdote, portadora de Jesucristo a la humanidad.<\/p><p style=\"text-align: justify;\">Para las Ursulinas, cada palabra, cada pensamiento, cada gesto, cada actividad, todo amor, toda vida, deben comenzar y terminar en Jesucristo, el Sumo y Eterno Sacerdote. Cristo, que se hace carne en el seno de la Virgen Mar\u00eda, constituye el \"puente\" entre la tierra y el cielo. En esta uni\u00f3n entre Dios y el hombre se encarna la vida interior y el apostolado de la USMV.<\/p>                    <\/div>\n\t\t        \n                    <div id=\"mariana-tab\" class=\"clearfix eael-tab-content-item inactive\" data-title-link=\"mariana-tab\">\n\t\t\t\t        <h2 style=\"text-align: center;\">Como Mar\u00eda de Nazareth<\/h2><p style=\"text-align: justify;\">Vivimos las virtudes de la Encarnaci\u00f3n: humildad, sencillez, disponibilidad, generosidad, hospitalidad... Cada actividad, incluso la m\u00e1s peque\u00f1a, humilde y escondida, es una misi\u00f3n apost\u00f3lica y un medio de santificaci\u00f3n que vivimos con alegr\u00eda, entreg\u00e1ndonos al Se\u00f1or y a nuestros hermanos. (<em>Cost. n\u00b0 14)<\/em><\/p><p style=\"text-align: justify;\">Siguiendo a Cristo, que adora al Padre y salva a nuestros hermanos, acogemos y ponemos en pr\u00e1ctica, con Mar\u00eda, la Palabra de Dios, adhiri\u00e9ndonos como ella total y responsablemente a la voluntad divina, de modo que nuestras acciones est\u00e9n animadas por la caridad y el esp\u00edritu de servicio. (<em>Normas n\u00b0 1)<\/em><\/p><p style=\"text-align: justify;\">\u201cNuestra Se\u00f1ora repara por la noche, mientras duermo, lo que he da\u00f1ado durante el d\u00eda. Por la ma\u00f1ana todo est\u00e1 en orden y retomo con mayor fervor y alegr\u00eda\u201d. (<em>Madre Clotilde Verno)<\/em><\/p><p style=\"text-align: center;\">Su jaculatoria preferida: <strong>\"\u00a1Madre m\u00eda, confianza m\u00eda!\"<\/strong><\/p><p style=\"text-align: center;\">\u201cLa Madre Clotilde Verno amaba la humildad de Mar\u00eda que viv\u00eda en el hogar de Nazaret y la imitaba de cerca\u2026 Se propuso imitar estas tres virtudes en Mar\u00eda Sant\u00edsima:<\/p><ol><li style=\"text-align: left;\">Pureza de mente y de coraz\u00f3n;<\/li><li style=\"text-align: left;\">Obediencia absoluta a la voluntad del Padre;<\/li><li style=\"text-align: left;\">Humildad sincera y profunda.\"<br \/><div style=\"text-align: left;\">\u00a0 \u00a0 \u00a0 \u00a0 \u00a0 \u00a0(<em>Memorias de sor Angela Portigliati<\/em>)<\/div><\/li><\/ol>                    <\/div>\n\t\t                    <\/div>\n        <\/div>\n\t\t\t\t<\/div>\n\t\t\t\t<\/div>\n\t\t\t\t\t<\/div>\n\t\t\t\t<\/div>\n\t\t\t\t<\/div>\n\t\t\t\t\t<\/div>\n\t\t\t\t<\/div>\n\t\t\t\t<\/div>","protected":false},"excerpt":{"rendered":"<p>Spiritualit\u00e0 La nostra spiritualit\u00e0 si ispira a Ges\u00f9 Cristo, Sommo ed Eterno Sacerdote, rivelatore dell\u2019amore del Padre. Seguendo l\u2019esempio di Maria di Nazaret, viviamo le virt\u00f9 dell\u2019Incarnazione, facendo di ogni gesto, anche il pi\u00f9 semplice e nascosto, un atto di missione e di santificazione. Sacerdotale Mariana Ges\u00f9 Cristo Dio e Uomo \u00c8 il Rivelatore di&#8230;<\/p>","protected":false},"author":1,"featured_media":0,"parent":0,"menu_order":0,"comment_status":"closed","ping_status":"closed","template":"elementor_header_footer","meta":{"_eb_attr":"","_kadence_starter_templates_imported_post":false,"_kad_post_transparent":"","_kad_post_title":"hide","_kad_post_layout":"fullwidth","_kad_post_sidebar_id":"","_kad_post_content_style":"unboxed","_kad_post_vertical_padding":"hide","_kad_post_feature":"hide","_kad_post_feature_position":"","_kad_post_header":false,"_kad_post_footer":false,"footnotes":""},"class_list":["post-715","page","type-page","status-publish","hentry"],"yoast_head":"<!-- This site is optimized with the Yoast SEO plugin v24.8.1 - https:\/\/yoast.com\/wordpress\/plugins\/seo\/ -->\n<title>(chi siamo) Spiritualita - OSMV<\/title>\n<meta name=\"robots\" content=\"index, follow, max-snippet:-1, max-image-preview:large, max-video-preview:-1\" \/>\n<link rel=\"canonical\" href=\"https:\/\/orsolinesmvarallo.org\/es\/spiritualita\/\" \/>\n<meta property=\"og:locale\" content=\"es_ES\" \/>\n<meta property=\"og:type\" content=\"article\" \/>\n<meta property=\"og:title\" content=\"(chi siamo) Spiritualita - OSMV\" \/>\n<meta property=\"og:description\" content=\"Spiritualit\u00e0 La nostra spiritualit\u00e0 si ispira a Ges\u00f9 Cristo, Sommo ed Eterno Sacerdote, rivelatore dell\u2019amore del Padre. Seguendo l\u2019esempio di Maria di Nazaret, viviamo le virt\u00f9 dell\u2019Incarnazione, facendo di ogni gesto, anche il pi\u00f9 semplice e nascosto, un atto di missione e di santificazione. Sacerdotale Mariana Ges\u00f9 Cristo Dio e Uomo \u00c8 il Rivelatore di...\" \/>\n<meta property=\"og:url\" content=\"https:\/\/orsolinesmvarallo.org\/es\/spiritualita\/\" \/>\n<meta property=\"og:site_name\" content=\"OSMV\" \/>\n<meta property=\"article:modified_time\" content=\"2025-03-22T14:57:23+00:00\" \/>\n<meta property=\"og:image\" content=\"https:\/\/orsolinesmvarallo.org\/wp-content\/uploads\/2024\/12\/logoeuca-completoblanco-azul.png\" \/>\n<meta name=\"twitter:card\" content=\"summary_large_image\" \/>\n<meta name=\"twitter:label1\" content=\"Tiempo de lectura\" \/>\n\t<meta name=\"twitter:data1\" content=\"2 minutos\" \/>\n<script type=\"application\/ld+json\" class=\"yoast-schema-graph\">{\"@context\":\"https:\/\/schema.org\",\"@graph\":[{\"@type\":\"WebPage\",\"@id\":\"https:\/\/orsolinesmvarallo.org\/es\/spiritualita\/\",\"url\":\"https:\/\/orsolinesmvarallo.org\/es\/spiritualita\/\",\"name\":\"(chi siamo) Spiritualita - OSMV\",\"isPartOf\":{\"@id\":\"https:\/\/orsolinesmvarallo.org\/es\/#website\"},\"primaryImageOfPage\":{\"@id\":\"https:\/\/orsolinesmvarallo.org\/es\/spiritualita\/#primaryimage\"},\"image\":{\"@id\":\"https:\/\/orsolinesmvarallo.org\/es\/spiritualita\/#primaryimage\"},\"thumbnailUrl\":\"https:\/\/orsolinesmvarallo.org\/wp-content\/uploads\/2024\/12\/logoeuca-completoblanco-azul.png\",\"datePublished\":\"2024-12-10T14:41:14+00:00\",\"dateModified\":\"2025-03-22T14:57:23+00:00\",\"breadcrumb\":{\"@id\":\"https:\/\/orsolinesmvarallo.org\/es\/spiritualita\/#breadcrumb\"},\"inLanguage\":\"es\",\"potentialAction\":[{\"@type\":\"ReadAction\",\"target\":[\"https:\/\/orsolinesmvarallo.org\/es\/spiritualita\/\"]}]},{\"@type\":\"ImageObject\",\"inLanguage\":\"es\",\"@id\":\"https:\/\/orsolinesmvarallo.org\/es\/spiritualita\/#primaryimage\",\"url\":\"https:\/\/orsolinesmvarallo.org\/wp-content\/uploads\/2024\/12\/logoeuca-completoblanco-azul.png\",\"contentUrl\":\"https:\/\/orsolinesmvarallo.org\/wp-content\/uploads\/2024\/12\/logoeuca-completoblanco-azul.png\"},{\"@type\":\"BreadcrumbList\",\"@id\":\"https:\/\/orsolinesmvarallo.org\/es\/spiritualita\/#breadcrumb\",\"itemListElement\":[{\"@type\":\"ListItem\",\"position\":1,\"name\":\"Portada\",\"item\":\"https:\/\/orsolinesmvarallo.org\/\"},{\"@type\":\"ListItem\",\"position\":2,\"name\":\"(chi siamo) Spiritualita\"}]},{\"@type\":\"WebSite\",\"@id\":\"https:\/\/orsolinesmvarallo.org\/es\/#website\",\"url\":\"https:\/\/orsolinesmvarallo.org\/es\/\",\"name\":\"OSMV\",\"description\":\"Suore Orsoline Sacro Monte di Varallo\",\"publisher\":{\"@id\":\"https:\/\/orsolinesmvarallo.org\/es\/#organization\"},\"potentialAction\":[{\"@type\":\"SearchAction\",\"target\":{\"@type\":\"EntryPoint\",\"urlTemplate\":\"https:\/\/orsolinesmvarallo.org\/es\/?s={search_term_string}\"},\"query-input\":{\"@type\":\"PropertyValueSpecification\",\"valueRequired\":true,\"valueName\":\"search_term_string\"}}],\"inLanguage\":\"es\"},{\"@type\":\"Organization\",\"@id\":\"https:\/\/orsolinesmvarallo.org\/es\/#organization\",\"name\":\"OSMV\",\"url\":\"https:\/\/orsolinesmvarallo.org\/es\/\",\"logo\":{\"@type\":\"ImageObject\",\"inLanguage\":\"es\",\"@id\":\"https:\/\/orsolinesmvarallo.org\/es\/#\/schema\/logo\/image\/\",\"url\":\"https:\/\/orsolinesmvarallo.org\/wp-content\/uploads\/2024\/12\/cropped-logoeuca-blanco.png\",\"contentUrl\":\"https:\/\/orsolinesmvarallo.org\/wp-content\/uploads\/2024\/12\/cropped-logoeuca-blanco.png\",\"width\":772,\"height\":742,\"caption\":\"OSMV\"},\"image\":{\"@id\":\"https:\/\/orsolinesmvarallo.org\/es\/#\/schema\/logo\/image\/\"}}]}<\/script>\n<!-- \/ Yoast SEO plugin. -->","yoast_head_json":{"title":"(chi siamo) Spiritualita - OSMV","robots":{"index":"index","follow":"follow","max-snippet":"max-snippet:-1","max-image-preview":"max-image-preview:large","max-video-preview":"max-video-preview:-1"},"canonical":"https:\/\/orsolinesmvarallo.org\/es\/spiritualita\/","og_locale":"es_ES","og_type":"article","og_title":"(chi siamo) Spiritualita - OSMV","og_description":"Spiritualit\u00e0 La nostra spiritualit\u00e0 si ispira a Ges\u00f9 Cristo, Sommo ed Eterno Sacerdote, rivelatore dell\u2019amore del Padre. Seguendo l\u2019esempio di Maria di Nazaret, viviamo le virt\u00f9 dell\u2019Incarnazione, facendo di ogni gesto, anche il pi\u00f9 semplice e nascosto, un atto di missione e di santificazione. Sacerdotale Mariana Ges\u00f9 Cristo Dio e Uomo \u00c8 il Rivelatore di...","og_url":"https:\/\/orsolinesmvarallo.org\/es\/spiritualita\/","og_site_name":"OSMV","article_modified_time":"2025-03-22T14:57:23+00:00","og_image":[{"url":"https:\/\/orsolinesmvarallo.org\/wp-content\/uploads\/2024\/12\/logoeuca-completoblanco-azul.png","type":"","width":"","height":""}],"twitter_card":"summary_large_image","twitter_misc":{"Tiempo de lectura":"2 minutos"},"schema":{"@context":"https:\/\/schema.org","@graph":[{"@type":"WebPage","@id":"https:\/\/orsolinesmvarallo.org\/es\/spiritualita\/","url":"https:\/\/orsolinesmvarallo.org\/es\/spiritualita\/","name":"(chi siamo) Spiritualita - OSMV","isPartOf":{"@id":"https:\/\/orsolinesmvarallo.org\/es\/#website"},"primaryImageOfPage":{"@id":"https:\/\/orsolinesmvarallo.org\/es\/spiritualita\/#primaryimage"},"image":{"@id":"https:\/\/orsolinesmvarallo.org\/es\/spiritualita\/#primaryimage"},"thumbnailUrl":"https:\/\/orsolinesmvarallo.org\/wp-content\/uploads\/2024\/12\/logoeuca-completoblanco-azul.png","datePublished":"2024-12-10T14:41:14+00:00","dateModified":"2025-03-22T14:57:23+00:00","breadcrumb":{"@id":"https:\/\/orsolinesmvarallo.org\/es\/spiritualita\/#breadcrumb"},"inLanguage":"es","potentialAction":[{"@type":"ReadAction","target":["https:\/\/orsolinesmvarallo.org\/es\/spiritualita\/"]}]},{"@type":"ImageObject","inLanguage":"es","@id":"https:\/\/orsolinesmvarallo.org\/es\/spiritualita\/#primaryimage","url":"https:\/\/orsolinesmvarallo.org\/wp-content\/uploads\/2024\/12\/logoeuca-completoblanco-azul.png","contentUrl":"https:\/\/orsolinesmvarallo.org\/wp-content\/uploads\/2024\/12\/logoeuca-completoblanco-azul.png"},{"@type":"BreadcrumbList","@id":"https:\/\/orsolinesmvarallo.org\/es\/spiritualita\/#breadcrumb","itemListElement":[{"@type":"ListItem","position":1,"name":"Portada","item":"https:\/\/orsolinesmvarallo.org\/"},{"@type":"ListItem","position":2,"name":"(chi siamo) Spiritualita"}]},{"@type":"WebSite","@id":"https:\/\/orsolinesmvarallo.org\/es\/#website","url":"https:\/\/orsolinesmvarallo.org\/es\/","name":"OSMV","description":"Suore Orsoline Sacro Monte di Varallo","publisher":{"@id":"https:\/\/orsolinesmvarallo.org\/es\/#organization"},"potentialAction":[{"@type":"SearchAction","target":{"@type":"EntryPoint","urlTemplate":"https:\/\/orsolinesmvarallo.org\/es\/?s={search_term_string}"},"query-input":{"@type":"PropertyValueSpecification","valueRequired":true,"valueName":"search_term_string"}}],"inLanguage":"es"},{"@type":"Organization","@id":"https:\/\/orsolinesmvarallo.org\/es\/#organization","name":"OSMV","url":"https:\/\/orsolinesmvarallo.org\/es\/","logo":{"@type":"ImageObject","inLanguage":"es","@id":"https:\/\/orsolinesmvarallo.org\/es\/#\/schema\/logo\/image\/","url":"https:\/\/orsolinesmvarallo.org\/wp-content\/uploads\/2024\/12\/cropped-logoeuca-blanco.png","contentUrl":"https:\/\/orsolinesmvarallo.org\/wp-content\/uploads\/2024\/12\/cropped-logoeuca-blanco.png","width":772,"height":742,"caption":"OSMV"},"image":{"@id":"https:\/\/orsolinesmvarallo.org\/es\/#\/schema\/logo\/image\/"}}]}},"_links":{"self":[{"href":"https:\/\/orsolinesmvarallo.org\/es\/wp-json\/wp\/v2\/pages\/715","targetHints":{"allow":["GET"]}}],"collection":[{"href":"https:\/\/orsolinesmvarallo.org\/es\/wp-json\/wp\/v2\/pages"}],"about":[{"href":"https:\/\/orsolinesmvarallo.org\/es\/wp-json\/wp\/v2\/types\/page"}],"author":[{"embeddable":true,"href":"https:\/\/orsolinesmvarallo.org\/es\/wp-json\/wp\/v2\/users\/1"}],"replies":[{"embeddable":true,"href":"https:\/\/orsolinesmvarallo.org\/es\/wp-json\/wp\/v2\/comments?post=715"}],"version-history":[{"count":442,"href":"https:\/\/orsolinesmvarallo.org\/es\/wp-json\/wp\/v2\/pages\/715\/revisions"}],"predecessor-version":[{"id":6436,"href":"https:\/\/orsolinesmvarallo.org\/es\/wp-json\/wp\/v2\/pages\/715\/revisions\/6436"}],"wp:attachment":[{"href":"https:\/\/orsolinesmvarallo.org\/es\/wp-json\/wp\/v2\/media?parent=715"}],"curies":[{"name":"wp","href":"https:\/\/api.w.org\/{rel}","templated":true}]}}